{"id":488,"date":"2019-10-15T18:32:16","date_gmt":"2019-10-15T16:32:16","guid":{"rendered":"https:\/\/www.grupoargraf.com\/inicio\/"},"modified":"2026-03-30T16:06:54","modified_gmt":"2026-03-30T14:06:54","slug":"inicio","status":"publish","type":"page","link":"https:\/\/www.grupoargraf.com\/fr\/","title":{"rendered":"grupo ARGRAF"},"content":{"rendered":"<div class=\"wpb-content-wrapper\"><p>[vc_row][vc_column][vc_row_inner][vc_column_inner width=\u00a0\u00bb1\/4&Prime;][\/vc_column_inner][vc_column_inner width=\u00a0\u00bb1\/2&Prime;][vc_column_text]<\/p>\n<h1 style=\"text-align: center;\"><span class=\"negrita\">Grupo<\/span><strong><span class=\"negrita\"> ARGRAF<\/span><\/strong><\/h1>\n<div class=\"ini2\" style=\"text-align: center;\">Sp\u00e9cialiste espagnol de la <a href=\"https:\/\/www.grupoargraf.com\/fr\/catalogue\/etiquettes-alimentaires\/\">fabrication d\u2019\u00e9tiquettes alimentaires<\/a>, le Groupe Argraf est leader absolu si nous parlons d\u2019<a href=\"https:\/\/www.grupoargraf.com\/fr\/catalogue\/etiquettes-vin-et-cava\/\">\u00e9tiquettes pour bouteilles de vin<\/a>. Avec 900 millions de flacons portant la marque du Groupe Argraf, notre ambition reste toujours intacte : am\u00e9liorer les \u00e9tiquettes existantes sur le march\u00e9 et parvenir \u00e0 ce qu\u2019elles se distinguent des autres. Pour cela, nous travaillons sans rel\u00e2che sur la qualit\u00e9, la pr\u00e9sentation et l\u2019innovation afin que nos clients puissent atteindre leur grand objectif: vendre.<\/div>\n<p>[\/vc_column_text][\/vc_column_inner][vc_column_inner width=\u00a0\u00bb1\/4&Prime;][\/vc_column_inner][\/vc_row_inner][vc_row_inner][vc_column_inner][vc_empty_space height=\u00a0\u00bb20px\u00a0\u00bb][\/vc_column_inner][\/vc_row_inner][vc_row_inner][vc_column_inner width=\u00a0\u00bb1\/5&Prime;][vc_single_image image=\u00a0\u00bb531&Prime; img_size=\u00a0\u00bbfull\u00a0\u00bb alignment=\u00a0\u00bbcenter\u00a0\u00bb onclick=\u00a0\u00bbcustom_link\u00a0\u00bb css_animation=\u00a0\u00bbslideInUp\u00a0\u00bb image_hovers=\u00a0\u00bbfalse\u00a0\u00bb link=\u00a0\u00bbhttps:\/\/www.grupoargraf.com\/fr\/argraf\/histoire\/\u00a0\u00bb][vc_column_text]<\/p>\n<h2 class=\"h2-small\" style=\"text-align: center;\"><a href=\"https:\/\/www.grupoargraf.com\/fr\/argraf\/histoire\/\">Histoire<\/a><\/h2>\n<p style=\"text-align: center;\">1939, Lucio Torroba commence sa trajectoire dans les arts graphiques<\/p>\n<p>[\/vc_column_text][\/vc_column_inner][vc_column_inner width=\u00a0\u00bb1\/5&Prime;][vc_single_image image=\u00a0\u00bb6678&Prime; img_size=\u00a0\u00bblarge\u00a0\u00bb alignment=\u00a0\u00bbcenter\u00a0\u00bb onclick=\u00a0\u00bbcustom_link\u00a0\u00bb css_animation=\u00a0\u00bbslideInUp\u00a0\u00bb image_hovers=\u00a0\u00bbfalse\u00a0\u00bb link=\u00a0\u00bbhttps:\/\/www.grupoargraf.com\/fr\/argraf\/installations-et-technologie\/\u00a0\u00bb][vc_column_text]<\/p>\n<h2 class=\"h2-small\" style=\"text-align: center;\"><a href=\"https:\/\/www.grupoargraf.com\/fr\/argraf\/installations-et-technologie\/\">Technologie<\/a><\/h2>\n<p style=\"text-align: center;\">Investissements continus en R&amp;D&amp;i pour offrir les meilleurs r\u00e9sultats d\u2019impression<\/p>\n<p>[\/vc_column_text][\/vc_column_inner][vc_column_inner width=\u00a0\u00bb1\/5&Prime;][vc_single_image image=\u00a0\u00bb6673&Prime; img_size=\u00a0\u00bblarge\u00a0\u00bb alignment=\u00a0\u00bbcenter\u00a0\u00bb onclick=\u00a0\u00bbcustom_link\u00a0\u00bb css_animation=\u00a0\u00bbslideInUp\u00a0\u00bb image_hovers=\u00a0\u00bbfalse\u00a0\u00bb link=\u00a0\u00bbhttps:\/\/www.grupoargraf.com\/fr\/services\/\u00a0\u00bb][vc_column_text]<\/p>\n<h2 class=\"h2-small\" style=\"text-align: center;\"><a href=\"https:\/\/www.grupoargraf.com\/fr\/services\/\">Services<\/a><\/h2>\n<p style=\"text-align: center;\">Un service global \u00e0 360\u00ba : conseil en design, impression et finitions<\/p>\n<p>[\/vc_column_text][\/vc_column_inner][vc_column_inner width=\u00a0\u00bb1\/5&Prime;][vc_single_image image=\u00a0\u00bb6670&Prime; img_size=\u00a0\u00bblarge\u00a0\u00bb alignment=\u00a0\u00bbcenter\u00a0\u00bb onclick=\u00a0\u00bbcustom_link\u00a0\u00bb css_animation=\u00a0\u00bbslideInUp\u00a0\u00bb image_hovers=\u00a0\u00bbfalse\u00a0\u00bb link=\u00a0\u00bbhttps:\/\/www.grupoargraf.com\/fr\/argraf\/ualite-et-environnement\/\u00a0\u00bb][vc_column_text]<\/p>\n<h2 class=\"h2-small\" style=\"text-align: center;\"><a href=\"https:\/\/www.grupoargraf.com\/fr\/argraf\/ualite-et-environnement\/\">Qualit\u00e9<\/a><\/h2>\n<p style=\"text-align: center;\">Conformit\u00e9 absolue aux exigences r\u00e9glementaires et aux sp\u00e9cifications de nos clients<\/p>\n<p>[\/vc_column_text][\/vc_column_inner][vc_column_inner width=\u00a0\u00bb1\/5&Prime;][vc_single_image image=\u00a0\u00bb6667&Prime; img_size=\u00a0\u00bblarge\u00a0\u00bb alignment=\u00a0\u00bbcenter\u00a0\u00bb onclick=\u00a0\u00bbcustom_link\u00a0\u00bb css_animation=\u00a0\u00bbslideInUp\u00a0\u00bb image_hovers=\u00a0\u00bbfalse\u00a0\u00bb link=\u00a0\u00bbhttps:\/\/www.grupoargraf.com\/fr\/argraf\/ualite-et-environnement\/\u00a0\u00bb][vc_column_text]<\/p>\n<h2 class=\"h2-small\" style=\"text-align: center;\"><a href=\"https:\/\/www.grupoargraf.com\/fr\/argraf\/ualite-et-environnement\/\">Environnement<\/a><\/h2>\n<p style=\"text-align: center;\">Un management efficace pour r\u00e9duire au maximum les impacts environnementaux n\u00e9gatifs<\/p>\n<p>[\/vc_column_text][\/vc_column_inner][\/vc_row_inner][vc_row_inner][vc_column_inner][vc_separator border_width=\u00a0\u00bb2&Prime;][\/vc_column_inner][\/vc_row_inner][\/vc_column][\/vc_row][vc_row][vc_column][vc_row_inner][vc_column_inner width=\u00a0\u00bb1\/3&Prime;][\/vc_column_inner][vc_column_inner width=\u00a0\u00bb1\/3&Prime;][vc_column_text]<\/p>\n<h3 style=\"text-align: center;\"><strong>R\u00e9alisations remarquables<\/strong><\/h3>\n<p style=\"text-align: center;\">Entrez dans notre <a href=\"https:\/\/www.grupoargraf.com\/fr\/catalogue\/\">catalogue<\/a> de r\u00e9alisations et v\u00e9rifiez notre capacit\u00e9 de production et la qualit\u00e9 de nos finitions.<\/p>\n<p>[\/vc_column_text][\/vc_column_inner][vc_column_inner width=\u00a0\u00bb1\/3&Prime;][\/vc_column_inner][\/vc_row_inner][vc_row_inner][vc_column_inner]<div class=\"dt-shortcode with-isotope\"><div class=\"wf-container dt-portfolio-shortcode jgrid-shortcode loading-effect-none iso-grid jg-container description-on-hover hover-style-two hover-fade content-align-centre\" data-padding=\"10px\" data-cur-page=\"1\" data-posts-per-page=\"-1\" data-target-height=\"400px\">\n<div class=\"wf-cell\" data-post-id=\"9174\" data-date=\"2025-09-10T09:50:20+02:00\" data-name=\"Perelada Stars Cava\">\n<article class=\"post post-9174 dt_portfolio type-dt_portfolio status-publish has-post-thumbnail hentry dt_portfolio_category-alimentation dt_portfolio_category-relief dt_portfolio_category-20 dt_portfolio_category-32 text-centered\">\n\n\t<figure class=\"rollover-project forward-post\">\n\t<a href=\"https:\/\/www.grupoargraf.com\/fr\/projet\/perelada-stars-cava\/\" class=\"rollover layzr-bg\" title=\"Etiqueta de aceite de oliva Picual\"  aria-label=\"Post image\"><img fetchpriority=\"high\" decoding=\"async\" class=\"preload-me jgrid-lazy-load aspect\" src=\"data:image\/svg+xml,%3Csvg%20xmlns%3D&#39;http%3A%2F%2Fwww.w3.org%2F2000%2Fsvg&#39;%20viewBox%3D&#39;0%200%20780%20520&#39;%2F%3E\" data-src=\"https:\/\/www.grupoargraf.com\/wp-content\/uploads\/2025\/09\/picual-aceite-oliva-780x520.jpg\" data-srcset=\"https:\/\/www.grupoargraf.com\/wp-content\/uploads\/2025\/09\/picual-aceite-oliva-780x520.jpg 780w, https:\/\/www.grupoargraf.com\/wp-content\/uploads\/2025\/09\/picual-aceite-oliva.jpg 1350w\" loading=\"eager\" style=\"--ratio: 780 \/ 520\" sizes=\"(max-width: 780px) 100vw, 780px\" alt=\"Etiqueta de aceite de oliva Picual\" width=\"780\" height=\"520\"  \/><\/a>\t<\/figure>\n<\/article>\n\n<\/div>\n<div class=\"wf-cell\" data-post-id=\"8840\" data-date=\"2025-07-03T15:06:29+02:00\" data-name=\"Javier Sanz Viticultor\">\n<article class=\"post post-8840 dt_portfolio type-dt_portfolio status-publish has-post-thumbnail hentry dt_portfolio_category-estampillage dt_portfolio_category-relief dt_portfolio_category-serigraphie dt_portfolio_category-345 dt_portfolio_category-32 dt_portfolio_category-36 text-centered\">\n\n\t<figure class=\"rollover-project forward-post\">\n\t<a href=\"https:\/\/www.grupoargraf.com\/fr\/projet\/etiquette-de-vin-javier-sanz-viticultor\/\" class=\"rollover layzr-bg\" title=\"etiqueta-javier-sanz-3\"  aria-label=\"Post image\"><img decoding=\"async\" class=\"preload-me jgrid-lazy-load aspect\" src=\"data:image\/svg+xml,%3Csvg%20xmlns%3D&#39;http%3A%2F%2Fwww.w3.org%2F2000%2Fsvg&#39;%20viewBox%3D&#39;0%200%20416%20520&#39;%2F%3E\" data-src=\"https:\/\/www.grupoargraf.com\/wp-content\/uploads\/2025\/07\/etiqueta-javier-sanz-3-416x520.jpg\" data-srcset=\"https:\/\/www.grupoargraf.com\/wp-content\/uploads\/2025\/07\/etiqueta-javier-sanz-3-416x520.jpg 416w, https:\/\/www.grupoargraf.com\/wp-content\/uploads\/2025\/07\/etiqueta-javier-sanz-3.jpg 640w\" loading=\"eager\" style=\"--ratio: 416 \/ 520\" sizes=\"(max-width: 416px) 100vw, 416px\" alt=\"Etiqueta vino Javier Sanz\" width=\"416\" height=\"520\"  \/><\/a>\t<\/figure>\n<\/article>\n\n<\/div>\n<div class=\"wf-cell\" data-post-id=\"9081\" data-date=\"2025-08-25T15:41:03+02:00\" data-name=\"Bidai Berri de Vi\u00f1a Zorzal\">\n<article class=\"post post-9081 dt_portfolio type-dt_portfolio status-publish has-post-thumbnail hentry dt_portfolio_category-relieve-inverso-fr dt_portfolio_category-relief-serigraphique dt_portfolio_category-serigraphie dt_portfolio_category-vernis-serigraphique dt_portfolio_category-239 dt_portfolio_category-34 dt_portfolio_category-36 dt_portfolio_category-349 text-centered\">\n\n\t<figure class=\"rollover-project forward-post\">\n\t<a href=\"https:\/\/www.grupoargraf.com\/fr\/projet\/bidai-berri-de-vina-zorzal\/\" class=\"rollover layzr-bg\" title=\"Bidai Berri de Vi\u00f1a Zorzal\"  aria-label=\"Post image\"><img decoding=\"async\" class=\"preload-me jgrid-lazy-load aspect\" src=\"data:image\/svg+xml,%3Csvg%20xmlns%3D&#39;http%3A%2F%2Fwww.w3.org%2F2000%2Fsvg&#39;%20viewBox%3D&#39;0%200%20390%20520&#39;%2F%3E\" data-src=\"https:\/\/www.grupoargraf.com\/wp-content\/uploads\/2025\/08\/Bidai-Berri-de-Vina-Zorzal-390x520.png\" data-srcset=\"https:\/\/www.grupoargraf.com\/wp-content\/uploads\/2025\/08\/Bidai-Berri-de-Vina-Zorzal-390x520.png 390w, https:\/\/www.grupoargraf.com\/wp-content\/uploads\/2025\/08\/Bidai-Berri-de-Vina-Zorzal-780x1040.png 780w\" loading=\"eager\" style=\"--ratio: 390 \/ 520\" sizes=\"(max-width: 390px) 100vw, 390px\" alt=\"\" width=\"390\" height=\"520\"  \/><\/a>\t<\/figure>\n<\/article>\n\n<\/div>\n<div class=\"wf-cell\" data-post-id=\"8842\" data-date=\"2025-07-03T15:08:52+02:00\" data-name=\"Gran Marius\">\n<article class=\"post post-8842 dt_portfolio type-dt_portfolio status-publish has-post-thumbnail hentry dt_portfolio_category-estampillage dt_portfolio_category-relief dt_portfolio_category-345 dt_portfolio_category-32 text-centered\">\n\n\t<figure class=\"rollover-project forward-post\">\n\t<a href=\"https:\/\/www.grupoargraf.com\/fr\/projet\/etiquette-de-vin-gran-marius\/\" class=\"rollover layzr-bg\" title=\"etiqueta-gran-marius-2\"  aria-label=\"Post image\"><img decoding=\"async\" class=\"preload-me jgrid-lazy-load aspect\" src=\"data:image\/svg+xml,%3Csvg%20xmlns%3D&#39;http%3A%2F%2Fwww.w3.org%2F2000%2Fsvg&#39;%20viewBox%3D&#39;0%200%20416%20520&#39;%2F%3E\" data-src=\"https:\/\/www.grupoargraf.com\/wp-content\/uploads\/2025\/07\/etiqueta-gran-marius-2-416x520.jpg\" data-srcset=\"https:\/\/www.grupoargraf.com\/wp-content\/uploads\/2025\/07\/etiqueta-gran-marius-2-416x520.jpg 416w, https:\/\/www.grupoargraf.com\/wp-content\/uploads\/2025\/07\/etiqueta-gran-marius-2-832x1040.jpg 832w\" loading=\"eager\" style=\"--ratio: 416 \/ 520\" sizes=\"(max-width: 416px) 100vw, 416px\" alt=\"Etiqueta vino reserva Gran Marius\" width=\"416\" height=\"520\"  \/><\/a>\t<\/figure>\n<\/article>\n\n<\/div>\n<div class=\"wf-cell\" data-post-id=\"8844\" data-date=\"2025-07-03T15:10:41+02:00\" data-name=\"La Cova Negra\">\n<article class=\"post post-8844 dt_portfolio type-dt_portfolio status-publish has-post-thumbnail hentry dt_portfolio_category-estampillage dt_portfolio_category-serigraphie dt_portfolio_category-345 dt_portfolio_category-36 text-centered\">\n\n\t<figure class=\"rollover-project forward-post\">\n\t<a href=\"https:\/\/www.grupoargraf.com\/fr\/projet\/etiquette-du-vin-la-cova-negra\/\" class=\"rollover layzr-bg\" title=\"etiqueta-la-cova-negra\"  aria-label=\"Post image\"><img decoding=\"async\" class=\"preload-me jgrid-lazy-load aspect\" src=\"data:image\/svg+xml,%3Csvg%20xmlns%3D&#39;http%3A%2F%2Fwww.w3.org%2F2000%2Fsvg&#39;%20viewBox%3D&#39;0%200%20416%20520&#39;%2F%3E\" data-src=\"https:\/\/www.grupoargraf.com\/wp-content\/uploads\/2025\/07\/etiqueta-la-cova-negra-416x520.jpg\" data-srcset=\"https:\/\/www.grupoargraf.com\/wp-content\/uploads\/2025\/07\/etiqueta-la-cova-negra-416x520.jpg 416w, https:\/\/www.grupoargraf.com\/wp-content\/uploads\/2025\/07\/etiqueta-la-cova-negra-832x1040.jpg 832w\" loading=\"eager\" style=\"--ratio: 416 \/ 520\" sizes=\"(max-width: 416px) 100vw, 416px\" alt=\"Etiqueta vino La Cova Negra\" width=\"416\" height=\"520\"  \/><\/a>\t<\/figure>\n<\/article>\n\n<\/div>\n<div class=\"wf-cell\" data-post-id=\"8846\" data-date=\"2025-07-03T15:13:50+02:00\" data-name=\"Lecciones de Vuelo\">\n<article class=\"post post-8846 dt_portfolio type-dt_portfolio status-publish has-post-thumbnail hentry dt_portfolio_category-estampillage dt_portfolio_category-quadrichromie dt_portfolio_category-relief-cloue dt_portfolio_category-345 dt_portfolio_category-24 dt_portfolio_category-235 text-centered\">\n\n\t<figure class=\"rollover-project forward-post\">\n\t<a href=\"https:\/\/www.grupoargraf.com\/fr\/projet\/etiquette-de-vin-flying-lessons\/\" class=\"rollover layzr-bg\" title=\"etiqueta-lecciones-de-vuelo\"  aria-label=\"Post image\"><img decoding=\"async\" class=\"preload-me jgrid-lazy-load aspect\" src=\"data:image\/svg+xml,%3Csvg%20xmlns%3D&#39;http%3A%2F%2Fwww.w3.org%2F2000%2Fsvg&#39;%20viewBox%3D&#39;0%200%20416%20520&#39;%2F%3E\" data-src=\"https:\/\/www.grupoargraf.com\/wp-content\/uploads\/2025\/07\/etiqueta-lecciones-de-vuelo-416x520.jpg\" data-srcset=\"https:\/\/www.grupoargraf.com\/wp-content\/uploads\/2025\/07\/etiqueta-lecciones-de-vuelo-416x520.jpg 416w, https:\/\/www.grupoargraf.com\/wp-content\/uploads\/2025\/07\/etiqueta-lecciones-de-vuelo-832x1040.jpg 832w\" loading=\"eager\" style=\"--ratio: 416 \/ 520\" sizes=\"(max-width: 416px) 100vw, 416px\" alt=\"Etiqueta vino Lecciones de Vuelo\" width=\"416\" height=\"520\"  \/><\/a>\t<\/figure>\n<\/article>\n\n<\/div><\/div><\/div>[\/vc_column_inner][\/vc_row_inner][vc_row_inner][vc_column_inner][vc_empty_space height=\u00a0\u00bb40px\u00a0\u00bb][\/vc_column_inner][\/vc_row_inner][\/vc_column][\/vc_row][vc_row css=\u00a0\u00bb.vc_custom_1774879734235{margin-top: 3rem !important;margin-bottom: 3rem !important;padding-right: 2rem !important;padding-left: 2rem !important;background-color: #FFF855 !important;}\u00a0\u00bb][vc_column width=\u00a0\u00bb1\/2&Prime;][vc_column_text css=\u00a0\u00bb\u00a0\u00bb]<\/p>\n<h2>D\u00e9couvrez Industrializarte<\/h2>\n<h3>lorsque la cr\u00e9ativit\u00e9 du design rencontre la puissance de l&rsquo;industrie<\/h3>\n<p>&nbsp;<\/p>\n<p>IndustrializArte a \u00e9t\u00e9 cr\u00e9\u00e9 dans le but de mettre en place un <strong>\u00e9cosyst\u00e8me collaboratif o\u00f9 le talent cr\u00e9atif et l&rsquo;expertise industrielle<\/strong> parlent d&rsquo;une m\u00eame voix.<\/p>\n<p>&nbsp;<\/p>\n<p>Cette initiative repose sur une id\u00e9e simple mais puissante : <strong>lorsque la cr\u00e9ativit\u00e9, le savoir-faire technique et la technologie sont int\u00e9gr\u00e9s<\/strong> d\u00e8s le d\u00e9but du processus, le r\u00e9sultat d\u00e9passe le cadre de la production conventionnelle et devient une <strong>v\u00e9ritable expression de valeur artistique et d&rsquo;innovation<\/strong>.[\/vc_column_text][vc_btn title=\u00a0\u00bbQu&rsquo;est-ce qu&rsquo;IndustrializArte ?\u00a0\u00bb color=\u00a0\u00bbblack\u00a0\u00bb align=\u00a0\u00bbleft\u00a0\u00bb css=\u00a0\u00bb.vc_custom_1774879659228{padding-top: 3rem !important;padding-right: 2rem !important;padding-left: 2rem !important;}\u00a0\u00bb link=\u00a0\u00bburl:https%3A%2F%2Fwww.grupoargraf.com%2Ffr%2Findustrializarte%2F|title:IndustrializArte\u00a0\u00bb][\/vc_column][vc_column width=\u00a0\u00bb1\/2&Prime;][vc_single_image image=\u00a0\u00bb9630&Prime; img_size=\u00a0\u00bblarge\u00a0\u00bb css=\u00a0\u00bb\u00a0\u00bb][\/vc_column][\/vc_row][vc_row full_width=\u00a0\u00bbstretch_row_content_no_spaces\u00a0\u00bb gap=\u00a0\u00bb20&Prime; bg_type=\u00a0\u00bbbg_color\u00a0\u00bb bg_color_value=\u00a0\u00bb#282828&Prime; css=\u00a0\u00bb.vc_custom_1571852152432{padding-right: 20px !important;padding-left: 20px !important;}\u00a0\u00bb][vc_column][vc_row_inner][vc_column_inner][vc_column_text]<\/p>\n<h2 style=\"text-align: center;\"><span style=\"color: #ffffff;\"><strong>Informations<\/strong><\/span><\/h2>\n<p>[\/vc_column_text]<style type=\"text\/css\" data-type=\"the7_shortcodes-inline-css\">.blog-carousel-shortcode.blog-carousel-shortcode-id-a8a18c811e13b31a5062120ab9e628aa.dividers-on.classic-layout-list article {\n  padding-top: 0;\n}\n.blog-carousel-shortcode.blog-carousel-shortcode-id-a8a18c811e13b31a5062120ab9e628aa.dividers-on.classic-layout-list article:first-of-type {\n  margin-top: 0;\n  padding-top: 0;\n}\n.blog-carousel-shortcode.blog-carousel-shortcode-id-a8a18c811e13b31a5062120ab9e628aa.classic-layout-list.mode-list .post-entry-content {\n  width: calc(100% - );\n}\n.blog-carousel-shortcode.blog-carousel-shortcode-id-a8a18c811e13b31a5062120ab9e628aa.classic-layout-list.mode-list .no-img .post-entry-content {\n  width: 100%;\n}\n.blog-carousel-shortcode.blog-carousel-shortcode-id-a8a18c811e13b31a5062120ab9e628aa .filter-bg-decoration .filter-categories a.act {\n  color: #fff;\n}\n.blog-carousel-shortcode.blog-carousel-shortcode-id-a8a18c811e13b31a5062120ab9e628aa:not(.mode-masonry) article:first-of-type,\n.blog-carousel-shortcode.blog-carousel-shortcode-id-a8a18c811e13b31a5062120ab9e628aa:not(.mode-masonry) article.visible.first:not(.product) {\n  margin-top: 0;\n}\n.blog-carousel-shortcode.blog-carousel-shortcode-id-a8a18c811e13b31a5062120ab9e628aa.dividers-on:not(.mode-masonry) article {\n  margin-top: 0;\n}\n.blog-carousel-shortcode.blog-carousel-shortcode-id-a8a18c811e13b31a5062120ab9e628aa.dividers-on:not(.mode-masonry) article:first-of-type,\n.blog-carousel-shortcode.blog-carousel-shortcode-id-a8a18c811e13b31a5062120ab9e628aa.dividers-on:not(.mode-masonry) article.visible.first:not(.product) {\n  margin-top: 0;\n  padding-top: 0;\n}\n.blog-carousel-shortcode.blog-carousel-shortcode-id-a8a18c811e13b31a5062120ab9e628aa .post-thumbnail-wrap {\n  padding: 0px 0px 0px 0px;\n}\n.blog-carousel-shortcode.blog-carousel-shortcode-id-a8a18c811e13b31a5062120ab9e628aa.enable-bg-rollover .post-thumbnail-rollover:after {\n  background: -webkit-linear-gradient();\n  background: linear-gradient();\n}\n.blog-carousel-shortcode.blog-carousel-shortcode-id-a8a18c811e13b31a5062120ab9e628aa .gallery-zoom-ico {\n  width: 44px;\n  height: 44px;\n  line-height: 44px;\n  border-radius: 100px;\n  margin: -22px 0 0 -22px;\n  border-width: 0px;\n  color: #ffffff;\n  background: none;\n}\n.bottom-overlap-layout-list.blog-carousel-shortcode.blog-carousel-shortcode-id-a8a18c811e13b31a5062120ab9e628aa .gallery-zoom-ico {\n  margin-top: -72px;\n}\n.gradient-overlay-layout-list.blog-carousel-shortcode.blog-carousel-shortcode-id-a8a18c811e13b31a5062120ab9e628aa .gallery-zoom-ico,\n.content-rollover-layout-list.blog-carousel-shortcode.blog-carousel-shortcode-id-a8a18c811e13b31a5062120ab9e628aa .gallery-zoom-ico {\n  margin: 0 0 10px;\n}\n.content-align-center.gradient-overlay-layout-list.blog-carousel-shortcode.blog-carousel-shortcode-id-a8a18c811e13b31a5062120ab9e628aa .gallery-zoom-ico,\n.content-align-center.content-rollover-layout-list.blog-carousel-shortcode.blog-carousel-shortcode-id-a8a18c811e13b31a5062120ab9e628aa .gallery-zoom-ico {\n  margin: 0 auto 10px;\n}\n.dt-icon-bg-on.blog-carousel-shortcode.blog-carousel-shortcode-id-a8a18c811e13b31a5062120ab9e628aa .gallery-zoom-ico {\n  background: rgba(255,255,255,0.3);\n  box-shadow: none;\n}\n.blog-carousel-shortcode.blog-carousel-shortcode-id-a8a18c811e13b31a5062120ab9e628aa .gallery-zoom-ico > span,\n.blog-carousel-shortcode.blog-carousel-shortcode-id-a8a18c811e13b31a5062120ab9e628aa .gallery-zoom-ico:before {\n  font-size: 32px;\n  line-height: 44px;\n}\n.blog-carousel-shortcode.blog-carousel-shortcode-id-a8a18c811e13b31a5062120ab9e628aa .gallery-zoom-ico > span,\n.blog-carousel-shortcode.blog-carousel-shortcode-id-a8a18c811e13b31a5062120ab9e628aa .gallery-zoom-ico:before {\n  color: #ffffff;\n  background: none;\n}\n.blog-carousel-shortcode.blog-carousel-shortcode-id-a8a18c811e13b31a5062120ab9e628aa .entry-title,\n.blog-carousel-shortcode.blog-carousel-shortcode-id-a8a18c811e13b31a5062120ab9e628aa.owl-carousel .entry-title {\n  margin-bottom: 5px;\n  font-weight: bold;\n}\n.blog-carousel-shortcode.blog-carousel-shortcode-id-a8a18c811e13b31a5062120ab9e628aa .entry-title a,\n.blog-carousel-shortcode.blog-carousel-shortcode-id-a8a18c811e13b31a5062120ab9e628aa.owl-carousel .entry-title a {\n  color: #020202;\n  background: none;\n}\n.blog-carousel-shortcode.blog-carousel-shortcode-id-a8a18c811e13b31a5062120ab9e628aa .entry-meta {\n  margin-bottom: 15px;\n}\n.blog-carousel-shortcode.blog-carousel-shortcode-id-a8a18c811e13b31a5062120ab9e628aa .portfolio-categories {\n  margin-bottom: 15px;\n}\n.blog-carousel-shortcode.blog-carousel-shortcode-id-a8a18c811e13b31a5062120ab9e628aa .entry-excerpt {\n  margin-bottom: 5px;\n}\n.blog-carousel-shortcode.blog-carousel-shortcode-id-a8a18c811e13b31a5062120ab9e628aa:not(.centered-layout-list) .post-entry-content {\n  padding: 15px 20px 20px 20px;\n}\n.blog-carousel-shortcode.blog-carousel-shortcode-id-a8a18c811e13b31a5062120ab9e628aa:not(.centered-layout-list):not(.content-bg-on):not(.mode-list) .no-img .post-entry-content {\n  padding: 0;\n}\n.blog-carousel-shortcode.blog-carousel-shortcode-id-a8a18c811e13b31a5062120ab9e628aa .post-details.details-type-link,\n.blog-carousel-shortcode.blog-carousel-shortcode-id-a8a18c811e13b31a5062120ab9e628aa .post-details.details-type-link * {\n  color: #020202;\n  background: none;\n}\n@media screen and (max-width: ) {\n  .blog-carousel-shortcode.blog-carousel-shortcode-id-a8a18c811e13b31a5062120ab9e628aa article {\n    -ms-flex-flow: column nowrap;\n    flex-flow: column nowrap;\n    margin-top: 20px;\n  }\n  .blog-carousel-shortcode.blog-carousel-shortcode-id-a8a18c811e13b31a5062120ab9e628aa.dividers-on article {\n    border: none;\n  }\n  .blog-carousel-shortcode.blog-carousel-shortcode-id-a8a18c811e13b31a5062120ab9e628aa.content-bg-on.centered-layout-list article {\n    padding: 0;\n  }\n  .blog-carousel-shortcode.blog-carousel-shortcode-id-a8a18c811e13b31a5062120ab9e628aa.blog-shortcode.dividers-on article,\n  .blog-carousel-shortcode.blog-carousel-shortcode-id-a8a18c811e13b31a5062120ab9e628aa.dividers-on.classic-layout-list article {\n    margin-top: 20px;\n    padding: 0;\n  }\n  .blog-carousel-shortcode.blog-carousel-shortcode-id-a8a18c811e13b31a5062120ab9e628aa.blog-shortcode.dividers-on article:first-of-type,\n  .blog-carousel-shortcode.blog-carousel-shortcode-id-a8a18c811e13b31a5062120ab9e628aa.dividers-on.classic-layout-list article:first-of-type {\n    padding: 0;\n  }\n  #page .blog-carousel-shortcode.blog-carousel-shortcode-id-a8a18c811e13b31a5062120ab9e628aa .post-thumbnail-wrap,\n  #page .blog-carousel-shortcode.blog-carousel-shortcode-id-a8a18c811e13b31a5062120ab9e628aa .post-entry-content {\n    width: 100%;\n    margin: 0;\n    top: 0;\n  }\n  #page .blog-carousel-shortcode.blog-carousel-shortcode-id-a8a18c811e13b31a5062120ab9e628aa .post-thumbnail-wrap {\n    padding: 0;\n  }\n  #page .blog-carousel-shortcode.blog-carousel-shortcode-id-a8a18c811e13b31a5062120ab9e628aa .post-entry-content:after {\n    display: none;\n  }\n  #page .blog-carousel-shortcode.blog-carousel-shortcode-id-a8a18c811e13b31a5062120ab9e628aa .project-even .post-thumbnail-wrap,\n  #page .blog-carousel-shortcode.blog-carousel-shortcode-id-a8a18c811e13b31a5062120ab9e628aa.centered-layout-list .post-thumbnail-wrap {\n    -ms-flex-order: 0;\n    order: 0;\n  }\n  #page .blog-carousel-shortcode.blog-carousel-shortcode-id-a8a18c811e13b31a5062120ab9e628aa.centered-layout-list .post-entry-title-content {\n    -ms-flex-order: 1;\n    order: 1;\n    width: 100%;\n    padding: 20px 20px 0;\n  }\n  #page .blog-carousel-shortcode.blog-carousel-shortcode-id-a8a18c811e13b31a5062120ab9e628aa.centered-layout-list .post-entry-content {\n    -ms-flex-order: 2;\n    order: 2;\n    padding-top: 0;\n  }\n  #page .blog-carousel-shortcode.blog-carousel-shortcode-id-a8a18c811e13b31a5062120ab9e628aa .fancy-categories {\n    top: 10px;\n    left: 10px;\n    bottom: auto;\n    right: auto;\n  }\n  #page .blog-carousel-shortcode.blog-carousel-shortcode-id-a8a18c811e13b31a5062120ab9e628aa .fancy-date a {\n    top: 10px;\n    right: 10px;\n    left: auto;\n    bottom: auto;\n  }\n  #page .blog-carousel-shortcode.blog-carousel-shortcode-id-a8a18c811e13b31a5062120ab9e628aa .post-entry-content {\n    padding: 20px;\n  }\n  #page .blog-carousel-shortcode.blog-carousel-shortcode-id-a8a18c811e13b31a5062120ab9e628aa .entry-title {\n    margin: 3px 0 5px;\n    font-size: 20px;\n    line-height: 26px;\n  }\n  #page .blog-carousel-shortcode.blog-carousel-shortcode-id-a8a18c811e13b31a5062120ab9e628aa .entry-meta {\n    margin: 5px 0 5px;\n  }\n  #page .blog-carousel-shortcode.blog-carousel-shortcode-id-a8a18c811e13b31a5062120ab9e628aa .entry-excerpt {\n    margin: 15px 0 0;\n  }\n  #page .blog-carousel-shortcode.blog-carousel-shortcode-id-a8a18c811e13b31a5062120ab9e628aa .post-details {\n    margin: 5px 0 10px;\n  }\n  #page .blog-carousel-shortcode.blog-carousel-shortcode-id-a8a18c811e13b31a5062120ab9e628aa .post-details.details-type-link {\n    margin-bottom: 2px;\n  }\n}\n.blog-carousel-shortcode.blog-carousel-shortcode-id-a8a18c811e13b31a5062120ab9e628aa.owl-carousel .owl-nav div {\n  width: 36px;\n  height: 36px;\n  border-radius: 500px;\n}\n.dt-arrow-border-on.blog-carousel-shortcode.blog-carousel-shortcode-id-a8a18c811e13b31a5062120ab9e628aa.owl-carousel .owl-nav div:not(:hover):before {\n  border-width: 0px;\n}\n.dt-arrow-hover-border-on.blog-carousel-shortcode.blog-carousel-shortcode-id-a8a18c811e13b31a5062120ab9e628aa.owl-carousel .owl-nav div:hover:after {\n  border-width: 0px;\n}\n.blog-carousel-shortcode.blog-carousel-shortcode-id-a8a18c811e13b31a5062120ab9e628aa.owl-carousel .owl-nav div.owl-prev {\n  top: 50%;\n  transform: translateY(calc(-50% + 0px));\n  left: -43px;\n}\n@media all and (-ms-high-contrast: none) {\n  .blog-carousel-shortcode.blog-carousel-shortcode-id-a8a18c811e13b31a5062120ab9e628aa.owl-carousel .owl-nav div.owl-prev {\n    transform: translateY(-50%);\n    margin-top: 0px;\n  }\n}\n.blog-carousel-shortcode.blog-carousel-shortcode-id-a8a18c811e13b31a5062120ab9e628aa.owl-carousel .owl-nav div.owl-prev i {\n  padding: 0px 0px 0px 0px;\n}\n.blog-carousel-shortcode.blog-carousel-shortcode-id-a8a18c811e13b31a5062120ab9e628aa.owl-carousel .owl-nav div.owl-next {\n  top: 50%;\n  transform: translateY(calc(-50% + 0px));\n  right: -43px;\n}\n@media all and (-ms-high-contrast: none) {\n  .blog-carousel-shortcode.blog-carousel-shortcode-id-a8a18c811e13b31a5062120ab9e628aa.owl-carousel .owl-nav div.owl-next {\n    transform: translateY(-50%);\n    margin-top: 0px;\n  }\n}\n.blog-carousel-shortcode.blog-carousel-shortcode-id-a8a18c811e13b31a5062120ab9e628aa.owl-carousel .owl-nav div.owl-next i {\n  padding: 0px 0px 0px 0px;\n}\n.blog-carousel-shortcode.blog-carousel-shortcode-id-a8a18c811e13b31a5062120ab9e628aa.owl-carousel .owl-nav i {\n  font-size: 18px;\n}\n.blog-carousel-shortcode.blog-carousel-shortcode-id-a8a18c811e13b31a5062120ab9e628aa.owl-carousel .owl-nav div:not(:hover) i,\n.blog-carousel-shortcode.blog-carousel-shortcode-id-a8a18c811e13b31a5062120ab9e628aa.owl-carousel .owl-nav div:not(:hover) i:before {\n  color: #ffffff;\n  background: none;\n}\n.blog-carousel-shortcode.blog-carousel-shortcode-id-a8a18c811e13b31a5062120ab9e628aa.owl-carousel .owl-nav div:hover i,\n.blog-carousel-shortcode.blog-carousel-shortcode-id-a8a18c811e13b31a5062120ab9e628aa.owl-carousel .owl-nav div:hover i:before {\n  color: rgba(255,255,255,0.75);\n  background: none;\n}\n.blog-carousel-shortcode.blog-carousel-shortcode-id-a8a18c811e13b31a5062120ab9e628aa .owl-dots {\n  top: calc(100% + 20px);\n  left: 50%;\n  transform: translateX(calc(-50% + 0px));\n}\n@media all and (-ms-high-contrast: none) {\n  .blog-carousel-shortcode.blog-carousel-shortcode-id-a8a18c811e13b31a5062120ab9e628aa .owl-dots {\n    transform: translateX(-50%);\n    margin-left: 0px;\n  }\n}\n.blog-carousel-shortcode.blog-carousel-shortcode-id-a8a18c811e13b31a5062120ab9e628aa .owl-dot {\n  width: 10px;\n  height: 10px;\n  margin: 0 8px;\n}\n@media screen and (max-width: 778px) {\n  .blog-carousel-shortcode.blog-carousel-shortcode-id-a8a18c811e13b31a5062120ab9e628aa.hide-arrows .owl-nav a {\n    display: none;\n  }\n}\n@media screen and (max-width: 778px) {\n  .blog-carousel-shortcode.blog-carousel-shortcode-id-a8a18c811e13b31a5062120ab9e628aa.reposition-arrows .owl-nav div.owl-prev {\n    top: 50%;\n    transform: translateY(calc(-50% + 0px));\n    left: 10px;\n  }\n  .blog-carousel-shortcode.blog-carousel-shortcode-id-a8a18c811e13b31a5062120ab9e628aa.reposition-arrows .owl-nav div.owl-next {\n    top: 50%;\n    transform: translateY(calc(-50% + 0px));\n    right: 10px;\n  }\n}\n@media screen and (max-width: 778px) and all and (-ms-high-contrast: none) {\n  .blog-carousel-shortcode.blog-carousel-shortcode-id-a8a18c811e13b31a5062120ab9e628aa.reposition-arrows .owl-nav div.owl-prev {\n    transform: translateY(-50%);\n    margin-top: 0px;\n  }\n}\n@media screen and (max-width: 778px) and all and (-ms-high-contrast: none) {\n  .blog-carousel-shortcode.blog-carousel-shortcode-id-a8a18c811e13b31a5062120ab9e628aa.reposition-arrows .owl-nav div.owl-next {\n    transform: translateY(-50%);\n    margin-top: 0px;\n  }\n}<\/style><div class=\"owl-carousel blog-carousel-shortcode dt-owl-carousel-call blog-carousel-shortcode-id-a8a18c811e13b31a5062120ab9e628aa classic-layout-list content-bg-on scale-img dt-icon-bg-off dt-arrow-border-on dt-arrow-hover-border-on bullets-small-dot-stroke reposition-arrows arrows-bg-on disable-arrows-hover-bg arrows-hover-bg-on  \" data-scroll-mode=\"1\" data-col-num=\"3\" data-wide-col-num=\"4\" data-laptop-col=\"3\" data-h-tablet-columns-num=\"3\" data-v-tablet-columns-num=\"2\" data-phone-columns-num=\"1\" data-auto-height=\"true\" data-col-gap=\"30\" data-stage-padding=\"0\" data-speed=\"600\" data-autoplay=\"false\" data-autoplay_speed=\"6000\" data-arrows=\"false\" data-bullet=\"false\" data-next-icon=\"icon-ar-017-r\" data-prev-icon=\"icon-ar-017-l\"><article class=\"post post-9655 type-post status-publish format-standard has-post-thumbnail hentry category-arts-graphiques tag-designers-graphiques tag-sans-limites-a-votre-creativite category-329\" data-name=\"7e \u00e9dition de \u00ab Sin l\u00edmites a tu creatividad 2026 \u00bb \u00e0 Valence : innovation et design\" data-date=\"2026-04-07T13:20:45+02:00\">\n\n<div class=\"post-thumbnail-wrap\">\n\t<div class=\"post-thumbnail\">\n\t\t\n\t\t\n\t\t<a href=\"https:\/\/www.grupoargraf.com\/fr\/7a-edicion-sin-limites-a-tu-creatividad-2026-en-valencia-innovacion-y-diseno\/\" class=\"post-thumbnail-rollover layzr-bg\" ><img decoding=\"async\" class=\"preload-me owl-lazy-load aspect\" src=\"data:image\/svg+xml,%3Csvg%20xmlns%3D&#39;http%3A%2F%2Fwww.w3.org%2F2000%2Fsvg&#39;%20viewBox%3D&#39;0%200%20768%20512&#39;%2F%3E\" data-src=\"https:\/\/www.grupoargraf.com\/wp-content\/uploads\/2026\/03\/Sin-Limites-2026-768x512.png\" data-srcset=\"https:\/\/www.grupoargraf.com\/wp-content\/uploads\/2026\/03\/Sin-Limites-2026-768x512.png 768w, https:\/\/www.grupoargraf.com\/wp-content\/uploads\/2026\/03\/Sin-Limites-2026.png 1100w\" loading=\"eager\" style=\"--ratio: 768 \/ 512\" sizes=\"(max-width: 768px) 100vw, 768px\" alt=\"\" title=\"Sans Limites 2026\" width=\"768\" height=\"512\"  \/><\/a>\t<\/div>\n<\/div>\n\n\n<div class=\"post-entry-content\">\n\n\t<h3 class=\"entry-title\">\n\t\t<a href=\"https:\/\/www.grupoargraf.com\/fr\/7a-edicion-sin-limites-a-tu-creatividad-2026-en-valencia-innovacion-y-diseno\/\" title=\"7e \u00e9dition de \u00ab Sin l\u00edmites a tu creatividad 2026 \u00bb \u00e0 Valence : innovation et design\" rel=\"bookmark\">7e \u00e9dition de \u00ab Sin l\u00edmites a tu creatividad 2026 \u00bb \u00e0 Valence : innovation et design<\/a>\n\t<\/h3>\n\n\t<div class=\"entry-meta\"><a href=\"https:\/\/www.grupoargraf.com\/fr\/2026\/04\/07\/\" title=\"13h20\" class=\"data-link\" rel=\"bookmark\"><time class=\"entry-date updated\" datetime=\"2026-04-07T13:20:45+02:00\">7 avril 2026<\/time><\/a><\/div>\n\t<div class=\"entry-excerpt\"><p>Les 12 et 13 mars derniers s&rsquo;est tenue \u00e0 Valence la 7e \u00e9dition de \u00ab Sin l\u00edmites a tu creatividad 2026 \u00bb, le rendez-vous organis\u00e9 par le groupe Argraf qui rassemble des professionnels du graphisme, de l&rsquo;industrie graphique et de la cr\u00e9ation en Espagne. \u00ab Le silence des cr\u00e9ateurs \u00bb : la cr\u00e9ativit\u00e9 au service&hellip;<\/p>\n<\/div>\n\t\n<a href=\"https:\/\/www.grupoargraf.com\/fr\/7a-edicion-sin-limites-a-tu-creatividad-2026-en-valencia-innovacion-y-diseno\/\" class=\"post-details details-type-link\" aria-label=\"Read more about 7e \u00e9dition de \u00ab Sin l\u00edmites a tu creatividad 2026 \u00bb \u00e0 Valence : innovation et design\">Lire la suite<i class=\"dt-icon-the7-arrow-03\" aria-hidden=\"true\"><\/i><\/a>\n\n<\/div><\/article><article class=\"post post-9383 type-post status-publish format-standard has-post-thumbnail hentry category-arts-graphiques category-329\" data-name=\"\u00c9tiquettes pour vin r\u00e9sistantes au froid et aux seaux \u00e0 glace : le d\u00e9fi de la durabilit\u00e9\" data-date=\"2026-03-02T13:48:36+01:00\">\n\n<div class=\"post-thumbnail-wrap\">\n\t<div class=\"post-thumbnail\">\n\t\t\n\t\t\n\t\t<a href=\"https:\/\/www.grupoargraf.com\/fr\/etiquettes-pour-vin-resistantes-au-froid-et-aux-seaux-a-glace-le-defi-de-la-durabilite\/\" class=\"post-thumbnail-rollover layzr-bg\" ><img decoding=\"async\" class=\"preload-me owl-lazy-load aspect\" src=\"data:image\/svg+xml,%3Csvg%20xmlns%3D&#39;http%3A%2F%2Fwww.w3.org%2F2000%2Fsvg&#39;%20viewBox%3D&#39;0%200%20768%20512&#39;%2F%3E\" data-src=\"https:\/\/www.grupoargraf.com\/wp-content\/uploads\/2026\/03\/vinos-cubitera-768x512.png\" data-srcset=\"https:\/\/www.grupoargraf.com\/wp-content\/uploads\/2026\/03\/vinos-cubitera-768x512.png 768w, https:\/\/www.grupoargraf.com\/wp-content\/uploads\/2026\/03\/vinos-cubitera-982x655.png 982w\" loading=\"eager\" style=\"--ratio: 768 \/ 512\" sizes=\"(max-width: 768px) 100vw, 768px\" alt=\"\" title=\"vinos-cubitera\" width=\"768\" height=\"512\"  \/><\/a>\t<\/div>\n<\/div>\n\n\n<div class=\"post-entry-content\">\n\n\t<h3 class=\"entry-title\">\n\t\t<a href=\"https:\/\/www.grupoargraf.com\/fr\/etiquettes-pour-vin-resistantes-au-froid-et-aux-seaux-a-glace-le-defi-de-la-durabilite\/\" title=\"\u00c9tiquettes pour vin r\u00e9sistantes au froid et aux seaux \u00e0 glace : le d\u00e9fi de la durabilit\u00e9\" rel=\"bookmark\">\u00c9tiquettes pour vin r\u00e9sistantes au froid et aux seaux \u00e0 glace : le d\u00e9fi de la durabilit\u00e9<\/a>\n\t<\/h3>\n\n\t<div class=\"entry-meta\"><a href=\"https:\/\/www.grupoargraf.com\/fr\/2026\/03\/02\/\" title=\"13h48\" class=\"data-link\" rel=\"bookmark\"><time class=\"entry-date updated\" datetime=\"2026-03-02T13:48:36+01:00\">2 mars 2026<\/time><\/a><\/div>\n\t<div class=\"entry-excerpt\"><p>Dans le secteur viticole, l&rsquo;exp\u00e9rience du consommateur ne s&rsquo;arr\u00eate pas \u00e0 l&rsquo;achat, mais culmine \u00e0 table. Pour les vins blancs, ros\u00e9s et mousseux, cette exp\u00e9rience passe in\u00e9vitablement par le seau \u00e0 glace. Cependant, un design spectaculaire peut \u00eatre g\u00e2ch\u00e9 en quelques minutes si l&rsquo;\u00e9tiquette n&rsquo;est pas techniquement pr\u00e9par\u00e9e \u00e0 une humidit\u00e9 extr\u00eame. Le d\u00e9fi technique&hellip;<\/p>\n<\/div>\n\t\n<a href=\"https:\/\/www.grupoargraf.com\/fr\/etiquettes-pour-vin-resistantes-au-froid-et-aux-seaux-a-glace-le-defi-de-la-durabilite\/\" class=\"post-details details-type-link\" aria-label=\"Read more about \u00c9tiquettes pour vin r\u00e9sistantes au froid et aux seaux \u00e0 glace : le d\u00e9fi de la durabilit\u00e9\">Lire la suite<i class=\"dt-icon-the7-arrow-03\" aria-hidden=\"true\"><\/i><\/a>\n\n<\/div><\/article><article class=\"post post-9351 type-post status-publish format-standard has-post-thumbnail hentry category-arts-graphiques category-329\" data-name=\"Le groupe Argraf accueille les \u00e9tudiants de l&rsquo;IFP Antoni Alguer\u00f3 dans son usine de Rub\u00ed : une journ\u00e9e de formation aux arts graphiques\" data-date=\"2026-01-29T11:08:32+01:00\">\n\n<div class=\"post-thumbnail-wrap\">\n\t<div class=\"post-thumbnail\">\n\t\t\n\t\t\n\t\t<a href=\"https:\/\/www.grupoargraf.com\/fr\/groupe-argraf-accueille-des-etudiants-de-lifp-antoni-alguero-dans-son-usine-de-rubi-pour-une-journee-de-formation-aux-arts-graphiques\/\" class=\"post-thumbnail-rollover layzr-bg\" ><img decoding=\"async\" class=\"preload-me owl-lazy-load aspect\" src=\"data:image\/svg+xml,%3Csvg%20xmlns%3D&#39;http%3A%2F%2Fwww.w3.org%2F2000%2Fsvg&#39;%20viewBox%3D&#39;0%200%20768%20512&#39;%2F%3E\" data-src=\"https:\/\/www.grupoargraf.com\/wp-content\/uploads\/2026\/01\/ARGRAF-FB_LK-visita-enero-768x512.jpeg\" data-srcset=\"https:\/\/www.grupoargraf.com\/wp-content\/uploads\/2026\/01\/ARGRAF-FB_LK-visita-enero-768x512.jpeg 768w, https:\/\/www.grupoargraf.com\/wp-content\/uploads\/2026\/01\/ARGRAF-FB_LK-visita-enero-1080x720.jpeg 1080w\" loading=\"eager\" style=\"--ratio: 768 \/ 512\" sizes=\"(max-width: 768px) 100vw, 768px\" alt=\"\" title=\"ARGRAF FB_LK visita enero\" width=\"768\" height=\"512\"  \/><\/a>\t<\/div>\n<\/div>\n\n\n<div class=\"post-entry-content\">\n\n\t<h3 class=\"entry-title\">\n\t\t<a href=\"https:\/\/www.grupoargraf.com\/fr\/groupe-argraf-accueille-des-etudiants-de-lifp-antoni-alguero-dans-son-usine-de-rubi-pour-une-journee-de-formation-aux-arts-graphiques\/\" title=\"Le groupe Argraf accueille les \u00e9tudiants de l&rsquo;IFP Antoni Alguer\u00f3 dans son usine de Rub\u00ed : une journ\u00e9e de formation aux arts graphiques\" rel=\"bookmark\">Le groupe Argraf accueille les \u00e9tudiants de l&rsquo;IFP Antoni Alguer\u00f3 dans son usine de Rub\u00ed : une journ\u00e9e de formation aux arts graphiques<\/a>\n\t<\/h3>\n\n\t<div class=\"entry-meta\"><a href=\"https:\/\/www.grupoargraf.com\/fr\/2026\/01\/29\/\" title=\"11h08\" class=\"data-link\" rel=\"bookmark\"><time class=\"entry-date updated\" datetime=\"2026-01-29T11:08:32+01:00\">29 janvier 2026<\/time><\/a><\/div>\n\t<div class=\"entry-excerpt\"><p>Le groupe Argraf a de nouveau ouvert les portes de son si\u00e8ge Argraf Catalu\u00f1a, \u00e0 Rub\u00ed, \u00e0 la communaut\u00e9 \u00e9ducative des arts graphiques, accueillant cette fois-ci les \u00e9l\u00e8ves de l&rsquo;IFP Antoni Alguer\u00f3, l&rsquo;un des centres de r\u00e9f\u00e9rence en mati\u00e8re de formation graphique et de design en Catalogne. Cette visite renforce l&rsquo;engagement de l&rsquo;entreprise en faveur&hellip;<\/p>\n<\/div>\n\t\n<a href=\"https:\/\/www.grupoargraf.com\/fr\/groupe-argraf-accueille-des-etudiants-de-lifp-antoni-alguero-dans-son-usine-de-rubi-pour-une-journee-de-formation-aux-arts-graphiques\/\" class=\"post-details details-type-link\" aria-label=\"Read more about Le groupe Argraf accueille les \u00e9tudiants de l&rsquo;IFP Antoni Alguer\u00f3 dans son usine de Rub\u00ed : une journ\u00e9e de formation aux arts graphiques\">Lire la suite<i class=\"dt-icon-the7-arrow-03\" aria-hidden=\"true\"><\/i><\/a>\n\n<\/div><\/article><article class=\"post post-9308 type-post status-publish format-standard has-post-thumbnail hentry category-argraf-dans-les-medias category-nouvelles category-255 category-245\" data-name=\"Grupo Argraf et les designers : l&rsquo;alliance qui fait de l&rsquo;\u00e9tiquetage alimentaire espagnol une r\u00e9f\u00e9rence internationale\" data-date=\"2026-01-21T16:25:21+01:00\">\n\n<div class=\"post-thumbnail-wrap\">\n\t<div class=\"post-thumbnail\">\n\t\t\n\t\t\n\t\t<a href=\"https:\/\/www.grupoargraf.com\/fr\/grupo-argraf-y-los-disenadores-la-alianza-que-convierte-el-etiquetado-alimentario-espanol-en-referencia-internacional\/\" class=\"post-thumbnail-rollover layzr-bg\" ><img decoding=\"async\" class=\"preload-me owl-lazy-load aspect\" src=\"data:image\/svg+xml,%3Csvg%20xmlns%3D&#39;http%3A%2F%2Fwww.w3.org%2F2000%2Fsvg&#39;%20viewBox%3D&#39;0%200%20768%20512&#39;%2F%3E\" data-src=\"https:\/\/www.grupoargraf.com\/wp-content\/uploads\/2026\/01\/Gruo-Argraf-Impresion-de-etiquetas-para-Vino-01-768x512.jpg\" data-srcset=\"https:\/\/www.grupoargraf.com\/wp-content\/uploads\/2026\/01\/Gruo-Argraf-Impresion-de-etiquetas-para-Vino-01-768x512.jpg 768w, https:\/\/www.grupoargraf.com\/wp-content\/uploads\/2026\/01\/Gruo-Argraf-Impresion-de-etiquetas-para-Vino-01-1152x768.jpg 1152w\" loading=\"eager\" style=\"--ratio: 768 \/ 512\" sizes=\"(max-width: 768px) 100vw, 768px\" alt=\"\" title=\"Gruo-Argraf-Impresion-de-etiquetas-para-Vino-01\" width=\"768\" height=\"512\"  \/><\/a>\t<\/div>\n<\/div>\n\n\n<div class=\"post-entry-content\">\n\n\t<h3 class=\"entry-title\">\n\t\t<a href=\"https:\/\/www.grupoargraf.com\/fr\/grupo-argraf-y-los-disenadores-la-alianza-que-convierte-el-etiquetado-alimentario-espanol-en-referencia-internacional\/\" title=\"Grupo Argraf et les designers : l&rsquo;alliance qui fait de l&rsquo;\u00e9tiquetage alimentaire espagnol une r\u00e9f\u00e9rence internationale\" rel=\"bookmark\">Grupo Argraf et les designers : l&rsquo;alliance qui fait de l&rsquo;\u00e9tiquetage alimentaire espagnol une r\u00e9f\u00e9rence internationale<\/a>\n\t<\/h3>\n\n\t<div class=\"entry-meta\"><a href=\"https:\/\/www.grupoargraf.com\/fr\/2026\/01\/21\/\" title=\"16h25\" class=\"data-link\" rel=\"bookmark\"><time class=\"entry-date updated\" datetime=\"2026-01-21T16:25:21+01:00\">21 janvier 2026<\/time><\/a><\/div>\n\t<div class=\"entry-excerpt\"><p>Dans l&rsquo;\u00e9mission Marca Espa\u00f1a de Radio Nacional de Espa\u00f1a, le journaliste Manuel Moraga s&rsquo;entretient avec Miguel \u00c1ngel Torroba, directeur d&rsquo;Argraf en Catalogne et directeur de la strat\u00e9gie et de la transformation du groupe Argraf, et avec Javier Euba, cofondateur et directeur cr\u00e9atif du studio Moruba. Ensemble, ils explorent comment l&rsquo;industrie graphique espagnole, men\u00e9e par des&hellip;<\/p>\n<\/div>\n\t\n<a href=\"https:\/\/www.grupoargraf.com\/fr\/grupo-argraf-y-los-disenadores-la-alianza-que-convierte-el-etiquetado-alimentario-espanol-en-referencia-internacional\/\" class=\"post-details details-type-link\" aria-label=\"Read more about Grupo Argraf et les designers : l&rsquo;alliance qui fait de l&rsquo;\u00e9tiquetage alimentaire espagnol une r\u00e9f\u00e9rence internationale\">Lire la suite<i class=\"dt-icon-the7-arrow-03\" aria-hidden=\"true\"><\/i><\/a>\n\n<\/div><\/article><article class=\"post post-9286 type-post status-publish format-standard has-post-thumbnail hentry category-nouvelles category-245\" data-name=\"Le Groupe Argraf consolide en 2025 sa position de r\u00e9f\u00e9rence europ\u00e9enne dans l\u2019\u00e9tiquetage \u00e0 haute valeur ajout\u00e9e\" data-date=\"2025-12-22T15:34:46+01:00\">\n\n<div class=\"post-thumbnail-wrap\">\n\t<div class=\"post-thumbnail\">\n\t\t\n\t\t\n\t\t<a href=\"https:\/\/www.grupoargraf.com\/fr\/le-groupo-argraf-consolide-en-2025-sa-position-de-reference-europeenne-dans-l-etiquetagea-haute-valeur-ajoutee\/\" class=\"post-thumbnail-rollover layzr-bg\" ><img decoding=\"async\" class=\"preload-me owl-lazy-load aspect\" src=\"data:image\/svg+xml,%3Csvg%20xmlns%3D&#39;http%3A%2F%2Fwww.w3.org%2F2000%2Fsvg&#39;%20viewBox%3D&#39;0%200%20768%20512&#39;%2F%3E\" data-src=\"https:\/\/www.grupoargraf.com\/wp-content\/uploads\/2025\/12\/balance-2025-grupo-argraf-768x512.png\" data-srcset=\"https:\/\/www.grupoargraf.com\/wp-content\/uploads\/2025\/12\/balance-2025-grupo-argraf-768x512.png 768w, https:\/\/www.grupoargraf.com\/wp-content\/uploads\/2025\/12\/balance-2025-grupo-argraf-1152x768.png 1152w\" loading=\"eager\" style=\"--ratio: 768 \/ 512\" sizes=\"(max-width: 768px) 100vw, 768px\" alt=\"Bilan annuel 2025 Groupe Argraf\" title=\"Bilan annuel 2025 Groupe Argraf\" width=\"768\" height=\"512\"  \/><\/a>\t<\/div>\n<\/div>\n\n\n<div class=\"post-entry-content\">\n\n\t<h3 class=\"entry-title\">\n\t\t<a href=\"https:\/\/www.grupoargraf.com\/fr\/le-groupo-argraf-consolide-en-2025-sa-position-de-reference-europeenne-dans-l-etiquetagea-haute-valeur-ajoutee\/\" title=\"Le Groupe Argraf consolide en 2025 sa position de r\u00e9f\u00e9rence europ\u00e9enne dans l\u2019\u00e9tiquetage \u00e0 haute valeur ajout\u00e9e\" rel=\"bookmark\">Le Groupe Argraf consolide en 2025 sa position de r\u00e9f\u00e9rence europ\u00e9enne dans l\u2019\u00e9tiquetage \u00e0 haute valeur ajout\u00e9e<\/a>\n\t<\/h3>\n\n\t<div class=\"entry-meta\"><a href=\"https:\/\/www.grupoargraf.com\/fr\/2025\/12\/22\/\" title=\"15h34\" class=\"data-link\" rel=\"bookmark\"><time class=\"entry-date updated\" datetime=\"2025-12-22T15:34:46+01:00\">22 d\u00e9cembre 2025<\/time><\/a><\/div>\n\t<div class=\"entry-excerpt\"><p>Le Groupe Argraf est aujourd\u2019hui l\u2019un des grands sp\u00e9cialistes espagnols de l\u2019impression d\u2019\u00e9tiquettes pour le vin, alliant plus de 45 ans d\u2019exp\u00e9rience \u00e0 un engagement constant en faveur de l\u2019innovation technologique et de l\u2019\u00e9tiquetage premium. Ce leadership se refl\u00e8te dans son r\u00f4le cl\u00e9 en tant que partenaire industriel des caves, des groupes vinicoles et des&hellip;<\/p>\n<\/div>\n\t\n<a href=\"https:\/\/www.grupoargraf.com\/fr\/le-groupo-argraf-consolide-en-2025-sa-position-de-reference-europeenne-dans-l-etiquetagea-haute-valeur-ajoutee\/\" class=\"post-details details-type-link\" aria-label=\"Read more about Le Groupe Argraf consolide en 2025 sa position de r\u00e9f\u00e9rence europ\u00e9enne dans l\u2019\u00e9tiquetage \u00e0 haute valeur ajout\u00e9e\">Lire la suite<i class=\"dt-icon-the7-arrow-03\" aria-hidden=\"true\"><\/i><\/a>\n\n<\/div><\/article><article class=\"post post-9198 type-post status-publish format-standard has-post-thumbnail hentry category-nouvelles category-245\" data-name=\"Comment choisir le papier id\u00e9al pour votre \u00e9tiquette de vin : le guide professionnel d\u2019Argraf\" data-date=\"2025-09-26T10:56:14+02:00\">\n\n<div class=\"post-thumbnail-wrap\">\n\t<div class=\"post-thumbnail\">\n\t\t\n\t\t\n\t\t<a href=\"https:\/\/www.grupoargraf.com\/fr\/comment-choisir-le-papier-ideal-pour-votre-etiquette-de-vin-le-guide-professionnel-d-argraf\/\" class=\"post-thumbnail-rollover layzr-bg\" ><img decoding=\"async\" class=\"preload-me owl-lazy-load aspect\" src=\"data:image\/svg+xml,%3Csvg%20xmlns%3D&#39;http%3A%2F%2Fwww.w3.org%2F2000%2Fsvg&#39;%20viewBox%3D&#39;0%200%20768%20512&#39;%2F%3E\" data-src=\"https:\/\/www.grupoargraf.com\/wp-content\/uploads\/2025\/09\/argraf-el-papel-ideal-portada-768x512.png\" data-srcset=\"https:\/\/www.grupoargraf.com\/wp-content\/uploads\/2025\/09\/argraf-el-papel-ideal-portada-768x512.png 768w, https:\/\/www.grupoargraf.com\/wp-content\/uploads\/2025\/09\/argraf-el-papel-ideal-portada-1152x768.png 1152w\" loading=\"eager\" style=\"--ratio: 768 \/ 512\" sizes=\"(max-width: 768px) 100vw, 768px\" alt=\"\" title=\"argraf-el-papel-ideal-portada\" width=\"768\" height=\"512\"  \/><\/a>\t<\/div>\n<\/div>\n\n\n<div class=\"post-entry-content\">\n\n\t<h3 class=\"entry-title\">\n\t\t<a href=\"https:\/\/www.grupoargraf.com\/fr\/comment-choisir-le-papier-ideal-pour-votre-etiquette-de-vin-le-guide-professionnel-d-argraf\/\" title=\"Comment choisir le papier id\u00e9al pour votre \u00e9tiquette de vin : le guide professionnel d\u2019Argraf\" rel=\"bookmark\">Comment choisir le papier id\u00e9al pour votre \u00e9tiquette de vin : le guide professionnel d\u2019Argraf<\/a>\n\t<\/h3>\n\n\t<div class=\"entry-meta\"><a href=\"https:\/\/www.grupoargraf.com\/fr\/2025\/09\/26\/\" title=\"10h56\" class=\"data-link\" rel=\"bookmark\"><time class=\"entry-date updated\" datetime=\"2025-09-26T10:56:14+02:00\">26 septembre 2025<\/time><\/a><\/div>\n\t<div class=\"entry-excerpt\"><p>Choisir le papier pour votre \u00e9tiquette de vin n\u2019est pas seulement une question d\u2019esth\u00e9tique : cela influence la perception de votre vin, l\u2019exp\u00e9rience de celui qui le re\u00e7oit et la qualit\u00e9 finale du produit. Chez Argraf, nous vous accompagnons tout au long du processus pour que chaque \u00e9tiquette soit attrayante, fonctionnelle et m\u00e9morable. L\u2019importance du&hellip;<\/p>\n<\/div>\n\t\n<a href=\"https:\/\/www.grupoargraf.com\/fr\/comment-choisir-le-papier-ideal-pour-votre-etiquette-de-vin-le-guide-professionnel-d-argraf\/\" class=\"post-details details-type-link\" aria-label=\"Read more about Comment choisir le papier id\u00e9al pour votre \u00e9tiquette de vin : le guide professionnel d\u2019Argraf\">Lire la suite<i class=\"dt-icon-the7-arrow-03\" aria-hidden=\"true\"><\/i><\/a>\n\n<\/div><\/article><\/div>[vc_empty_space height=\u00a0\u00bb40px\u00a0\u00bb][\/vc_column_inner][\/vc_row_inner][\/vc_column][\/vc_row]<\/p>\n<\/div>","protected":false},"excerpt":{"rendered":"<p>[vc_row][vc_column][vc_row_inner][vc_column_inner width=\u00a0\u00bb1\/4&Prime;][\/vc_column_inner][vc_column_inner width=\u00a0\u00bb1\/2&Prime;][vc_column_text] Grupo ARGRAF Sp\u00e9cialiste espagnol de la fabrication d\u2019\u00e9tiquettes alimentaires, le Groupe Argraf est leader absolu si nous parlons d\u2019\u00e9tiquettes pour bouteilles de vin. Avec 900 millions de flacons portant la marque du Groupe Argraf, notre ambition reste toujours intacte : am\u00e9liorer les \u00e9tiquettes existantes sur le march\u00e9 et parvenir \u00e0 ce qu\u2019elles&hellip;<\/p>\n","protected":false},"author":2,"featured_media":0,"parent":0,"menu_order":0,"comment_status":"closed","ping_status":"closed","template":"","meta":{"_acf_changed":false,"footnotes":""},"yst_prominent_words":[138,91],"class_list":["post-488","page","type-page","status-publish","hentry","description-off"],"acf":[],"_links":{"self":[{"href":"https:\/\/www.grupoargraf.com\/fr\/wp-json\/wp\/v2\/pages\/488","targetHints":{"allow":["GET"]}}],"collection":[{"href":"https:\/\/www.grupoargraf.com\/fr\/wp-json\/wp\/v2\/pages"}],"about":[{"href":"https:\/\/www.grupoargraf.com\/fr\/wp-json\/wp\/v2\/types\/page"}],"author":[{"embeddable":true,"href":"https:\/\/www.grupoargraf.com\/fr\/wp-json\/wp\/v2\/users\/2"}],"replies":[{"embeddable":true,"href":"https:\/\/www.grupoargraf.com\/fr\/wp-json\/wp\/v2\/comments?post=488"}],"version-history":[{"count":4,"href":"https:\/\/www.grupoargraf.com\/fr\/wp-json\/wp\/v2\/pages\/488\/revisions"}],"predecessor-version":[{"id":9633,"href":"https:\/\/www.grupoargraf.com\/fr\/wp-json\/wp\/v2\/pages\/488\/revisions\/9633"}],"wp:attachment":[{"href":"https:\/\/www.grupoargraf.com\/fr\/wp-json\/wp\/v2\/media?parent=488"}],"wp:term":[{"taxonomy":"yst_prominent_words","embeddable":true,"href":"https:\/\/www.grupoargraf.com\/fr\/wp-json\/wp\/v2\/yst_prominent_words?post=488"}],"curies":[{"name":"wp","href":"https:\/\/api.w.org\/{rel}","templated":true}]}}