{"id":9820,"date":"2026-08-31T15:47:07","date_gmt":"2026-08-31T13:47:07","guid":{"rendered":"https:\/\/www.grupoargraf.com\/?post_type=etiqueta&#038;p=9820"},"modified":"2026-09-01T11:39:16","modified_gmt":"2026-09-01T09:39:16","slug":"impression-d-etiquettes-pour-le-vin","status":"publish","type":"etiqueta","link":"https:\/\/www.grupoargraf.com\/fr\/etiquetas\/impression-d-etiquettes-pour-le-vin\/","title":{"rendered":"Impression d&rsquo;\u00e9tiquettes pour le vin"},"content":{"rendered":"<div class=\"wpb-content-wrapper\" id=\"wpb-content-root\"><p>[vc_row][vc_column][vc_column_text]<\/p>\n<h1>Impression d\u2019\u00e9tiquettes pour le vin :<br \/>\nqualit\u00e9 et \u00e9l\u00e9gance dans chaque bouteille<\/h1>\n<p>[\/vc_column_text][\/vc_column][\/vc_row][vc_row gap=\u00a0\u00bb20&Prime;][vc_column width=\u00a0\u00bb1\/2&Prime;][vc_column_text]Le choix d\u2019une <strong>\u00e9tiquette pour une bouteille de vin<\/strong> est une expression de l\u2019essence et de la qualit\u00e9 qui r\u00e9sident dans chaque bouteille. Chez Grupo Argraf, nous comprenons profond\u00e9ment comment une \u00e9tiquette offre la premi\u00e8re impression d\u2019une marque au monde et raconte l\u2019histoire et l\u2019essence du vin. Avec chaque cr\u00e9ation personnalis\u00e9e, nous cherchons \u00e0 allier la qualit\u00e9 exceptionnelle et l\u2019\u00e9l\u00e9gance intrins\u00e8que que le vin m\u00e9rite, en veillant \u00e0 ce que chaque \u00e9tiquette refl\u00e8te fid\u00e8lement la passion et les efforts investis, de la vigne au chai.<\/p>\n<p>Nous sommes engag\u00e9s envers l\u2019excellence, en utilisant les techniques d\u2019impression les plus innovantes et une large gamme de finitions sp\u00e9ciales pour cr\u00e9er des \u00e9tiquettes qui attirent le regard et s\u00e9duisent le toucher. Qu\u2019il s\u2019agisse de transmettre la richesse des nuances d\u2019un vin rouge ou la fra\u00eecheur d\u2019un vin blanc l\u00e9ger, notre travail consiste \u00e0 sublimer la pr\u00e9sentation du vin \u00e0 travers son \u00e9tiquette, en veillant \u00e0 ce que chaque bouteille se distingue en rayon et reste grav\u00e9e dans les m\u00e9moires.[\/vc_column_text][\/vc_column][vc_column width=\u00a0\u00bb1\/2&Prime;][vc_single_image image=\u00a0\u00bb7615&Prime; img_size=\u00a0\u00bbfull\u00a0\u00bb][\/vc_column][\/vc_row][vc_row gap=\u00a0\u00bb20&Prime;][vc_column width=\u00a0\u00bb1\/2&Prime;][vc_column_text css=\u00a0\u00bb.vc_custom_1788183887375{padding-right: 2em !important;}\u00a0\u00bb el_class=\u00a0\u00bbhg-text-intro\u00a0\u00bb]<\/p>\n<h2 style=\"margin-bottom: 1em;\">Un vin de qualit\u00e9<br \/>\nse refl\u00e8te dans son \u00e9tiquette<\/h2>\n<p style=\"line-height: 1.4;\">La relation entre un <strong>vin<\/strong> et <strong>l\u2019\u00e9tiquette de sa bouteille<\/strong> est aussi profonde que celle qui existe entre l\u2019\u0153uvre d\u2019un artiste et sa toile. Une \u00e9tiquette n\u2019est pas simplement un moyen de communiquer la marque ou le degr\u00e9 d\u2019alcool ; elle est le prolongement de la qualit\u00e9 et du caract\u00e8re du vin qu\u2019elle prot\u00e8ge. Une \u00e9tiquette bien con\u00e7ue parle avant m\u00eame que le bouchon ne soit retir\u00e9, promettant une exp\u00e9rience \u00e0 la hauteur de la qualit\u00e9 contenue dans la bouteille. \u00c0 cet \u00e9gard, l\u2019\u00e9tiquette agit comme l\u2019ambassadrice la plus fiable du vin, invitant les passionn\u00e9s et les connaisseurs \u00e0 d\u00e9couvrir les saveurs et les ar\u00f4mes qui les attendent \u00e0 l\u2019int\u00e9rieur.<\/p>\n<p>[\/vc_column_text][\/vc_column][vc_column width=\u00a0\u00bb1\/2&Prime;][vc_column_text]<\/p>\n<h3>Conseils personnalis\u00e9s pour l\u2019impression d\u2019\u00e9tiquettes de vin<\/h3>\n<p>Au c\u0153ur de chaque \u00e9tiquette exceptionnelle se trouve une fusion de cr\u00e9ativit\u00e9 et de personnalisation, des \u00e9l\u00e9ments que Grupo Argraf place au premier plan afin de garantir que votre vin se distingue tout en communiquant efficacement son histoire unique. Notre approche du <strong>design d\u2019\u00e9tiquettes de vin<\/strong> repose sur une compr\u00e9hension approfondie de l\u2019essence de votre marque et du caract\u00e8re distinctif de chaque vin, ce qui nous permet de cr\u00e9er des designs qui r\u00e9sonnent aupr\u00e8s de votre public cible et renforcent la perception de la qualit\u00e9.<\/p>\n<h4>Des conseils d\u2019experts \u00e0 chaque \u00e9tape<\/h4>\n<p>Nous proposons des <strong>conseils sp\u00e9cialis\u00e9s<\/strong> sur tous les aspects de la <strong>production d\u2019\u00e9tiquettes<\/strong>. Cela comprend la <strong>s\u00e9lection du papier adapt\u00e9<\/strong>, les <strong>techniques d\u2019impression les plus efficaces<\/strong> et les <strong>finitions<\/strong> qui compl\u00e8tent au mieux l\u2019esth\u00e9tique souhait\u00e9e. Nous comprenons que <strong>la fabrication de l\u2019\u00e9tiquette est aussi importante que sa conception<\/strong> ; c\u2019est pourquoi nous vous accompagnons dans le choix des options en mati\u00e8re de durabilit\u00e9, de r\u00e9sistance et de co\u00fbt.<\/p>\n<h4>Un processus collaboratif<\/h4>\n<p>Nous sommes fermement convaincus que la collaboration est la cl\u00e9 du succ\u00e8s. Tout au long du processus, de la conceptualisation \u00e0 la production finale, nous maintenons une communication ouverte et constante avec nos clients. Cette collaboration garantit que le design final ne se contente pas de r\u00e9pondre aux attentes, mais les d\u00e9passe, en capturant <strong>l\u2019essence de votre vin<\/strong> de mani\u00e8re \u00e0 offrir au consommateur une exp\u00e9rience m\u00e9morable.[\/vc_column_text][\/vc_column][\/vc_row][vc_row][vc_column][vc_separator border_width=\u00a0\u00bb3&Prime;][\/vc_column][\/vc_row][vc_row][vc_column]<div class=\"dt-shortcode with-isotope\"><div class=\"filter iso-filter extras-off\"><div class=\"filter-categories\" data-default-order=\"desc\" data-default-orderby=\"date\"><a href=\"https:\/\/www.grupoargraf.com\/fr\/etiquetas\/impression-d-etiquettes-pour-le-vin\/\" class=\"show-all act\" data-filter=\"*\" aria-label=\"Apply filter: Tout voir\">Tout voir<\/a><a href=\"https:\/\/www.grupoargraf.com\/fr\/etiquetas\/impression-d-etiquettes-pour-le-vin\/?term=345\" class=\"estampillage\" data-filter=\".category-345\" aria-label=\"Apply filter: Estampillage\">Estampillage<\/a><a href=\"https:\/\/www.grupoargraf.com\/fr\/etiquetas\/impression-d-etiquettes-pour-le-vin\/?term=24\" class=\"quadrichromie\" data-filter=\".category-24\" aria-label=\"Apply filter: quadrichromie\">quadrichromie<\/a><a href=\"https:\/\/www.grupoargraf.com\/fr\/etiquetas\/impression-d-etiquettes-pour-le-vin\/?term=32\" class=\"relief\" data-filter=\".category-32\" aria-label=\"Apply filter: relief\">relief<\/a><a href=\"https:\/\/www.grupoargraf.com\/fr\/etiquetas\/impression-d-etiquettes-pour-le-vin\/?term=235\" class=\"relief-cloue\" data-filter=\".category-235\" aria-label=\"Apply filter: relief clou\u00e9\">relief clou\u00e9<\/a><a href=\"https:\/\/www.grupoargraf.com\/fr\/etiquetas\/impression-d-etiquettes-pour-le-vin\/?term=34\" class=\"relief-serigraphique\" data-filter=\".category-34\" aria-label=\"Apply filter: relief s\u00e9rigraphique\">relief s\u00e9rigraphique<\/a><a href=\"https:\/\/www.grupoargraf.com\/fr\/etiquetas\/impression-d-etiquettes-pour-le-vin\/?term=239\" class=\"relieve-inverso-fr\" data-filter=\".category-239\" aria-label=\"Apply filter: relief invers\u00e9\">relief invers\u00e9<\/a><a href=\"https:\/\/www.grupoargraf.com\/fr\/etiquetas\/impression-d-etiquettes-pour-le-vin\/?term=232\" class=\"relieve-mecanizado-fr\" data-filter=\".category-232\" aria-label=\"Apply filter: relief usin\u00e9\">relief usin\u00e9<\/a><a href=\"https:\/\/www.grupoargraf.com\/fr\/etiquetas\/impression-d-etiquettes-pour-le-vin\/?term=36\" class=\"serigraphie\" data-filter=\".category-36\" aria-label=\"Apply filter: s\u00e9rigraphie\">s\u00e9rigraphie<\/a><\/div><\/div><div class=\"wf-container dt-portfolio-shortcode jgrid-shortcode loading-effect-none iso-grid jg-container description-on-hover hover-style-two hover-fade content-align-centre\" data-padding=\"10px\" data-cur-page=\"1\" data-posts-per-page=\"-1\" data-target-height=\"387px\">\n<div class=\"wf-cell category-20 category-32\" data-post-id=\"9174\" data-date=\"2025-09-10T09:50:20+02:00\" data-name=\"Perelada Stars Cava\">\n<article class=\"post post-9174 dt_portfolio type-dt_portfolio status-publish has-post-thumbnail hentry dt_portfolio_category-alimentation dt_portfolio_category-relief dt_portfolio_category-20 dt_portfolio_category-32 text-centered\">\n\n\t<figure class=\"rollover-project forward-post\">\n\t<a href=\"https:\/\/www.grupoargraf.com\/fr\/projet\/perelada-stars-cava\/\" class=\"rollover layzr-bg\" title=\"Etiqueta de aceite de oliva Picual\"  aria-label=\"Post image\"><img fetchpriority=\"high\" decoding=\"async\" class=\"preload-me jgrid-lazy-load aspect\" src=\"data:image\/svg+xml,%3Csvg%20xmlns%3D&#39;http%3A%2F%2Fwww.w3.org%2F2000%2Fsvg&#39;%20viewBox%3D&#39;0%200%20503%20503&#39;%2F%3E\" data-src=\"https:\/\/www.grupoargraf.com\/wp-content\/uploads\/2025\/09\/picual-aceite-oliva-503x503.jpg\" data-srcset=\"https:\/\/www.grupoargraf.com\/wp-content\/uploads\/2025\/09\/picual-aceite-oliva-503x503.jpg 503w, https:\/\/www.grupoargraf.com\/wp-content\/uploads\/2025\/09\/picual-aceite-oliva-900x900.jpg 900w\" loading=\"eager\" style=\"--ratio: 503 \/ 503\" sizes=\"(max-width: 503px) 100vw, 503px\" alt=\"Etiqueta de aceite de oliva Picual\" width=\"503\" height=\"503\"  \/><\/a>\t<\/figure>\n<\/article>\n\n<\/div>\n<div class=\"wf-cell category-345 category-32 category-36\" data-post-id=\"8840\" data-date=\"2025-07-03T15:06:29+02:00\" data-name=\"Javier Sanz Viticultor\">\n<article class=\"post post-8840 dt_portfolio type-dt_portfolio status-publish has-post-thumbnail hentry dt_portfolio_category-estampillage dt_portfolio_category-relief dt_portfolio_category-serigraphie dt_portfolio_category-345 dt_portfolio_category-32 dt_portfolio_category-36 text-centered\">\n\n\t<figure class=\"rollover-project forward-post\">\n\t<a href=\"https:\/\/www.grupoargraf.com\/fr\/projet\/etiquette-de-vin-javier-sanz-viticultor\/\" class=\"rollover layzr-bg\" title=\"etiqueta-javier-sanz-3\"  aria-label=\"Post image\"><img decoding=\"async\" class=\"preload-me jgrid-lazy-load aspect\" src=\"data:image\/svg+xml,%3Csvg%20xmlns%3D&#39;http%3A%2F%2Fwww.w3.org%2F2000%2Fsvg&#39;%20viewBox%3D&#39;0%200%20503%20503&#39;%2F%3E\" data-src=\"https:\/\/www.grupoargraf.com\/wp-content\/uploads\/2025\/07\/etiqueta-javier-sanz-3-503x503.jpg\" data-srcset=\"https:\/\/www.grupoargraf.com\/wp-content\/uploads\/2025\/07\/etiqueta-javier-sanz-3-503x503.jpg 503w, https:\/\/www.grupoargraf.com\/wp-content\/uploads\/2025\/07\/etiqueta-javier-sanz-3-640x640.jpg 640w\" loading=\"eager\" style=\"--ratio: 503 \/ 503\" sizes=\"(max-width: 503px) 100vw, 503px\" alt=\"Etiqueta vino Javier Sanz\" width=\"503\" height=\"503\"  \/><\/a>\t<\/figure>\n<\/article>\n\n<\/div>\n<div class=\"wf-cell category-239 category-34 category-36 category-349\" data-post-id=\"9081\" data-date=\"2025-08-25T15:41:03+02:00\" data-name=\"Bidai Berri de Vi\u00f1a Zorzal\">\n<article class=\"post post-9081 dt_portfolio type-dt_portfolio status-publish has-post-thumbnail hentry dt_portfolio_category-relieve-inverso-fr dt_portfolio_category-relief-serigraphique dt_portfolio_category-serigraphie dt_portfolio_category-vernis-serigraphique dt_portfolio_category-239 dt_portfolio_category-34 dt_portfolio_category-36 dt_portfolio_category-349 text-centered\">\n\n\t<figure class=\"rollover-project forward-post\">\n\t<a href=\"https:\/\/www.grupoargraf.com\/fr\/projet\/bidai-berri-de-vina-zorzal\/\" class=\"rollover layzr-bg\" title=\"Bidai Berri de Vi\u00f1a Zorzal\"  aria-label=\"Post image\"><img decoding=\"async\" class=\"preload-me jgrid-lazy-load aspect\" src=\"data:image\/svg+xml,%3Csvg%20xmlns%3D&#39;http%3A%2F%2Fwww.w3.org%2F2000%2Fsvg&#39;%20viewBox%3D&#39;0%200%20503%20503&#39;%2F%3E\" data-src=\"https:\/\/www.grupoargraf.com\/wp-content\/uploads\/2025\/08\/Bidai-Berri-de-Vina-Zorzal-503x503.png\" data-srcset=\"https:\/\/www.grupoargraf.com\/wp-content\/uploads\/2025\/08\/Bidai-Berri-de-Vina-Zorzal-503x503.png 503w, https:\/\/www.grupoargraf.com\/wp-content\/uploads\/2025\/08\/Bidai-Berri-de-Vina-Zorzal-1006x1006.png 1006w\" loading=\"eager\" style=\"--ratio: 503 \/ 503\" sizes=\"(max-width: 503px) 100vw, 503px\" alt=\"\" width=\"503\" height=\"503\"  \/><\/a>\t<\/figure>\n<\/article>\n\n<\/div>\n<div class=\"wf-cell category-345 category-32\" data-post-id=\"8842\" data-date=\"2025-07-03T15:08:52+02:00\" data-name=\"Gran Marius\">\n<article class=\"post post-8842 dt_portfolio type-dt_portfolio status-publish has-post-thumbnail hentry dt_portfolio_category-estampillage dt_portfolio_category-relief dt_portfolio_category-345 dt_portfolio_category-32 text-centered\">\n\n\t<figure class=\"rollover-project forward-post\">\n\t<a href=\"https:\/\/www.grupoargraf.com\/fr\/projet\/etiquette-de-vin-gran-marius\/\" class=\"rollover layzr-bg\" title=\"etiqueta-gran-marius-2\"  aria-label=\"Post image\"><img decoding=\"async\" class=\"preload-me jgrid-lazy-load aspect\" src=\"data:image\/svg+xml,%3Csvg%20xmlns%3D&#39;http%3A%2F%2Fwww.w3.org%2F2000%2Fsvg&#39;%20viewBox%3D&#39;0%200%20503%20503&#39;%2F%3E\" data-src=\"https:\/\/www.grupoargraf.com\/wp-content\/uploads\/2025\/07\/etiqueta-gran-marius-2-503x503.jpg\" data-srcset=\"https:\/\/www.grupoargraf.com\/wp-content\/uploads\/2025\/07\/etiqueta-gran-marius-2-503x503.jpg 503w, https:\/\/www.grupoargraf.com\/wp-content\/uploads\/2025\/07\/etiqueta-gran-marius-2-1006x1006.jpg 1006w\" loading=\"eager\" style=\"--ratio: 503 \/ 503\" sizes=\"(max-width: 503px) 100vw, 503px\" alt=\"Etiqueta vino reserva Gran Marius\" width=\"503\" height=\"503\"  \/><\/a>\t<\/figure>\n<\/article>\n\n<\/div>\n<div class=\"wf-cell category-345 category-36\" data-post-id=\"8844\" data-date=\"2025-07-03T15:10:41+02:00\" data-name=\"La Cova Negra\">\n<article class=\"post post-8844 dt_portfolio type-dt_portfolio status-publish has-post-thumbnail hentry dt_portfolio_category-estampillage dt_portfolio_category-serigraphie dt_portfolio_category-345 dt_portfolio_category-36 text-centered\">\n\n\t<figure class=\"rollover-project forward-post\">\n\t<a href=\"https:\/\/www.grupoargraf.com\/fr\/projet\/etiquette-du-vin-la-cova-negra\/\" class=\"rollover layzr-bg\" title=\"etiqueta-la-cova-negra\"  aria-label=\"Post image\"><img decoding=\"async\" class=\"preload-me jgrid-lazy-load aspect\" src=\"data:image\/svg+xml,%3Csvg%20xmlns%3D&#39;http%3A%2F%2Fwww.w3.org%2F2000%2Fsvg&#39;%20viewBox%3D&#39;0%200%20503%20503&#39;%2F%3E\" data-src=\"https:\/\/www.grupoargraf.com\/wp-content\/uploads\/2025\/07\/etiqueta-la-cova-negra-503x503.jpg\" data-srcset=\"https:\/\/www.grupoargraf.com\/wp-content\/uploads\/2025\/07\/etiqueta-la-cova-negra-503x503.jpg 503w, https:\/\/www.grupoargraf.com\/wp-content\/uploads\/2025\/07\/etiqueta-la-cova-negra-1006x1006.jpg 1006w\" loading=\"eager\" style=\"--ratio: 503 \/ 503\" sizes=\"(max-width: 503px) 100vw, 503px\" alt=\"Etiqueta vino La Cova Negra\" width=\"503\" height=\"503\"  \/><\/a>\t<\/figure>\n<\/article>\n\n<\/div>\n<div class=\"wf-cell category-345 category-24 category-235\" data-post-id=\"8846\" data-date=\"2025-07-03T15:13:50+02:00\" data-name=\"Lecciones de Vuelo\">\n<article class=\"post post-8846 dt_portfolio type-dt_portfolio status-publish has-post-thumbnail hentry dt_portfolio_category-estampillage dt_portfolio_category-quadrichromie dt_portfolio_category-relief-cloue dt_portfolio_category-345 dt_portfolio_category-24 dt_portfolio_category-235 text-centered\">\n\n\t<figure class=\"rollover-project forward-post\">\n\t<a href=\"https:\/\/www.grupoargraf.com\/fr\/projet\/etiquette-de-vin-flying-lessons\/\" class=\"rollover layzr-bg\" title=\"etiqueta-lecciones-de-vuelo\"  aria-label=\"Post image\"><img decoding=\"async\" class=\"preload-me jgrid-lazy-load aspect\" src=\"data:image\/svg+xml,%3Csvg%20xmlns%3D&#39;http%3A%2F%2Fwww.w3.org%2F2000%2Fsvg&#39;%20viewBox%3D&#39;0%200%20503%20503&#39;%2F%3E\" data-src=\"https:\/\/www.grupoargraf.com\/wp-content\/uploads\/2025\/07\/etiqueta-lecciones-de-vuelo-503x503.jpg\" data-srcset=\"https:\/\/www.grupoargraf.com\/wp-content\/uploads\/2025\/07\/etiqueta-lecciones-de-vuelo-503x503.jpg 503w, https:\/\/www.grupoargraf.com\/wp-content\/uploads\/2025\/07\/etiqueta-lecciones-de-vuelo-1006x1006.jpg 1006w\" loading=\"eager\" style=\"--ratio: 503 \/ 503\" sizes=\"(max-width: 503px) 100vw, 503px\" alt=\"Etiqueta vino Lecciones de Vuelo\" width=\"503\" height=\"503\"  \/><\/a>\t<\/figure>\n<\/article>\n\n<\/div>\n<div class=\"wf-cell category-345 category-32 category-36\" data-post-id=\"8848\" data-date=\"2025-07-03T15:15:41+02:00\" data-name=\"De Post\u00edn\">\n<article class=\"post post-8848 dt_portfolio type-dt_portfolio status-publish has-post-thumbnail hentry dt_portfolio_category-estampillage dt_portfolio_category-relief dt_portfolio_category-serigraphie dt_portfolio_category-345 dt_portfolio_category-32 dt_portfolio_category-36 text-centered\">\n\n\t<figure class=\"rollover-project forward-post\">\n\t<a href=\"https:\/\/www.grupoargraf.com\/fr\/projet\/etiquette-de-vin-de-postin\/\" class=\"rollover layzr-bg\" title=\"etiqueta-de-postin\"  aria-label=\"Post image\"><img decoding=\"async\" class=\"preload-me jgrid-lazy-load aspect\" src=\"data:image\/svg+xml,%3Csvg%20xmlns%3D&#39;http%3A%2F%2Fwww.w3.org%2F2000%2Fsvg&#39;%20viewBox%3D&#39;0%200%20503%20503&#39;%2F%3E\" data-src=\"https:\/\/www.grupoargraf.com\/wp-content\/uploads\/2025\/07\/etiqueta-de-postin-503x503.jpg\" data-srcset=\"https:\/\/www.grupoargraf.com\/wp-content\/uploads\/2025\/07\/etiqueta-de-postin-503x503.jpg 503w, https:\/\/www.grupoargraf.com\/wp-content\/uploads\/2025\/07\/etiqueta-de-postin-1006x1006.jpg 1006w\" loading=\"eager\" style=\"--ratio: 503 \/ 503\" sizes=\"(max-width: 503px) 100vw, 503px\" alt=\"Etiqueta de vino De Post\u00edn\" width=\"503\" height=\"503\"  \/><\/a>\t<\/figure>\n<\/article>\n\n<\/div>\n<div class=\"wf-cell category-345 category-36\" data-post-id=\"8850\" data-date=\"2025-07-03T15:17:38+02:00\" data-name=\"Imperial Reserva\">\n<article class=\"post post-8850 dt_portfolio type-dt_portfolio status-publish has-post-thumbnail hentry dt_portfolio_category-estampillage dt_portfolio_category-serigraphie dt_portfolio_category-345 dt_portfolio_category-36 text-centered\">\n\n\t<figure class=\"rollover-project forward-post\">\n\t<a href=\"https:\/\/www.grupoargraf.com\/fr\/projet\/etiquette-de-vin-imperial-reserva\/\" class=\"rollover layzr-bg\" title=\"imperial-reserva\"  aria-label=\"Post image\"><img decoding=\"async\" class=\"preload-me jgrid-lazy-load aspect\" src=\"data:image\/svg+xml,%3Csvg%20xmlns%3D&#39;http%3A%2F%2Fwww.w3.org%2F2000%2Fsvg&#39;%20viewBox%3D&#39;0%200%20503%20503&#39;%2F%3E\" data-src=\"https:\/\/www.grupoargraf.com\/wp-content\/uploads\/2025\/07\/imperial-reserva-503x503.jpg\" data-srcset=\"https:\/\/www.grupoargraf.com\/wp-content\/uploads\/2025\/07\/imperial-reserva-503x503.jpg 503w, https:\/\/www.grupoargraf.com\/wp-content\/uploads\/2025\/07\/imperial-reserva-640x640.jpg 640w\" loading=\"eager\" style=\"--ratio: 503 \/ 503\" sizes=\"(max-width: 503px) 100vw, 503px\" alt=\"Etiqueta vino Imperial Reserva de CVNE\" width=\"503\" height=\"503\"  \/><\/a>\t<\/figure>\n<\/article>\n\n<\/div>\n<div class=\"wf-cell category-345 category-32\" data-post-id=\"8852\" data-date=\"2025-07-03T15:18:55+02:00\" data-name=\"Golerga\">\n<article class=\"post post-8852 dt_portfolio type-dt_portfolio status-publish has-post-thumbnail hentry dt_portfolio_category-estampillage dt_portfolio_category-relief dt_portfolio_category-345 dt_portfolio_category-32 text-centered\">\n\n\t<figure class=\"rollover-project forward-post\">\n\t<a href=\"https:\/\/www.grupoargraf.com\/fr\/projet\/etiquette-de-vin-golerga\/\" class=\"rollover layzr-bg\" title=\"golerga1\"  aria-label=\"Post image\"><img decoding=\"async\" class=\"preload-me jgrid-lazy-load aspect\" src=\"data:image\/svg+xml,%3Csvg%20xmlns%3D&#39;http%3A%2F%2Fwww.w3.org%2F2000%2Fsvg&#39;%20viewBox%3D&#39;0%200%20503%20503&#39;%2F%3E\" data-src=\"https:\/\/www.grupoargraf.com\/wp-content\/uploads\/2025\/07\/golerga1-503x503.jpg\" data-srcset=\"https:\/\/www.grupoargraf.com\/wp-content\/uploads\/2025\/07\/golerga1-503x503.jpg 503w, https:\/\/www.grupoargraf.com\/wp-content\/uploads\/2025\/07\/golerga1-1006x1006.jpg 1006w\" loading=\"eager\" style=\"--ratio: 503 \/ 503\" sizes=\"(max-width: 503px) 100vw, 503px\" alt=\"Etiqueta Vino Golerga\" width=\"503\" height=\"503\"  \/><\/a>\t<\/figure>\n<\/article>\n\n<\/div>\n<div class=\"wf-cell category-345 category-36\" data-post-id=\"8854\" data-date=\"2025-07-03T15:20:41+02:00\" data-name=\"Cuatro del Cuatro\">\n<article class=\"post post-8854 dt_portfolio type-dt_portfolio status-publish has-post-thumbnail hentry dt_portfolio_category-estampillage dt_portfolio_category-serigraphie dt_portfolio_category-345 dt_portfolio_category-36 text-centered\">\n\n\t<figure class=\"rollover-project forward-post\">\n\t<a href=\"https:\/\/www.grupoargraf.com\/fr\/projet\/etiquette-du-vin-cuatro-del-cuatro\/\" class=\"rollover layzr-bg\" title=\"cuatro-del-cuatro\"  aria-label=\"Post image\"><img decoding=\"async\" class=\"preload-me jgrid-lazy-load aspect\" src=\"data:image\/svg+xml,%3Csvg%20xmlns%3D&#39;http%3A%2F%2Fwww.w3.org%2F2000%2Fsvg&#39;%20viewBox%3D&#39;0%200%20503%20503&#39;%2F%3E\" data-src=\"https:\/\/www.grupoargraf.com\/wp-content\/uploads\/2025\/07\/cuatro-del-cuatro-503x503.jpg\" data-srcset=\"https:\/\/www.grupoargraf.com\/wp-content\/uploads\/2025\/07\/cuatro-del-cuatro-503x503.jpg 503w, https:\/\/www.grupoargraf.com\/wp-content\/uploads\/2025\/07\/cuatro-del-cuatro-1006x1006.jpg 1006w\" loading=\"eager\" style=\"--ratio: 503 \/ 503\" sizes=\"(max-width: 503px) 100vw, 503px\" alt=\"Etiqueta Vino Cuatro del Cuatro\" width=\"503\" height=\"503\"  \/><\/a>\t<\/figure>\n<\/article>\n\n<\/div>\n<div class=\"wf-cell category-345 category-232\" data-post-id=\"8856\" data-date=\"2025-07-03T15:22:33+02:00\" data-name=\"Marqu\u00e9s de Murrieta Reserva\">\n<article class=\"post post-8856 dt_portfolio type-dt_portfolio status-publish has-post-thumbnail hentry dt_portfolio_category-estampillage dt_portfolio_category-relieve-mecanizado-fr dt_portfolio_category-345 dt_portfolio_category-232 text-centered\">\n\n\t<figure class=\"rollover-project forward-post\">\n\t<a href=\"https:\/\/www.grupoargraf.com\/fr\/projet\/etiquette-de-vin-marques-de-murrieta-reserva\/\" class=\"rollover layzr-bg\" title=\"mmr1\"  aria-label=\"Post image\"><img decoding=\"async\" class=\"preload-me jgrid-lazy-load aspect\" src=\"data:image\/svg+xml,%3Csvg%20xmlns%3D&#39;http%3A%2F%2Fwww.w3.org%2F2000%2Fsvg&#39;%20viewBox%3D&#39;0%200%20503%20503&#39;%2F%3E\" data-src=\"https:\/\/www.grupoargraf.com\/wp-content\/uploads\/2025\/07\/mmr1-503x503.jpg\" data-srcset=\"https:\/\/www.grupoargraf.com\/wp-content\/uploads\/2025\/07\/mmr1-503x503.jpg 503w, https:\/\/www.grupoargraf.com\/wp-content\/uploads\/2025\/07\/mmr1-750x750.jpg 750w\" loading=\"eager\" style=\"--ratio: 503 \/ 503\" sizes=\"(max-width: 503px) 100vw, 503px\" alt=\"Etiqueta de botella de vino Marqu\u00e9s de Murrieta 2020\" width=\"503\" height=\"503\"  \/><\/a>\t<\/figure>\n<\/article>\n\n<\/div>\n<div class=\"wf-cell category-32\" data-post-id=\"8858\" data-date=\"2025-07-03T15:23:54+02:00\" data-name=\"P\u00e1mpano\">\n<article class=\"post post-8858 dt_portfolio type-dt_portfolio status-publish has-post-thumbnail hentry dt_portfolio_category-relief dt_portfolio_category-32 text-centered\">\n\n\t<figure class=\"rollover-project forward-post\">\n\t<a href=\"https:\/\/www.grupoargraf.com\/fr\/projet\/etiquette-de-vin-pampano\/\" class=\"rollover layzr-bg\" title=\"pampano\"  aria-label=\"Post image\"><img decoding=\"async\" class=\"preload-me jgrid-lazy-load aspect\" src=\"data:image\/svg+xml,%3Csvg%20xmlns%3D&#39;http%3A%2F%2Fwww.w3.org%2F2000%2Fsvg&#39;%20viewBox%3D&#39;0%200%20503%20503&#39;%2F%3E\" data-src=\"https:\/\/www.grupoargraf.com\/wp-content\/uploads\/2025\/07\/pampano-503x503.jpg\" data-srcset=\"https:\/\/www.grupoargraf.com\/wp-content\/uploads\/2025\/07\/pampano-503x503.jpg 503w, https:\/\/www.grupoargraf.com\/wp-content\/uploads\/2025\/07\/pampano-1006x1006.jpg 1006w\" loading=\"eager\" style=\"--ratio: 503 \/ 503\" sizes=\"(max-width: 503px) 100vw, 503px\" alt=\"Etiqueta botella de vino P\u00e1mpano\" width=\"503\" height=\"503\"  \/><\/a>\t<\/figure>\n<\/article>\n\n<\/div><\/div><\/div>[\/vc_column][\/vc_row][vc_row][vc_column][vc_separator border_width=\u00a0\u00bb3&Prime;][\/vc_column][\/vc_row][vc_row][vc_column][vc_column_text]<\/p>\n<div class=\"dos-columnas\"><a href=\"#\">\u00c9tiquettes de vin avec vernis s\u00e9lectif<\/a><br \/>\n<a href=\"#\">\u00c9tiquettes de vin avec impression quadrichromie<\/a><br \/>\n<a href=\"#\">\u00c9tiquettes de vin avec glitter<\/a><br \/>\n<a href=\"#\">\u00c9tiquettes de vin avec gaufrage \u00e0 sec<\/a><br \/>\n<a href=\"#\">\u00c9tiquettes de vin avec impression offset<\/a><br \/>\n<a href=\"#\">\u00c9tiquettes de vin avec gaufrage<\/a><br \/>\n<a href=\"#\">\u00c9tiquettes de vin avec relief clou\u00e9<\/a><br \/>\n<a href=\"#\">\u00c9tiquettes de vin avec gaufrage invers\u00e9<\/a><br \/>\n<a href=\"#\">\u00c9tiquettes de vin avec relief m\u00e9canis\u00e9<\/a><br \/>\n<a href=\"#\">\u00c9tiquettes de vin avec relief s\u00e9rigraphique<\/a><br \/>\n<a href=\"#\">\u00c9tiquettes de vin avec s\u00e9rigraphie<\/a><br \/>\n<a href=\"#\">\u00c9tiquettes de vin avec estampage<\/a><br \/>\n<a href=\"#\">\u00c9tiquettes de vin avec estampage holographique<\/a><br \/>\n<a href=\"#\">\u00c9tiquettes de vin avec d\u00e9coupe personnalis\u00e9e<\/a><br \/>\n<a href=\"#\">\u00c9tiquettes de vin plastifi\u00e9es<\/a><\/div>\n<p>[\/vc_column_text][\/vc_column][\/vc_row]<\/p>\n<\/div>","protected":false},"featured_media":0,"parent":0,"menu_order":0,"template":"","meta":{"_acf_changed":false},"yst_prominent_words":[],"class_list":["post-9820","etiqueta","type-etiqueta","status-publish","hentry","description-off"],"acf":[],"_links":{"self":[{"href":"https:\/\/www.grupoargraf.com\/fr\/wp-json\/wp\/v2\/etiqueta\/9820","targetHints":{"allow":["GET"]}}],"collection":[{"href":"https:\/\/www.grupoargraf.com\/fr\/wp-json\/wp\/v2\/etiqueta"}],"about":[{"href":"https:\/\/www.grupoargraf.com\/fr\/wp-json\/wp\/v2\/types\/etiqueta"}],"wp:attachment":[{"href":"https:\/\/www.grupoargraf.com\/fr\/wp-json\/wp\/v2\/media?parent=9820"}],"wp:term":[{"taxonomy":"yst_prominent_words","embeddable":true,"href":"https:\/\/www.grupoargraf.com\/fr\/wp-json\/wp\/v2\/yst_prominent_words?post=9820"}],"curies":[{"name":"wp","href":"https:\/\/api.w.org\/{rel}","templated":true}]}}