{"id":7164,"date":"2024-04-09T16:39:02","date_gmt":"2024-04-09T14:39:02","guid":{"rendered":"https:\/\/www.grupoargraf.com\/?page_id=7164"},"modified":"2025-09-09T15:13:58","modified_gmt":"2025-09-09T13:13:58","slug":"etiquetas-para-vino","status":"publish","type":"etiqueta","link":"https:\/\/www.grupoargraf.com\/fr\/etiquetas\/etiquetas-para-vino\/","title":{"rendered":"Impresi\u00f3n de etiquetas para vino"},"content":{"rendered":"<div class=\"wpb-content-wrapper\"><p>[vc_row][vc_column][vc_column_text css=\u00a0\u00bb\u00a0\u00bb]<\/p>\n<h1>Impresi\u00f3n de etiquetas para vino:<br \/>\ncalidad y elegancia en cada botella<\/h1>\n<p>[\/vc_column_text][\/vc_column][\/vc_row][vc_row gap=\u00a0\u00bb20&Prime;][vc_column width=\u00a0\u00bb1\/2&Prime;][vc_column_text css=\u00a0\u00bb\u00a0\u00bb]La elecci\u00f3n de una <strong>etiqueta para una botella de vino<\/strong> es una declaraci\u00f3n de la esencia y la calidad que yace en cada botella. En Grupo Argraf, comprendemos profundamente c\u00f3mo una etiqueta ofrece la primera impresi\u00f3n de una marca ante el mundo y cuenta la historia y la esencia del vino. Con cada dise\u00f1o personalizado, buscamos fusionar la calidad excepcional y la elegancia intr\u00ednseca que el vino merece, garantizando que cada etiqueta refleje fielmente la pasi\u00f3n y el esfuerzo invertidos desde la vi\u00f1a hasta la bodega.<\/p>\n<p>Estamos comprometidos con la excelencia, utilizando las t\u00e9cnicas de impresi\u00f3n m\u00e1s innovadoras y una amplia gama de acabados especiales para crear etiquetas que capturan la vista y seducen el tacto. Tanto si se busca transmitir la riqueza de matices de un tinto o la frescura de un blanco ligero, nuestro trabajo consiste en elevar la presentaci\u00f3n del vino a trav\u00e9s de su etiqueta, asegurando que cada botella destaque en la estanter\u00eda y en la memoria.[\/vc_column_text][\/vc_column][vc_column width=\u00a0\u00bb1\/2&Prime;][vc_single_image image=\u00a0\u00bb7615&Prime; img_size=\u00a0\u00bbfull\u00a0\u00bb css=\u00a0\u00bb\u00a0\u00bb][\/vc_column][\/vc_row][vc_row gap=\u00a0\u00bb20&Prime;][vc_column width=\u00a0\u00bb1\/2&Prime;][vc_column_text css=\u00a0\u00bb.vc_custom_1743491350170{padding-right: 2em !important;}\u00a0\u00bb el_class=\u00a0\u00bbhg-text-intro\u00a0\u00bb]<\/p>\n<h2 style=\"margin-bottom: 1em;\">Un vino de calidad<br \/>\nse refleja en su etiqueta<\/h2>\n<p style=\"line-height: 1.4;\">La relaci\u00f3n entre un <strong>vino<\/strong> y la <strong>etiqueta de su botella<\/strong> es tan profunda como la que existe entre la obra de un artista y su lienzo. Una etiqueta no es simplemente un medio para transmitir la marca o el contenido alcoh\u00f3lico; es una extensi\u00f3n de la calidad y el car\u00e1cter del vino que resguarda. Una etiqueta bien dise\u00f1ada habla antes de que el corcho sea retirado, prometiendo una experiencia que est\u00e1 a la altura de la calidad que contiene la botella. En este sentido, la etiqueta act\u00faa como el embajador m\u00e1s fiable del vino, invitando a los entusiastas y conocedores a descubrir los sabores y aromas que esperan en su interior.<\/p>\n<p>[\/vc_column_text][\/vc_column][vc_column width=\u00a0\u00bb1\/2&Prime;][vc_column_text css=\u00a0\u00bb\u00a0\u00bb]<\/p>\n<h3>Asesor\u00eda personalizada en la impresi\u00f3n de etiquetas para vino<\/h3>\n<p>En el coraz\u00f3n de cada etiqueta excepcional se encuentra una fusi\u00f3n de creatividad y personalizaci\u00f3n, elementos que Grupo Argraf prioriza para garantizar que tu vino no solo se destaque, sino que tambi\u00e9n comunique su historia \u00fanica de manera efectiva. Nuestro enfoque hacia el <strong>dise\u00f1o de etiquetas para vino<\/strong> se centra en comprender profundamente la esencia de tu marca y el car\u00e1cter distintivo de cada vino, permiti\u00e9ndonos crear dise\u00f1os que resonar\u00e1n con tu audiencia objetivo y amplificar\u00e1n la percepci\u00f3n de calidad.<\/p>\n<h4>Asesoramiento experto en cada paso<\/h4>\n<p>Ofrecemos <strong>asesor\u00eda especializada<\/strong> en todos los aspectos de la <strong>producci\u00f3n de etiquetas<\/strong>. Esto incluye la <strong>selecci\u00f3n del papel adecuado<\/strong>, las <strong>t\u00e9cnicas de impresi\u00f3n m\u00e1s eficaces<\/strong> y los <strong>acabados<\/strong> que mejor complementen la est\u00e9tica deseada. Entendemos que la <strong>fabricaci\u00f3n de la etiqueta es tan importante como su dise\u00f1o<\/strong>; por ello, te guiamos a trav\u00e9s de las opciones de sostenibilidad, durabilidad y coste.<\/p>\n<h4>Un proceso colaborativo<\/h4>\n<p>Creemos firmemente en la colaboraci\u00f3n como clave para el \u00e9xito. Durante todo el proceso, desde la conceptualizaci\u00f3n hasta la producci\u00f3n final, mantenemos una comunicaci\u00f3n abierta y constante con nuestros clientes. Esta colaboraci\u00f3n garantiza que el dise\u00f1o final no solo cumpla sino que supere las expectativas, capturando la <strong>esencia de tu vino<\/strong> de manera que se traduzca en una experiencia memorable para el consumidor.[\/vc_column_text][\/vc_column][\/vc_row][vc_row][vc_column][vc_separator border_width=\u00a0\u00bb3&Prime;][\/vc_column][\/vc_row][vc_row][vc_column][templatera id=\u00a0\u00bb7178&Prime;][\/vc_column][\/vc_row][vc_row][vc_column][vc_separator border_width=\u00a0\u00bb3&Prime;][\/vc_column][\/vc_row][vc_row][vc_column][templatera id=\u00a0\u00bb6183&Prime;][\/vc_column][\/vc_row][vc_row][vc_column]<div class=\"dt-shortcode with-isotope\"><div class=\"filter iso-filter extras-off\"><div class=\"filter-categories\" data-default-order=\"desc\" data-default-orderby=\"date\"><a href=\"https:\/\/www.grupoargraf.com\/fr\/etiquetas\/etiquetas-para-vino\/\" class=\"show-all act\" data-filter=\"*\" aria-label=\"Apply filter: Tout voir\">Tout voir<\/a><a href=\"https:\/\/www.grupoargraf.com\/fr\/etiquetas\/etiquetas-para-vino\/?term=345\" class=\"estampillage\" data-filter=\".category-345\" aria-label=\"Apply filter: Estampillage\">Estampillage<\/a><a href=\"https:\/\/www.grupoargraf.com\/fr\/etiquetas\/etiquetas-para-vino\/?term=24\" class=\"quadrichromie\" data-filter=\".category-24\" aria-label=\"Apply filter: quadrichromie\">quadrichromie<\/a><a href=\"https:\/\/www.grupoargraf.com\/fr\/etiquetas\/etiquetas-para-vino\/?term=32\" class=\"relief\" data-filter=\".category-32\" aria-label=\"Apply filter: relief\">relief<\/a><a href=\"https:\/\/www.grupoargraf.com\/fr\/etiquetas\/etiquetas-para-vino\/?term=235\" class=\"relief-cloue\" data-filter=\".category-235\" aria-label=\"Apply filter: relief clou\u00e9\">relief clou\u00e9<\/a><a href=\"https:\/\/www.grupoargraf.com\/fr\/etiquetas\/etiquetas-para-vino\/?term=34\" class=\"relief-serigraphique\" data-filter=\".category-34\" aria-label=\"Apply filter: relief s\u00e9rigraphique\">relief s\u00e9rigraphique<\/a><a href=\"https:\/\/www.grupoargraf.com\/fr\/etiquetas\/etiquetas-para-vino\/?term=239\" class=\"relieve-inverso-fr\" data-filter=\".category-239\" aria-label=\"Apply filter: relief invers\u00e9\">relief invers\u00e9<\/a><a href=\"https:\/\/www.grupoargraf.com\/fr\/etiquetas\/etiquetas-para-vino\/?term=232\" class=\"relieve-mecanizado-fr\" data-filter=\".category-232\" aria-label=\"Apply filter: relief usin\u00e9\">relief usin\u00e9<\/a><a href=\"https:\/\/www.grupoargraf.com\/fr\/etiquetas\/etiquetas-para-vino\/?term=36\" class=\"serigraphie\" data-filter=\".category-36\" aria-label=\"Apply filter: s\u00e9rigraphie\">s\u00e9rigraphie<\/a><\/div><\/div><div class=\"wf-container dt-portfolio-shortcode jgrid-shortcode loading-effect-none iso-grid jg-container description-on-hover hover-style-two hover-fade content-align-centre\" data-padding=\"10px\" data-cur-page=\"1\" data-posts-per-page=\"-1\" data-target-height=\"387px\">\n<div class=\"wf-cell category-20 category-32\" data-post-id=\"9174\" data-date=\"2025-09-10T09:50:20+02:00\" data-name=\"Perelada Stars Cava\">\n<article class=\"post post-9174 dt_portfolio type-dt_portfolio status-publish has-post-thumbnail hentry dt_portfolio_category-alimentation dt_portfolio_category-relief dt_portfolio_category-20 dt_portfolio_category-32 text-centered\">\n\n\t<figure class=\"rollover-project forward-post\">\n\t<a href=\"https:\/\/www.grupoargraf.com\/fr\/projet\/perelada-stars-cava\/\" class=\"rollover layzr-bg\" title=\"Etiqueta de aceite de oliva Picual\"  aria-label=\"Post image\"><img fetchpriority=\"high\" decoding=\"async\" class=\"preload-me jgrid-lazy-load aspect\" src=\"data:image\/svg+xml,%3Csvg%20xmlns%3D&#39;http%3A%2F%2Fwww.w3.org%2F2000%2Fsvg&#39;%20viewBox%3D&#39;0%200%20503%20503&#39;%2F%3E\" data-src=\"https:\/\/www.grupoargraf.com\/wp-content\/uploads\/2025\/09\/picual-aceite-oliva-503x503.jpg\" data-srcset=\"https:\/\/www.grupoargraf.com\/wp-content\/uploads\/2025\/09\/picual-aceite-oliva-503x503.jpg 503w, https:\/\/www.grupoargraf.com\/wp-content\/uploads\/2025\/09\/picual-aceite-oliva-900x900.jpg 900w\" loading=\"eager\" style=\"--ratio: 503 \/ 503\" sizes=\"(max-width: 503px) 100vw, 503px\" alt=\"Etiqueta de aceite de oliva Picual\" width=\"503\" height=\"503\"  \/><\/a>\t<\/figure>\n<\/article>\n\n<\/div>\n<div class=\"wf-cell category-345 category-32 category-36\" data-post-id=\"8840\" data-date=\"2025-07-03T15:06:29+02:00\" data-name=\"Javier Sanz Viticultor\">\n<article class=\"post post-8840 dt_portfolio type-dt_portfolio status-publish has-post-thumbnail hentry dt_portfolio_category-estampillage dt_portfolio_category-relief dt_portfolio_category-serigraphie dt_portfolio_category-345 dt_portfolio_category-32 dt_portfolio_category-36 text-centered\">\n\n\t<figure class=\"rollover-project forward-post\">\n\t<a href=\"https:\/\/www.grupoargraf.com\/fr\/projet\/etiquette-de-vin-javier-sanz-viticultor\/\" class=\"rollover layzr-bg\" title=\"etiqueta-javier-sanz-3\"  aria-label=\"Post image\"><img decoding=\"async\" class=\"preload-me jgrid-lazy-load aspect\" src=\"data:image\/svg+xml,%3Csvg%20xmlns%3D&#39;http%3A%2F%2Fwww.w3.org%2F2000%2Fsvg&#39;%20viewBox%3D&#39;0%200%20503%20503&#39;%2F%3E\" data-src=\"https:\/\/www.grupoargraf.com\/wp-content\/uploads\/2025\/07\/etiqueta-javier-sanz-3-503x503.jpg\" data-srcset=\"https:\/\/www.grupoargraf.com\/wp-content\/uploads\/2025\/07\/etiqueta-javier-sanz-3-503x503.jpg 503w, https:\/\/www.grupoargraf.com\/wp-content\/uploads\/2025\/07\/etiqueta-javier-sanz-3-640x640.jpg 640w\" loading=\"eager\" style=\"--ratio: 503 \/ 503\" sizes=\"(max-width: 503px) 100vw, 503px\" alt=\"Etiqueta vino Javier Sanz\" width=\"503\" height=\"503\"  \/><\/a>\t<\/figure>\n<\/article>\n\n<\/div>\n<div class=\"wf-cell category-239 category-34 category-36 category-349\" data-post-id=\"9081\" data-date=\"2025-08-25T15:41:03+02:00\" data-name=\"Bidai Berri de Vi\u00f1a Zorzal\">\n<article class=\"post post-9081 dt_portfolio type-dt_portfolio status-publish has-post-thumbnail hentry dt_portfolio_category-relieve-inverso-fr dt_portfolio_category-relief-serigraphique dt_portfolio_category-serigraphie dt_portfolio_category-vernis-serigraphique dt_portfolio_category-239 dt_portfolio_category-34 dt_portfolio_category-36 dt_portfolio_category-349 text-centered\">\n\n\t<figure class=\"rollover-project forward-post\">\n\t<a href=\"https:\/\/www.grupoargraf.com\/fr\/projet\/bidai-berri-de-vina-zorzal\/\" class=\"rollover layzr-bg\" title=\"Bidai Berri de Vi\u00f1a Zorzal\"  aria-label=\"Post image\"><img decoding=\"async\" class=\"preload-me jgrid-lazy-load aspect\" src=\"data:image\/svg+xml,%3Csvg%20xmlns%3D&#39;http%3A%2F%2Fwww.w3.org%2F2000%2Fsvg&#39;%20viewBox%3D&#39;0%200%20503%20503&#39;%2F%3E\" data-src=\"https:\/\/www.grupoargraf.com\/wp-content\/uploads\/2025\/08\/Bidai-Berri-de-Vina-Zorzal-503x503.png\" data-srcset=\"https:\/\/www.grupoargraf.com\/wp-content\/uploads\/2025\/08\/Bidai-Berri-de-Vina-Zorzal-503x503.png 503w, https:\/\/www.grupoargraf.com\/wp-content\/uploads\/2025\/08\/Bidai-Berri-de-Vina-Zorzal-1006x1006.png 1006w\" loading=\"eager\" style=\"--ratio: 503 \/ 503\" sizes=\"(max-width: 503px) 100vw, 503px\" alt=\"\" width=\"503\" height=\"503\"  \/><\/a>\t<\/figure>\n<\/article>\n\n<\/div>\n<div class=\"wf-cell category-345 category-32\" data-post-id=\"8842\" data-date=\"2025-07-03T15:08:52+02:00\" data-name=\"Gran Marius\">\n<article class=\"post post-8842 dt_portfolio type-dt_portfolio status-publish has-post-thumbnail hentry dt_portfolio_category-estampillage dt_portfolio_category-relief dt_portfolio_category-345 dt_portfolio_category-32 text-centered\">\n\n\t<figure class=\"rollover-project forward-post\">\n\t<a href=\"https:\/\/www.grupoargraf.com\/fr\/projet\/etiquette-de-vin-gran-marius\/\" class=\"rollover layzr-bg\" title=\"etiqueta-gran-marius-2\"  aria-label=\"Post image\"><img decoding=\"async\" class=\"preload-me jgrid-lazy-load aspect\" src=\"data:image\/svg+xml,%3Csvg%20xmlns%3D&#39;http%3A%2F%2Fwww.w3.org%2F2000%2Fsvg&#39;%20viewBox%3D&#39;0%200%20503%20503&#39;%2F%3E\" data-src=\"https:\/\/www.grupoargraf.com\/wp-content\/uploads\/2025\/07\/etiqueta-gran-marius-2-503x503.jpg\" data-srcset=\"https:\/\/www.grupoargraf.com\/wp-content\/uploads\/2025\/07\/etiqueta-gran-marius-2-503x503.jpg 503w, https:\/\/www.grupoargraf.com\/wp-content\/uploads\/2025\/07\/etiqueta-gran-marius-2-1006x1006.jpg 1006w\" loading=\"eager\" style=\"--ratio: 503 \/ 503\" sizes=\"(max-width: 503px) 100vw, 503px\" alt=\"Etiqueta vino reserva Gran Marius\" width=\"503\" height=\"503\"  \/><\/a>\t<\/figure>\n<\/article>\n\n<\/div>\n<div class=\"wf-cell category-345 category-36\" data-post-id=\"8844\" data-date=\"2025-07-03T15:10:41+02:00\" data-name=\"La Cova Negra\">\n<article class=\"post post-8844 dt_portfolio type-dt_portfolio status-publish has-post-thumbnail hentry dt_portfolio_category-estampillage dt_portfolio_category-serigraphie dt_portfolio_category-345 dt_portfolio_category-36 text-centered\">\n\n\t<figure class=\"rollover-project forward-post\">\n\t<a href=\"https:\/\/www.grupoargraf.com\/fr\/projet\/etiquette-du-vin-la-cova-negra\/\" class=\"rollover layzr-bg\" title=\"etiqueta-la-cova-negra\"  aria-label=\"Post image\"><img decoding=\"async\" class=\"preload-me jgrid-lazy-load aspect\" src=\"data:image\/svg+xml,%3Csvg%20xmlns%3D&#39;http%3A%2F%2Fwww.w3.org%2F2000%2Fsvg&#39;%20viewBox%3D&#39;0%200%20503%20503&#39;%2F%3E\" data-src=\"https:\/\/www.grupoargraf.com\/wp-content\/uploads\/2025\/07\/etiqueta-la-cova-negra-503x503.jpg\" data-srcset=\"https:\/\/www.grupoargraf.com\/wp-content\/uploads\/2025\/07\/etiqueta-la-cova-negra-503x503.jpg 503w, https:\/\/www.grupoargraf.com\/wp-content\/uploads\/2025\/07\/etiqueta-la-cova-negra-1006x1006.jpg 1006w\" loading=\"eager\" style=\"--ratio: 503 \/ 503\" sizes=\"(max-width: 503px) 100vw, 503px\" alt=\"Etiqueta vino La Cova Negra\" width=\"503\" height=\"503\"  \/><\/a>\t<\/figure>\n<\/article>\n\n<\/div>\n<div class=\"wf-cell category-345 category-24 category-235\" data-post-id=\"8846\" data-date=\"2025-07-03T15:13:50+02:00\" data-name=\"Lecciones de Vuelo\">\n<article class=\"post post-8846 dt_portfolio type-dt_portfolio status-publish has-post-thumbnail hentry dt_portfolio_category-estampillage dt_portfolio_category-quadrichromie dt_portfolio_category-relief-cloue dt_portfolio_category-345 dt_portfolio_category-24 dt_portfolio_category-235 text-centered\">\n\n\t<figure class=\"rollover-project forward-post\">\n\t<a href=\"https:\/\/www.grupoargraf.com\/fr\/projet\/etiquette-de-vin-flying-lessons\/\" class=\"rollover layzr-bg\" title=\"etiqueta-lecciones-de-vuelo\"  aria-label=\"Post image\"><img decoding=\"async\" class=\"preload-me jgrid-lazy-load aspect\" src=\"data:image\/svg+xml,%3Csvg%20xmlns%3D&#39;http%3A%2F%2Fwww.w3.org%2F2000%2Fsvg&#39;%20viewBox%3D&#39;0%200%20503%20503&#39;%2F%3E\" data-src=\"https:\/\/www.grupoargraf.com\/wp-content\/uploads\/2025\/07\/etiqueta-lecciones-de-vuelo-503x503.jpg\" data-srcset=\"https:\/\/www.grupoargraf.com\/wp-content\/uploads\/2025\/07\/etiqueta-lecciones-de-vuelo-503x503.jpg 503w, https:\/\/www.grupoargraf.com\/wp-content\/uploads\/2025\/07\/etiqueta-lecciones-de-vuelo-1006x1006.jpg 1006w\" loading=\"eager\" style=\"--ratio: 503 \/ 503\" sizes=\"(max-width: 503px) 100vw, 503px\" alt=\"Etiqueta vino Lecciones de Vuelo\" width=\"503\" height=\"503\"  \/><\/a>\t<\/figure>\n<\/article>\n\n<\/div>\n<div class=\"wf-cell category-345 category-32 category-36\" data-post-id=\"8848\" data-date=\"2025-07-03T15:15:41+02:00\" data-name=\"De Post\u00edn\">\n<article class=\"post post-8848 dt_portfolio type-dt_portfolio status-publish has-post-thumbnail hentry dt_portfolio_category-estampillage dt_portfolio_category-relief dt_portfolio_category-serigraphie dt_portfolio_category-345 dt_portfolio_category-32 dt_portfolio_category-36 text-centered\">\n\n\t<figure class=\"rollover-project forward-post\">\n\t<a href=\"https:\/\/www.grupoargraf.com\/fr\/projet\/etiquette-de-vin-de-postin\/\" class=\"rollover layzr-bg\" title=\"etiqueta-de-postin\"  aria-label=\"Post image\"><img decoding=\"async\" class=\"preload-me jgrid-lazy-load aspect\" src=\"data:image\/svg+xml,%3Csvg%20xmlns%3D&#39;http%3A%2F%2Fwww.w3.org%2F2000%2Fsvg&#39;%20viewBox%3D&#39;0%200%20503%20503&#39;%2F%3E\" data-src=\"https:\/\/www.grupoargraf.com\/wp-content\/uploads\/2025\/07\/etiqueta-de-postin-503x503.jpg\" data-srcset=\"https:\/\/www.grupoargraf.com\/wp-content\/uploads\/2025\/07\/etiqueta-de-postin-503x503.jpg 503w, https:\/\/www.grupoargraf.com\/wp-content\/uploads\/2025\/07\/etiqueta-de-postin-1006x1006.jpg 1006w\" loading=\"eager\" style=\"--ratio: 503 \/ 503\" sizes=\"(max-width: 503px) 100vw, 503px\" alt=\"Etiqueta de vino De Post\u00edn\" width=\"503\" height=\"503\"  \/><\/a>\t<\/figure>\n<\/article>\n\n<\/div>\n<div class=\"wf-cell category-345 category-36\" data-post-id=\"8850\" data-date=\"2025-07-03T15:17:38+02:00\" data-name=\"Imperial Reserva\">\n<article class=\"post post-8850 dt_portfolio type-dt_portfolio status-publish has-post-thumbnail hentry dt_portfolio_category-estampillage dt_portfolio_category-serigraphie dt_portfolio_category-345 dt_portfolio_category-36 text-centered\">\n\n\t<figure class=\"rollover-project forward-post\">\n\t<a href=\"https:\/\/www.grupoargraf.com\/fr\/projet\/etiquette-de-vin-imperial-reserva\/\" class=\"rollover layzr-bg\" title=\"imperial-reserva\"  aria-label=\"Post image\"><img decoding=\"async\" class=\"preload-me jgrid-lazy-load aspect\" src=\"data:image\/svg+xml,%3Csvg%20xmlns%3D&#39;http%3A%2F%2Fwww.w3.org%2F2000%2Fsvg&#39;%20viewBox%3D&#39;0%200%20503%20503&#39;%2F%3E\" data-src=\"https:\/\/www.grupoargraf.com\/wp-content\/uploads\/2025\/07\/imperial-reserva-503x503.jpg\" data-srcset=\"https:\/\/www.grupoargraf.com\/wp-content\/uploads\/2025\/07\/imperial-reserva-503x503.jpg 503w, https:\/\/www.grupoargraf.com\/wp-content\/uploads\/2025\/07\/imperial-reserva-640x640.jpg 640w\" loading=\"eager\" style=\"--ratio: 503 \/ 503\" sizes=\"(max-width: 503px) 100vw, 503px\" alt=\"Etiqueta vino Imperial Reserva de CVNE\" width=\"503\" height=\"503\"  \/><\/a>\t<\/figure>\n<\/article>\n\n<\/div>\n<div class=\"wf-cell category-345 category-32\" data-post-id=\"8852\" data-date=\"2025-07-03T15:18:55+02:00\" data-name=\"Golerga\">\n<article class=\"post post-8852 dt_portfolio type-dt_portfolio status-publish has-post-thumbnail hentry dt_portfolio_category-estampillage dt_portfolio_category-relief dt_portfolio_category-345 dt_portfolio_category-32 text-centered\">\n\n\t<figure class=\"rollover-project forward-post\">\n\t<a href=\"https:\/\/www.grupoargraf.com\/fr\/projet\/etiquette-de-vin-golerga\/\" class=\"rollover layzr-bg\" title=\"golerga1\"  aria-label=\"Post image\"><img decoding=\"async\" class=\"preload-me jgrid-lazy-load aspect\" src=\"data:image\/svg+xml,%3Csvg%20xmlns%3D&#39;http%3A%2F%2Fwww.w3.org%2F2000%2Fsvg&#39;%20viewBox%3D&#39;0%200%20503%20503&#39;%2F%3E\" data-src=\"https:\/\/www.grupoargraf.com\/wp-content\/uploads\/2025\/07\/golerga1-503x503.jpg\" data-srcset=\"https:\/\/www.grupoargraf.com\/wp-content\/uploads\/2025\/07\/golerga1-503x503.jpg 503w, https:\/\/www.grupoargraf.com\/wp-content\/uploads\/2025\/07\/golerga1-1006x1006.jpg 1006w\" loading=\"eager\" style=\"--ratio: 503 \/ 503\" sizes=\"(max-width: 503px) 100vw, 503px\" alt=\"Etiqueta Vino Golerga\" width=\"503\" height=\"503\"  \/><\/a>\t<\/figure>\n<\/article>\n\n<\/div>\n<div class=\"wf-cell category-345 category-36\" data-post-id=\"8854\" data-date=\"2025-07-03T15:20:41+02:00\" data-name=\"Cuatro del Cuatro\">\n<article class=\"post post-8854 dt_portfolio type-dt_portfolio status-publish has-post-thumbnail hentry dt_portfolio_category-estampillage dt_portfolio_category-serigraphie dt_portfolio_category-345 dt_portfolio_category-36 text-centered\">\n\n\t<figure class=\"rollover-project forward-post\">\n\t<a href=\"https:\/\/www.grupoargraf.com\/fr\/projet\/etiquette-du-vin-cuatro-del-cuatro\/\" class=\"rollover layzr-bg\" title=\"cuatro-del-cuatro\"  aria-label=\"Post image\"><img decoding=\"async\" class=\"preload-me jgrid-lazy-load aspect\" src=\"data:image\/svg+xml,%3Csvg%20xmlns%3D&#39;http%3A%2F%2Fwww.w3.org%2F2000%2Fsvg&#39;%20viewBox%3D&#39;0%200%20503%20503&#39;%2F%3E\" data-src=\"https:\/\/www.grupoargraf.com\/wp-content\/uploads\/2025\/07\/cuatro-del-cuatro-503x503.jpg\" data-srcset=\"https:\/\/www.grupoargraf.com\/wp-content\/uploads\/2025\/07\/cuatro-del-cuatro-503x503.jpg 503w, https:\/\/www.grupoargraf.com\/wp-content\/uploads\/2025\/07\/cuatro-del-cuatro-1006x1006.jpg 1006w\" loading=\"eager\" style=\"--ratio: 503 \/ 503\" sizes=\"(max-width: 503px) 100vw, 503px\" alt=\"Etiqueta Vino Cuatro del Cuatro\" width=\"503\" height=\"503\"  \/><\/a>\t<\/figure>\n<\/article>\n\n<\/div>\n<div class=\"wf-cell category-345 category-232\" data-post-id=\"8856\" data-date=\"2025-07-03T15:22:33+02:00\" data-name=\"Marqu\u00e9s de Murrieta Reserva\">\n<article class=\"post post-8856 dt_portfolio type-dt_portfolio status-publish has-post-thumbnail hentry dt_portfolio_category-estampillage dt_portfolio_category-relieve-mecanizado-fr dt_portfolio_category-345 dt_portfolio_category-232 text-centered\">\n\n\t<figure class=\"rollover-project forward-post\">\n\t<a href=\"https:\/\/www.grupoargraf.com\/fr\/projet\/etiquette-de-vin-marques-de-murrieta-reserva\/\" class=\"rollover layzr-bg\" title=\"mmr1\"  aria-label=\"Post image\"><img decoding=\"async\" class=\"preload-me jgrid-lazy-load aspect\" src=\"data:image\/svg+xml,%3Csvg%20xmlns%3D&#39;http%3A%2F%2Fwww.w3.org%2F2000%2Fsvg&#39;%20viewBox%3D&#39;0%200%20503%20503&#39;%2F%3E\" data-src=\"https:\/\/www.grupoargraf.com\/wp-content\/uploads\/2025\/07\/mmr1-503x503.jpg\" data-srcset=\"https:\/\/www.grupoargraf.com\/wp-content\/uploads\/2025\/07\/mmr1-503x503.jpg 503w, https:\/\/www.grupoargraf.com\/wp-content\/uploads\/2025\/07\/mmr1-750x750.jpg 750w\" loading=\"eager\" style=\"--ratio: 503 \/ 503\" sizes=\"(max-width: 503px) 100vw, 503px\" alt=\"Etiqueta de botella de vino Marqu\u00e9s de Murrieta 2020\" width=\"503\" height=\"503\"  \/><\/a>\t<\/figure>\n<\/article>\n\n<\/div>\n<div class=\"wf-cell category-32\" data-post-id=\"8858\" data-date=\"2025-07-03T15:23:54+02:00\" data-name=\"P\u00e1mpano\">\n<article class=\"post post-8858 dt_portfolio type-dt_portfolio status-publish has-post-thumbnail hentry dt_portfolio_category-relief dt_portfolio_category-32 text-centered\">\n\n\t<figure class=\"rollover-project forward-post\">\n\t<a href=\"https:\/\/www.grupoargraf.com\/fr\/projet\/etiquette-de-vin-pampano\/\" class=\"rollover layzr-bg\" title=\"pampano\"  aria-label=\"Post image\"><img decoding=\"async\" class=\"preload-me jgrid-lazy-load aspect\" src=\"data:image\/svg+xml,%3Csvg%20xmlns%3D&#39;http%3A%2F%2Fwww.w3.org%2F2000%2Fsvg&#39;%20viewBox%3D&#39;0%200%20503%20503&#39;%2F%3E\" data-src=\"https:\/\/www.grupoargraf.com\/wp-content\/uploads\/2025\/07\/pampano-503x503.jpg\" data-srcset=\"https:\/\/www.grupoargraf.com\/wp-content\/uploads\/2025\/07\/pampano-503x503.jpg 503w, https:\/\/www.grupoargraf.com\/wp-content\/uploads\/2025\/07\/pampano-1006x1006.jpg 1006w\" loading=\"eager\" style=\"--ratio: 503 \/ 503\" sizes=\"(max-width: 503px) 100vw, 503px\" alt=\"Etiqueta botella de vino P\u00e1mpano\" width=\"503\" height=\"503\"  \/><\/a>\t<\/figure>\n<\/article>\n\n<\/div><\/div><\/div>[\/vc_column][\/vc_row]<\/p>\n<\/div>","protected":false},"featured_media":0,"parent":0,"menu_order":0,"template":"","meta":{"_acf_changed":false},"yst_prominent_words":[138,78,94,73,72,75,141,131,219,199],"class_list":["post-7164","etiqueta","type-etiqueta","status-publish","hentry","description-off"],"acf":[],"_links":{"self":[{"href":"https:\/\/www.grupoargraf.com\/fr\/wp-json\/wp\/v2\/etiqueta\/7164","targetHints":{"allow":["GET"]}}],"collection":[{"href":"https:\/\/www.grupoargraf.com\/fr\/wp-json\/wp\/v2\/etiqueta"}],"about":[{"href":"https:\/\/www.grupoargraf.com\/fr\/wp-json\/wp\/v2\/types\/etiqueta"}],"wp:attachment":[{"href":"https:\/\/www.grupoargraf.com\/fr\/wp-json\/wp\/v2\/media?parent=7164"}],"wp:term":[{"taxonomy":"yst_prominent_words","embeddable":true,"href":"https:\/\/www.grupoargraf.com\/fr\/wp-json\/wp\/v2\/yst_prominent_words?post=7164"}],"curies":[{"name":"wp","href":"https:\/\/api.w.org\/{rel}","templated":true}]}}