{"id":5397,"date":"2023-11-06T16:59:02","date_gmt":"2023-11-06T15:59:02","guid":{"rendered":"https:\/\/www.grupoargraf.com\/sin-limites-a-tu-creatividad-2023\/"},"modified":"2024-03-03T16:24:08","modified_gmt":"2024-03-03T15:24:08","slug":"sense-limits-a-la-teva-creativitat-2023","status":"publish","type":"page","link":"https:\/\/www.grupoargraf.com\/ca\/sense-limits-a-la-teva-creativitat-2023\/","title":{"rendered":"SENSE LIMITS A LA TEVA CREATIVITAT 2023"},"content":{"rendered":"<div class=\"wpb-content-wrapper\"><p>[vc_row][vc_column][vc_column_text]<\/p>\n<h1 class=\"serv14\">SENSE LIMITS A LA TEVA CREATIVITAT 2023<\/h1>\n<p>[\/vc_column_text][vc_row_inner][vc_column_inner width=&#8221;1\/2&#8243;][vc_separator color=&#8221;white&#8221;][vc_column_text]<\/p>\n<div class=\"serv13\">\n<h3 class=\"his4b\"><span style=\"color: #a38620;\"><em><strong>\u201cSense l\u00edmits a la teva creativitat\u201d torna al pened\u00e8s a la seva cinquena edici\u00f3.<\/strong><\/em><\/span><\/h3>\n<p>&nbsp;<\/p>\n<h3 class=\"his4\">Marques i professionals del disseny van tornar a reunir-se en una cita que ja s&#8217;ha consolidat com a un dels esdeveniments de refer\u00e8ncia del sector.<\/h3>\n<\/div>\n<p>[\/vc_column_text][vc_separator color=&#8221;white&#8221;][vc_column_text]<\/p>\n<p class=\"his4b\"><span style=\"color: #a38620;\"><em><strong>Grup Argraf ha tornat a apostar pel territori catal\u00e0 per celebrar la cita anual en qu\u00e8 reuneix els dissenyadors gr\u00e0fics m\u00e9s destacats del panorama actual. Sant Sadurn\u00ed d&#8217;Anoia ha estat l&#8217;escenari, durant els dies 26 i 27 de novembre, de la cinquena edici\u00f3 de \u201cSense L\u00edmits a la teva Creativitat\u201d, durant la qual els assistents van poder con\u00e8ixer detalladament les tend\u00e8ncies en etiquetes, papereria i c\u00e0psules de cava, alhora que compartien experi\u00e8ncies i generaven sinergies amb altres professionals del disseny i amb les marques assistents. Per aix\u00f2, Grupo Argraf ha comptat amb la col\u00b7laboraci\u00f3 de Rivercap, Avery Dennison i Comercial Arqu\u00e9.<\/strong><\/em><\/span><\/p>\n<p>[\/vc_column_text][vc_column_text]La trobada, a la qual com en edicions anteriors nom\u00e9s es va ser possible accedir per invitaci\u00f3, es consolida aix\u00ed com una de les dates ineludibles a les agendes dels pesos pesants del disseny nacional, que recolzen l&#8217;esdeveniment des dels seus inicis i no es van voler perdre aquesta cinquena edici\u00f3.<\/p>\n<p>Que Grupo Argraf hagi decidit tornar a celebrar \u201cSense L\u00edmits a la teva Creativitat\u201d al Pened\u00e8s posa en relleu la seva intenci\u00f3 de consolidar, com a l\u00edder al sector de l&#8217;etiquetatge d&#8217;alt valor, el seu comprom\u00eds amb aquesta regi\u00f3 clau en la producci\u00f3 de vins i caves , que ja va manifestar en anys anteriors apostant per l&#8217;adquisici\u00f3 de la seva seu a Rub\u00ed.[\/vc_column_text][\/vc_column_inner][vc_column_inner width=&#8221;1\/2&#8243;][vc_single_image image=&#8221;5382&#8243; img_size=&#8221;large&#8221; onclick=&#8221;img_link_large&#8221;][\/vc_column_inner][\/vc_row_inner][vc_row_inner][vc_column_inner width=&#8221;1\/6&#8243;][\/vc_column_inner][vc_column_inner width=&#8221;4\/6&#8243;][vc_video link=&#8221;https:\/\/youtu.be\/SoZ2aT9iPVY?si=nKjjV3pAYn8xNnSX&#8221; align=&#8221;center&#8221;][\/vc_column_inner][vc_column_inner width=&#8221;1\/6&#8243;][\/vc_column_inner][\/vc_row_inner][vc_row_inner][vc_column_inner][vc_column_text]El director d&#8217;Argraf Catalunya, Miguel \u00c1ngel Torroba, va assenyalar durant l&#8217;esdeveniment que aquesta cinquena edici\u00f3 \u201cs&#8217;ha intentat, com cada any, mantenir l&#8217;ess\u00e8ncia d&#8217;una cita que sempre ha girat al voltant de la conversa, la reflexi\u00f3 i el gaudi, amb el repte afegit de crear experi\u00e8ncies noves i sorprenents que, una vegada m\u00e9s, desafien els l\u00edmits de la nostra pr\u00f2pia creativitat i la dels assistents\u201d.<\/p>\n<p>A la trobada van assistir-hi professionals del disseny gr\u00e0fic d&#8217;alt nivell procedents de diferents punts de la geografia espanyola, que van gaudir un any m\u00e9s de dues intenses jornades carregades d&#8217;inspiradores i reptadores experi\u00e8ncies al meravell\u00f3s entorn de Sant Sadurn\u00ed d&#8217;Anoia. Entre elles, va destacar la xerrada oferta pel prestigi\u00f3s especialista en Biomedicina Marcos Malumbres, que va assenyalar la import\u00e0ncia de l&#8217;estil de vida en la salut de les comunitats, i el fet que les poblacions m\u00e9s centen\u00e0ries siguin aquelles que s\u00f3n no nom\u00e9s m\u00e9s saludables, sin\u00f3 tamb\u00e9 m\u00e9s feli\u00e7os i proclius a celebrar en comunitat la seva feina di\u00e0ria amb la pres\u00e8ncia moderada del vi. El colof\u00f3 \u200b\u200bfinal va ser el tast, previ al dinar de comiat, dirigit per \u00c1lvaro Ribalta, el Master of Wine espanyol m\u00e9s recent i guardonat amb la Medalla Madame Bollinger.[\/vc_column_text][\/vc_column_inner][\/vc_row_inner][vc_row_inner][vc_column_inner][\/vc_column_inner][\/vc_row_inner][\/vc_column][\/vc_row][vc_row][vc_column][vc_column_text]<\/p>\n<p>[\/vc_column_text][vc_cta h2=&#8221;&#8221; add_button=&#8221;bottom&#8221; btn_title=&#8221;Veure altres edicions&#8221; btn_color=&#8221;warning&#8221; btn_size=&#8221;lg&#8221; btn_align=&#8221;center&#8221; btn_link=&#8221;url:https%3A%2F%2Fwww.grupoargraf.com%2Fca%2Fargraf%2Fsense-limits%2F&#8221;][\/vc_cta][\/vc_column][\/vc_row]<\/p>\n<\/div>","protected":false},"excerpt":{"rendered":"<p>[vc_row][vc_column][vc_column_text] SENSE LIMITS A LA TEVA CREATIVITAT 2023 [\/vc_column_text][vc_row_inner][vc_column_inner width=&#8221;1\/2&#8243;][vc_separator color=&#8221;white&#8221;][vc_column_text] \u201cSense l\u00edmits a la teva creativitat\u201d torna al pened\u00e8s a la seva cinquena edici\u00f3. &nbsp; Marques i professionals del disseny van tornar a reunir-se en una cita que ja s&#8217;ha consolidat com a un dels esdeveniments de refer\u00e8ncia del sector. [\/vc_column_text][vc_separator color=&#8221;white&#8221;][vc_column_text] Grup Argraf&hellip;<\/p>\n","protected":false},"author":2,"featured_media":0,"parent":0,"menu_order":0,"comment_status":"closed","ping_status":"closed","template":"","meta":{"_acf_changed":false,"footnotes":""},"yst_prominent_words":[131],"class_list":["post-5397","page","type-page","status-publish","hentry","description-off"],"acf":[],"_links":{"self":[{"href":"https:\/\/www.grupoargraf.com\/ca\/wp-json\/wp\/v2\/pages\/5397","targetHints":{"allow":["GET"]}}],"collection":[{"href":"https:\/\/www.grupoargraf.com\/ca\/wp-json\/wp\/v2\/pages"}],"about":[{"href":"https:\/\/www.grupoargraf.com\/ca\/wp-json\/wp\/v2\/types\/page"}],"author":[{"embeddable":true,"href":"https:\/\/www.grupoargraf.com\/ca\/wp-json\/wp\/v2\/users\/2"}],"replies":[{"embeddable":true,"href":"https:\/\/www.grupoargraf.com\/ca\/wp-json\/wp\/v2\/comments?post=5397"}],"version-history":[{"count":0,"href":"https:\/\/www.grupoargraf.com\/ca\/wp-json\/wp\/v2\/pages\/5397\/revisions"}],"wp:attachment":[{"href":"https:\/\/www.grupoargraf.com\/ca\/wp-json\/wp\/v2\/media?parent=5397"}],"wp:term":[{"taxonomy":"yst_prominent_words","embeddable":true,"href":"https:\/\/www.grupoargraf.com\/ca\/wp-json\/wp\/v2\/yst_prominent_words?post=5397"}],"curies":[{"name":"wp","href":"https:\/\/api.w.org\/{rel}","templated":true}]}}