{"id":4398,"date":"2019-10-15T18:32:16","date_gmt":"2019-10-15T16:32:16","guid":{"rendered":"https:\/\/www.grupoargraf.com\/inicio\/"},"modified":"2026-03-31T08:30:49","modified_gmt":"2026-03-31T06:30:49","slug":"inicio","status":"publish","type":"page","link":"https:\/\/www.grupoargraf.com\/ca\/","title":{"rendered":"Grup Argraf"},"content":{"rendered":"<div class=\"wpb-content-wrapper\"><p>[vc_row][vc_column][vc_row_inner][vc_column_inner width=&#8221;1\/4&#8243;][\/vc_column_inner][vc_column_inner width=&#8221;1\/2&#8243;][vc_column_text]<\/p>\n<h1 style=\"text-align: center;\"><span class=\"negrita\">Grup<\/span><strong><span class=\"negrita\">\u00a0ARGRAF<\/span><\/strong><\/h1>\n<p style=\"text-align: center;\">A Grup Argraf som especialistes a Espanya en la <a href=\"https:\/\/www.grupoargraf.com\/ca\/cataleg\/etiquetes-alimentaries\/\">fabricaci\u00f3 d\u2019etiquetes alimentaries<\/a>, i l\u00edders absoluts en <a href=\"https:\/\/www.grupoargraf.com\/ca\/cataleg\/etiquetes-vi-i-cava\/\">etiquetes de vi<\/a>. 900 milions d\u2019ampolles de vi porten la marca de Grup Argraf. El nostre repte \u00e9s sempre, millorar les etiquetes existents al mercat i aconseguir que es diferenci\u00efn de la resta. Per a aix\u00f2, treballem constantment en la qualitat, la presentaci\u00f3 i la innovaci\u00f3 amb l\u2019objectiu d\u2019ajudar als nostres clients a aconseguir el seu gran prop\u00f2sit, vendre.<\/p>\n<p>[\/vc_column_text][\/vc_column_inner][vc_column_inner width=&#8221;1\/4&#8243;][\/vc_column_inner][\/vc_row_inner][vc_row_inner][vc_column_inner][vc_empty_space height=&#8221;20px&#8221;][\/vc_column_inner][\/vc_row_inner][vc_row_inner][vc_column_inner width=&#8221;1\/5&#8243;][vc_single_image image=&#8221;4353&#8243; img_size=&#8221;full&#8221; alignment=&#8221;center&#8221; onclick=&#8221;custom_link&#8221; css_animation=&#8221;slideInUp&#8221; image_hovers=&#8221;false&#8221; link=&#8221;https:\/\/www.grupoargraf.com\/ca\/argraf\/historia\/&#8221;][vc_column_text]<\/p>\n<h2 class=\"h2-small\" style=\"text-align: center;\"><a href=\"https:\/\/www.grupoargraf.com\/ca\/argraf\/historia\/\">Hist\u00f2ria<\/a><\/h2>\n<p style=\"text-align: center;\">1939, senyor Lucio Torroba comen\u00e7a el seu recorregut en les arts gr\u00e0fiques<\/p>\n<p>[\/vc_column_text][\/vc_column_inner][vc_column_inner width=&#8221;1\/5&#8243;][vc_single_image image=&#8221;6676&#8243; img_size=&#8221;large&#8221; alignment=&#8221;center&#8221; onclick=&#8221;custom_link&#8221; css_animation=&#8221;slideInUp&#8221; image_hovers=&#8221;false&#8221; link=&#8221;https:\/\/www.grupoargraf.com\/ca\/argraf\/instalacions-i-tecnologia\/&#8221;][vc_column_text]<\/p>\n<h2 class=\"h2-small\" style=\"text-align: center;\"><a href=\"https:\/\/www.grupoargraf.com\/ca\/argraf\/instalacions-i-tecnologia\/\">Tecnologia<\/a><\/h2>\n<p style=\"text-align: center;\">Inversi\u00f3 cont\u00ednua en R+D+I per oferir els millors resultats d\u2019impressi\u00f3<\/p>\n<p>[\/vc_column_text][\/vc_column_inner][vc_column_inner width=&#8221;1\/5&#8243;][vc_single_image image=&#8221;6671&#8243; img_size=&#8221;large&#8221; alignment=&#8221;center&#8221; onclick=&#8221;custom_link&#8221; css_animation=&#8221;slideInUp&#8221; image_hovers=&#8221;false&#8221; link=&#8221;https:\/\/www.grupoargraf.com\/ca\/serveis\/&#8221;][vc_column_text]<\/p>\n<h2 class=\"h2-small\" style=\"text-align: center;\"><a href=\"https:\/\/www.grupoargraf.com\/ca\/serveis\/\">Serveis<\/a><\/h2>\n<p style=\"text-align: center;\">Oferim un servei global 360\u00ba. Assessorament en disseny, impressi\u00f3 i acabats<\/p>\n<p>[\/vc_column_text][\/vc_column_inner][vc_column_inner width=&#8221;1\/5&#8243;][vc_single_image image=&#8221;6668&#8243; img_size=&#8221;large&#8221; alignment=&#8221;center&#8221; onclick=&#8221;custom_link&#8221; css_animation=&#8221;slideInUp&#8221; image_hovers=&#8221;false&#8221; link=&#8221;https:\/\/www.grupoargraf.com\/ca\/argraf\/qualitat-i-medi-ambient\/&#8221;][vc_column_text]<\/p>\n<h2 class=\"h2-small\" style=\"text-align: center;\"><a href=\"https:\/\/www.grupoargraf.com\/ca\/argraf\/qualitat-i-medi-ambient\/\">Qualitat<\/a><\/h2>\n<p style=\"text-align: center;\">Ens esforcem al m\u00e0xim per a complir requeriments legals i dels nostres clients<\/p>\n<p>[\/vc_column_text][\/vc_column_inner][vc_column_inner width=&#8221;1\/5&#8243;][vc_single_image image=&#8221;6665&#8243; img_size=&#8221;large&#8221; alignment=&#8221;center&#8221; onclick=&#8221;custom_link&#8221; css_animation=&#8221;slideInUp&#8221; image_hovers=&#8221;false&#8221; link=&#8221;https:\/\/www.grupoargraf.com\/ca\/argraf\/qualitat-i-medi-ambient\/&#8221;][vc_column_text]<\/p>\n<h2 class=\"h2-small\" style=\"text-align: center;\"><a href=\"https:\/\/www.grupoargraf.com\/ca\/argraf\/qualitat-i-medi-ambient\/\">Medi ambient<\/a><\/h2>\n<p style=\"text-align: center;\">Gesti\u00f3 efica\u00e7 per a minimitzar al m\u00e0xim impactes mediambientals negatius<\/p>\n<p>[\/vc_column_text][\/vc_column_inner][\/vc_row_inner][vc_row_inner][vc_column_inner][vc_separator border_width=&#8221;2&#8243;][\/vc_column_inner][\/vc_row_inner][\/vc_column][\/vc_row][vc_row][vc_column][vc_row_inner][vc_column_inner width=&#8221;1\/3&#8243;][\/vc_column_inner][vc_column_inner width=&#8221;1\/3&#8243;][vc_column_text]<\/p>\n<h3 style=\"text-align: center;\"><strong>Treballs destacats<\/strong><\/h3>\n<p style=\"text-align: center;\">Entra al nostre <a href=\"https:\/\/www.grupoargraf.com\/ca\/cataleg\/\">cat\u00e0leg<\/a> de treballs realitzats i comprova la nostra capacitat de producci\u00f3 i la qualitat dels acabats<\/p>\n<p>[\/vc_column_text][\/vc_column_inner][vc_column_inner width=&#8221;1\/3&#8243;][\/vc_column_inner][\/vc_row_inner][vc_row_inner][vc_column_inner]<div class=\"dt-shortcode with-isotope\"><div class=\"wf-container dt-portfolio-shortcode jgrid-shortcode loading-effect-none iso-grid jg-container description-on-hover hover-style-two hover-fade content-align-centre\" data-padding=\"10px\" data-cur-page=\"1\" data-posts-per-page=\"-1\" data-target-height=\"400px\">\n<div class=\"wf-cell\" data-post-id=\"8789\" data-date=\"2025-07-03T13:41:11+02:00\" data-name=\"Javier Sanz Viticultor\">\n<article class=\"post post-8789 dt_portfolio type-dt_portfolio status-publish has-post-thumbnail hentry dt_portfolio_category-estampacio-ca dt_portfolio_category-relleu dt_portfolio_category-serigrafia-ca dt_portfolio_category-343 dt_portfolio_category-280 dt_portfolio_category-285 text-centered\">\n\n\t<figure class=\"rollover-project forward-post\">\n\t<a href=\"https:\/\/www.grupoargraf.com\/ca\/projecte\/etiqueta-javier-sanz-viticultor\/\" class=\"rollover layzr-bg\" title=\"etiqueta-javier-sanz-3\"  aria-label=\"Post image\"><img fetchpriority=\"high\" decoding=\"async\" class=\"preload-me jgrid-lazy-load aspect\" src=\"data:image\/svg+xml,%3Csvg%20xmlns%3D&#39;http%3A%2F%2Fwww.w3.org%2F2000%2Fsvg&#39;%20viewBox%3D&#39;0%200%20416%20520&#39;%2F%3E\" data-src=\"https:\/\/www.grupoargraf.com\/wp-content\/uploads\/2025\/07\/etiqueta-javier-sanz-3-416x520.jpg\" data-srcset=\"https:\/\/www.grupoargraf.com\/wp-content\/uploads\/2025\/07\/etiqueta-javier-sanz-3-416x520.jpg 416w, https:\/\/www.grupoargraf.com\/wp-content\/uploads\/2025\/07\/etiqueta-javier-sanz-3.jpg 640w\" loading=\"eager\" style=\"--ratio: 416 \/ 520\" sizes=\"(max-width: 416px) 100vw, 416px\" alt=\"Etiqueta vino Javier Sanz\" width=\"416\" height=\"520\"  \/><\/a>\t<\/figure>\n<\/article>\n\n<\/div>\n<div class=\"wf-cell\" data-post-id=\"9077\" data-date=\"2025-08-25T15:37:59+02:00\" data-name=\"Bidai Berri de Vi\u00f1a Zorzal\">\n<article class=\"post post-9077 dt_portfolio type-dt_portfolio status-publish has-post-thumbnail hentry dt_portfolio_category-relleu-invers dt_portfolio_category-relleu-serigrafiat dt_portfolio_category-serigrafia-ca dt_portfolio_category-vernis-serigrafic dt_portfolio_category-282 dt_portfolio_category-284 dt_portfolio_category-285 dt_portfolio_category-347 text-centered\">\n\n\t<figure class=\"rollover-project forward-post\">\n\t<a href=\"https:\/\/www.grupoargraf.com\/ca\/projecte\/bidai-berri-de-vina-zorzal\/\" class=\"rollover layzr-bg\" title=\"Bidai Berri de Vi\u00f1a Zorzal\"  aria-label=\"Post image\"><img decoding=\"async\" class=\"preload-me jgrid-lazy-load aspect\" src=\"data:image\/svg+xml,%3Csvg%20xmlns%3D&#39;http%3A%2F%2Fwww.w3.org%2F2000%2Fsvg&#39;%20viewBox%3D&#39;0%200%20390%20520&#39;%2F%3E\" data-src=\"https:\/\/www.grupoargraf.com\/wp-content\/uploads\/2025\/08\/Bidai-Berri-de-Vina-Zorzal-390x520.png\" data-srcset=\"https:\/\/www.grupoargraf.com\/wp-content\/uploads\/2025\/08\/Bidai-Berri-de-Vina-Zorzal-390x520.png 390w, https:\/\/www.grupoargraf.com\/wp-content\/uploads\/2025\/08\/Bidai-Berri-de-Vina-Zorzal-780x1040.png 780w\" loading=\"eager\" style=\"--ratio: 390 \/ 520\" sizes=\"(max-width: 390px) 100vw, 390px\" alt=\"\" width=\"390\" height=\"520\"  \/><\/a>\t<\/figure>\n<\/article>\n\n<\/div>\n<div class=\"wf-cell\" data-post-id=\"8793\" data-date=\"2025-07-03T13:45:14+02:00\" data-name=\"La Cova Negra\">\n<article class=\"post post-8793 dt_portfolio type-dt_portfolio status-publish has-post-thumbnail hentry dt_portfolio_category-estampacio-ca dt_portfolio_category-serigrafia-ca dt_portfolio_category-343 dt_portfolio_category-285 text-centered\">\n\n\t<figure class=\"rollover-project forward-post\">\n\t<a href=\"https:\/\/www.grupoargraf.com\/ca\/projecte\/etiqueta-la-cova-negra\/\" class=\"rollover layzr-bg\" title=\"etiqueta-la-cova-negra\"  aria-label=\"Post image\"><img decoding=\"async\" class=\"preload-me jgrid-lazy-load aspect\" src=\"data:image\/svg+xml,%3Csvg%20xmlns%3D&#39;http%3A%2F%2Fwww.w3.org%2F2000%2Fsvg&#39;%20viewBox%3D&#39;0%200%20416%20520&#39;%2F%3E\" data-src=\"https:\/\/www.grupoargraf.com\/wp-content\/uploads\/2025\/07\/etiqueta-la-cova-negra-416x520.jpg\" data-srcset=\"https:\/\/www.grupoargraf.com\/wp-content\/uploads\/2025\/07\/etiqueta-la-cova-negra-416x520.jpg 416w, https:\/\/www.grupoargraf.com\/wp-content\/uploads\/2025\/07\/etiqueta-la-cova-negra-832x1040.jpg 832w\" loading=\"eager\" style=\"--ratio: 416 \/ 520\" sizes=\"(max-width: 416px) 100vw, 416px\" alt=\"Etiqueta vino La Cova Negra\" width=\"416\" height=\"520\"  \/><\/a>\t<\/figure>\n<\/article>\n\n<\/div>\n<div class=\"wf-cell\" data-post-id=\"8797\" data-date=\"2025-07-03T13:47:08+02:00\" data-name=\"De Post\u00edn\">\n<article class=\"post post-8797 dt_portfolio type-dt_portfolio status-publish has-post-thumbnail hentry dt_portfolio_category-estampacio-ca dt_portfolio_category-relleu dt_portfolio_category-serigrafia-ca dt_portfolio_category-343 dt_portfolio_category-280 dt_portfolio_category-285 text-centered\">\n\n\t<figure class=\"rollover-project forward-post\">\n\t<a href=\"https:\/\/www.grupoargraf.com\/ca\/projecte\/etiqueta-de-postin\/\" class=\"rollover layzr-bg\" title=\"etiqueta-de-postin\"  aria-label=\"Post image\"><img decoding=\"async\" class=\"preload-me jgrid-lazy-load aspect\" src=\"data:image\/svg+xml,%3Csvg%20xmlns%3D&#39;http%3A%2F%2Fwww.w3.org%2F2000%2Fsvg&#39;%20viewBox%3D&#39;0%200%20416%20520&#39;%2F%3E\" data-src=\"https:\/\/www.grupoargraf.com\/wp-content\/uploads\/2025\/07\/etiqueta-de-postin-416x520.jpg\" data-srcset=\"https:\/\/www.grupoargraf.com\/wp-content\/uploads\/2025\/07\/etiqueta-de-postin-416x520.jpg 416w, https:\/\/www.grupoargraf.com\/wp-content\/uploads\/2025\/07\/etiqueta-de-postin-832x1040.jpg 832w\" loading=\"eager\" style=\"--ratio: 416 \/ 520\" sizes=\"(max-width: 416px) 100vw, 416px\" alt=\"Etiqueta de vino De Post\u00edn\" width=\"416\" height=\"520\"  \/><\/a>\t<\/figure>\n<\/article>\n\n<\/div>\n<div class=\"wf-cell\" data-post-id=\"8799\" data-date=\"2025-07-03T13:48:04+02:00\" data-name=\"Imperial Reserva\">\n<article class=\"post post-8799 dt_portfolio type-dt_portfolio status-publish has-post-thumbnail hentry dt_portfolio_category-estampacio-ca dt_portfolio_category-serigrafia-ca dt_portfolio_category-343 dt_portfolio_category-285 text-centered\">\n\n\t<figure class=\"rollover-project forward-post\">\n\t<a href=\"https:\/\/www.grupoargraf.com\/ca\/projecte\/etiqueta-imperial-reserva\/\" class=\"rollover layzr-bg\" title=\"imperial-reserva\"  aria-label=\"Post image\"><img decoding=\"async\" class=\"preload-me jgrid-lazy-load aspect\" src=\"data:image\/svg+xml,%3Csvg%20xmlns%3D&#39;http%3A%2F%2Fwww.w3.org%2F2000%2Fsvg&#39;%20viewBox%3D&#39;0%200%20416%20520&#39;%2F%3E\" data-src=\"https:\/\/www.grupoargraf.com\/wp-content\/uploads\/2025\/07\/imperial-reserva-416x520.jpg\" data-srcset=\"https:\/\/www.grupoargraf.com\/wp-content\/uploads\/2025\/07\/imperial-reserva-416x520.jpg 416w, https:\/\/www.grupoargraf.com\/wp-content\/uploads\/2025\/07\/imperial-reserva.jpg 640w\" loading=\"eager\" style=\"--ratio: 416 \/ 520\" sizes=\"(max-width: 416px) 100vw, 416px\" alt=\"Etiqueta vino Imperial Reserva de CVNE\" width=\"416\" height=\"520\"  \/><\/a>\t<\/figure>\n<\/article>\n\n<\/div>\n<div class=\"wf-cell\" data-post-id=\"8804\" data-date=\"2025-07-03T13:55:27+02:00\" data-name=\"Cuatro del Cuatro\">\n<article class=\"post post-8804 dt_portfolio type-dt_portfolio status-publish has-post-thumbnail hentry dt_portfolio_category-estampacio-ca dt_portfolio_category-serigrafia-ca dt_portfolio_category-343 dt_portfolio_category-285 text-centered\">\n\n\t<figure class=\"rollover-project forward-post\">\n\t<a href=\"https:\/\/www.grupoargraf.com\/ca\/projecte\/etiqueta-cuatro-del-cuatro\/\" class=\"rollover layzr-bg\" title=\"cuatro-del-cuatro\"  aria-label=\"Post image\"><img decoding=\"async\" class=\"preload-me jgrid-lazy-load aspect\" src=\"data:image\/svg+xml,%3Csvg%20xmlns%3D&#39;http%3A%2F%2Fwww.w3.org%2F2000%2Fsvg&#39;%20viewBox%3D&#39;0%200%20416%20520&#39;%2F%3E\" data-src=\"https:\/\/www.grupoargraf.com\/wp-content\/uploads\/2025\/07\/cuatro-del-cuatro-416x520.jpg\" data-srcset=\"https:\/\/www.grupoargraf.com\/wp-content\/uploads\/2025\/07\/cuatro-del-cuatro-416x520.jpg 416w, https:\/\/www.grupoargraf.com\/wp-content\/uploads\/2025\/07\/cuatro-del-cuatro-832x1040.jpg 832w\" loading=\"eager\" style=\"--ratio: 416 \/ 520\" sizes=\"(max-width: 416px) 100vw, 416px\" alt=\"Etiqueta Vino Cuatro del Cuatro\" width=\"416\" height=\"520\"  \/><\/a>\t<\/figure>\n<\/article>\n\n<\/div><\/div><\/div>[\/vc_column_inner][\/vc_row_inner][vc_row_inner][vc_column_inner width=&#8221;1\/2&#8243;][vc_empty_space height=&#8221;40px&#8221;][\/vc_column_inner][vc_column_inner width=&#8221;1\/2&#8243;][\/vc_column_inner][\/vc_row_inner][vc_row_inner css=&#8221;.vc_custom_1774938609420{margin-top: 7rem !important;margin-bottom: 7rem !important;background-color: #FFF855 !important;}&#8221;][vc_column_inner width=&#8221;1\/2&#8243;][vc_column_text css=&#8221;.vc_custom_1774938575371{padding-right: 2rem !important;padding-left: 2rem !important;}&#8221;]<\/p>\n<h2>Descobreix IndustrializArte<\/h2>\n<h3>quan la creativitat del disseny es troba amb la pot\u00e8ncia industrial<\/h3>\n<p>&nbsp;<\/p>\n<p>IndustrializArte es va crear amb l&#8217;objectiu de crear un <strong>ecosistema col\u00b7laboratiu<\/strong> en qu\u00e8 el <strong>talent creatiu i l&#8217;expertesa industrial<\/strong> parlin el mateix llenguatge.<\/p>\n<p>&nbsp;<\/p>\n<p>La iniciativa es basa en una idea senzilla per\u00f2 poderosa: quan la <strong>creativitat, l&#8217;expertesa t\u00e8cnica i la tecnologia s&#8217;integren<\/strong> des del principi del proc\u00e9s, el resultat va m\u00e9s enll\u00e0 de la producci\u00f3 convencional i <strong>esdev\u00e9 una veritable expressi\u00f3 de valor art\u00edstic i innovaci\u00f3<\/strong>.[\/vc_column_text][vc_btn title=&#8221;Qu\u00e8 \u00e9s IndustrializArte?&#8221; color=&#8221;black&#8221; align=&#8221;left&#8221; css=&#8221;.vc_custom_1774938795381{padding-top: 3rem !important;padding-right: 2rem !important;padding-left: 2rem !important;}&#8221; link=&#8221;url:https%3A%2F%2Fwww.grupoargraf.com%2Fca%2Findustrializarte%2F|title:IndustrializArte&#8221;][\/vc_column_inner][vc_column_inner width=&#8221;1\/2&#8243;][vc_single_image image=&#8221;9634&#8243; img_size=&#8221;large&#8221; css=&#8221;&#8221;][\/vc_column_inner][\/vc_row_inner][\/vc_column][\/vc_row][vc_row full_width=&#8221;stretch_row_content_no_spaces&#8221; gap=&#8221;20&#8243; bg_type=&#8221;bg_color&#8221; bg_color_value=&#8221;#282828&#8243; css=&#8221;.vc_custom_1571852152432{padding-right: 20px !important;padding-left: 20px !important;}&#8221;][vc_column][vc_row_inner][vc_column_inner][vc_column_text]<\/p>\n<h2 style=\"text-align: center;\"><span style=\"color: #ffffff;\"><strong>Not\u00edcies<\/strong><\/span><\/h2>\n<p>[\/vc_column_text]<style type=\"text\/css\" data-type=\"the7_shortcodes-inline-css\">.blog-carousel-shortcode.blog-carousel-shortcode-id-c17da36cf4c6c686e44e204a30a41943.dividers-on.classic-layout-list article {\n  padding-top: 0;\n}\n.blog-carousel-shortcode.blog-carousel-shortcode-id-c17da36cf4c6c686e44e204a30a41943.dividers-on.classic-layout-list article:first-of-type {\n  margin-top: 0;\n  padding-top: 0;\n}\n.blog-carousel-shortcode.blog-carousel-shortcode-id-c17da36cf4c6c686e44e204a30a41943.classic-layout-list.mode-list .post-entry-content {\n  width: calc(100% - );\n}\n.blog-carousel-shortcode.blog-carousel-shortcode-id-c17da36cf4c6c686e44e204a30a41943.classic-layout-list.mode-list .no-img .post-entry-content {\n  width: 100%;\n}\n.blog-carousel-shortcode.blog-carousel-shortcode-id-c17da36cf4c6c686e44e204a30a41943 .filter-bg-decoration .filter-categories a.act {\n  color: #fff;\n}\n.blog-carousel-shortcode.blog-carousel-shortcode-id-c17da36cf4c6c686e44e204a30a41943:not(.mode-masonry) article:first-of-type,\n.blog-carousel-shortcode.blog-carousel-shortcode-id-c17da36cf4c6c686e44e204a30a41943:not(.mode-masonry) article.visible.first:not(.product) {\n  margin-top: 0;\n}\n.blog-carousel-shortcode.blog-carousel-shortcode-id-c17da36cf4c6c686e44e204a30a41943.dividers-on:not(.mode-masonry) article {\n  margin-top: 0;\n}\n.blog-carousel-shortcode.blog-carousel-shortcode-id-c17da36cf4c6c686e44e204a30a41943.dividers-on:not(.mode-masonry) article:first-of-type,\n.blog-carousel-shortcode.blog-carousel-shortcode-id-c17da36cf4c6c686e44e204a30a41943.dividers-on:not(.mode-masonry) article.visible.first:not(.product) {\n  margin-top: 0;\n  padding-top: 0;\n}\n.blog-carousel-shortcode.blog-carousel-shortcode-id-c17da36cf4c6c686e44e204a30a41943 .post-thumbnail-wrap {\n  padding: 0px 0px 0px 0px;\n}\n.blog-carousel-shortcode.blog-carousel-shortcode-id-c17da36cf4c6c686e44e204a30a41943.enable-bg-rollover .post-thumbnail-rollover:after {\n  background: -webkit-linear-gradient();\n  background: linear-gradient();\n}\n.blog-carousel-shortcode.blog-carousel-shortcode-id-c17da36cf4c6c686e44e204a30a41943 .gallery-zoom-ico {\n  width: 44px;\n  height: 44px;\n  line-height: 44px;\n  border-radius: 100px;\n  margin: -22px 0 0 -22px;\n  border-width: 0px;\n  color: #ffffff;\n  background: none;\n}\n.bottom-overlap-layout-list.blog-carousel-shortcode.blog-carousel-shortcode-id-c17da36cf4c6c686e44e204a30a41943 .gallery-zoom-ico {\n  margin-top: -72px;\n}\n.gradient-overlay-layout-list.blog-carousel-shortcode.blog-carousel-shortcode-id-c17da36cf4c6c686e44e204a30a41943 .gallery-zoom-ico,\n.content-rollover-layout-list.blog-carousel-shortcode.blog-carousel-shortcode-id-c17da36cf4c6c686e44e204a30a41943 .gallery-zoom-ico {\n  margin: 0 0 10px;\n}\n.content-align-center.gradient-overlay-layout-list.blog-carousel-shortcode.blog-carousel-shortcode-id-c17da36cf4c6c686e44e204a30a41943 .gallery-zoom-ico,\n.content-align-center.content-rollover-layout-list.blog-carousel-shortcode.blog-carousel-shortcode-id-c17da36cf4c6c686e44e204a30a41943 .gallery-zoom-ico {\n  margin: 0 auto 10px;\n}\n.dt-icon-bg-on.blog-carousel-shortcode.blog-carousel-shortcode-id-c17da36cf4c6c686e44e204a30a41943 .gallery-zoom-ico {\n  background: rgba(255,255,255,0.3);\n  box-shadow: none;\n}\n.blog-carousel-shortcode.blog-carousel-shortcode-id-c17da36cf4c6c686e44e204a30a41943 .gallery-zoom-ico > span,\n.blog-carousel-shortcode.blog-carousel-shortcode-id-c17da36cf4c6c686e44e204a30a41943 .gallery-zoom-ico:before {\n  font-size: 32px;\n  line-height: 44px;\n}\n.blog-carousel-shortcode.blog-carousel-shortcode-id-c17da36cf4c6c686e44e204a30a41943 .gallery-zoom-ico > span,\n.blog-carousel-shortcode.blog-carousel-shortcode-id-c17da36cf4c6c686e44e204a30a41943 .gallery-zoom-ico:before {\n  color: #ffffff;\n  background: none;\n}\n.blog-carousel-shortcode.blog-carousel-shortcode-id-c17da36cf4c6c686e44e204a30a41943 .entry-title,\n.blog-carousel-shortcode.blog-carousel-shortcode-id-c17da36cf4c6c686e44e204a30a41943.owl-carousel .entry-title {\n  margin-bottom: 5px;\n  font-weight: bold;\n}\n.blog-carousel-shortcode.blog-carousel-shortcode-id-c17da36cf4c6c686e44e204a30a41943 .entry-title a,\n.blog-carousel-shortcode.blog-carousel-shortcode-id-c17da36cf4c6c686e44e204a30a41943.owl-carousel .entry-title a {\n  color: #020202;\n  background: none;\n}\n.blog-carousel-shortcode.blog-carousel-shortcode-id-c17da36cf4c6c686e44e204a30a41943 .entry-meta {\n  margin-bottom: 15px;\n}\n.blog-carousel-shortcode.blog-carousel-shortcode-id-c17da36cf4c6c686e44e204a30a41943 .portfolio-categories {\n  margin-bottom: 15px;\n}\n.blog-carousel-shortcode.blog-carousel-shortcode-id-c17da36cf4c6c686e44e204a30a41943 .entry-excerpt {\n  margin-bottom: 5px;\n}\n.blog-carousel-shortcode.blog-carousel-shortcode-id-c17da36cf4c6c686e44e204a30a41943:not(.centered-layout-list) .post-entry-content {\n  padding: 15px 20px 20px 20px;\n}\n.blog-carousel-shortcode.blog-carousel-shortcode-id-c17da36cf4c6c686e44e204a30a41943:not(.centered-layout-list):not(.content-bg-on):not(.mode-list) .no-img .post-entry-content {\n  padding: 0;\n}\n.blog-carousel-shortcode.blog-carousel-shortcode-id-c17da36cf4c6c686e44e204a30a41943 .post-details.details-type-link,\n.blog-carousel-shortcode.blog-carousel-shortcode-id-c17da36cf4c6c686e44e204a30a41943 .post-details.details-type-link * {\n  color: #020202;\n  background: none;\n}\n@media screen and (max-width: ) {\n  .blog-carousel-shortcode.blog-carousel-shortcode-id-c17da36cf4c6c686e44e204a30a41943 article {\n    -ms-flex-flow: column nowrap;\n    flex-flow: column nowrap;\n    margin-top: 20px;\n  }\n  .blog-carousel-shortcode.blog-carousel-shortcode-id-c17da36cf4c6c686e44e204a30a41943.dividers-on article {\n    border: none;\n  }\n  .blog-carousel-shortcode.blog-carousel-shortcode-id-c17da36cf4c6c686e44e204a30a41943.content-bg-on.centered-layout-list article {\n    padding: 0;\n  }\n  .blog-carousel-shortcode.blog-carousel-shortcode-id-c17da36cf4c6c686e44e204a30a41943.blog-shortcode.dividers-on article,\n  .blog-carousel-shortcode.blog-carousel-shortcode-id-c17da36cf4c6c686e44e204a30a41943.dividers-on.classic-layout-list article {\n    margin-top: 20px;\n    padding: 0;\n  }\n  .blog-carousel-shortcode.blog-carousel-shortcode-id-c17da36cf4c6c686e44e204a30a41943.blog-shortcode.dividers-on article:first-of-type,\n  .blog-carousel-shortcode.blog-carousel-shortcode-id-c17da36cf4c6c686e44e204a30a41943.dividers-on.classic-layout-list article:first-of-type {\n    padding: 0;\n  }\n  #page .blog-carousel-shortcode.blog-carousel-shortcode-id-c17da36cf4c6c686e44e204a30a41943 .post-thumbnail-wrap,\n  #page .blog-carousel-shortcode.blog-carousel-shortcode-id-c17da36cf4c6c686e44e204a30a41943 .post-entry-content {\n    width: 100%;\n    margin: 0;\n    top: 0;\n  }\n  #page .blog-carousel-shortcode.blog-carousel-shortcode-id-c17da36cf4c6c686e44e204a30a41943 .post-thumbnail-wrap {\n    padding: 0;\n  }\n  #page .blog-carousel-shortcode.blog-carousel-shortcode-id-c17da36cf4c6c686e44e204a30a41943 .post-entry-content:after {\n    display: none;\n  }\n  #page .blog-carousel-shortcode.blog-carousel-shortcode-id-c17da36cf4c6c686e44e204a30a41943 .project-even .post-thumbnail-wrap,\n  #page .blog-carousel-shortcode.blog-carousel-shortcode-id-c17da36cf4c6c686e44e204a30a41943.centered-layout-list .post-thumbnail-wrap {\n    -ms-flex-order: 0;\n    order: 0;\n  }\n  #page .blog-carousel-shortcode.blog-carousel-shortcode-id-c17da36cf4c6c686e44e204a30a41943.centered-layout-list .post-entry-title-content {\n    -ms-flex-order: 1;\n    order: 1;\n    width: 100%;\n    padding: 20px 20px 0;\n  }\n  #page .blog-carousel-shortcode.blog-carousel-shortcode-id-c17da36cf4c6c686e44e204a30a41943.centered-layout-list .post-entry-content {\n    -ms-flex-order: 2;\n    order: 2;\n    padding-top: 0;\n  }\n  #page .blog-carousel-shortcode.blog-carousel-shortcode-id-c17da36cf4c6c686e44e204a30a41943 .fancy-categories {\n    top: 10px;\n    left: 10px;\n    bottom: auto;\n    right: auto;\n  }\n  #page .blog-carousel-shortcode.blog-carousel-shortcode-id-c17da36cf4c6c686e44e204a30a41943 .fancy-date a {\n    top: 10px;\n    right: 10px;\n    left: auto;\n    bottom: auto;\n  }\n  #page .blog-carousel-shortcode.blog-carousel-shortcode-id-c17da36cf4c6c686e44e204a30a41943 .post-entry-content {\n    padding: 20px;\n  }\n  #page .blog-carousel-shortcode.blog-carousel-shortcode-id-c17da36cf4c6c686e44e204a30a41943 .entry-title {\n    margin: 3px 0 5px;\n    font-size: 20px;\n    line-height: 26px;\n  }\n  #page .blog-carousel-shortcode.blog-carousel-shortcode-id-c17da36cf4c6c686e44e204a30a41943 .entry-meta {\n    margin: 5px 0 5px;\n  }\n  #page .blog-carousel-shortcode.blog-carousel-shortcode-id-c17da36cf4c6c686e44e204a30a41943 .entry-excerpt {\n    margin: 15px 0 0;\n  }\n  #page .blog-carousel-shortcode.blog-carousel-shortcode-id-c17da36cf4c6c686e44e204a30a41943 .post-details {\n    margin: 5px 0 10px;\n  }\n  #page .blog-carousel-shortcode.blog-carousel-shortcode-id-c17da36cf4c6c686e44e204a30a41943 .post-details.details-type-link {\n    margin-bottom: 2px;\n  }\n}\n.blog-carousel-shortcode.blog-carousel-shortcode-id-c17da36cf4c6c686e44e204a30a41943.owl-carousel .owl-nav div {\n  width: 36px;\n  height: 36px;\n  border-radius: 500px;\n}\n.dt-arrow-border-on.blog-carousel-shortcode.blog-carousel-shortcode-id-c17da36cf4c6c686e44e204a30a41943.owl-carousel .owl-nav div:not(:hover):before {\n  border-width: 0px;\n}\n.dt-arrow-hover-border-on.blog-carousel-shortcode.blog-carousel-shortcode-id-c17da36cf4c6c686e44e204a30a41943.owl-carousel .owl-nav div:hover:after {\n  border-width: 0px;\n}\n.blog-carousel-shortcode.blog-carousel-shortcode-id-c17da36cf4c6c686e44e204a30a41943.owl-carousel .owl-nav div.owl-prev {\n  top: 50%;\n  transform: translateY(calc(-50% + 0px));\n  left: -43px;\n}\n@media all and (-ms-high-contrast: none) {\n  .blog-carousel-shortcode.blog-carousel-shortcode-id-c17da36cf4c6c686e44e204a30a41943.owl-carousel .owl-nav div.owl-prev {\n    transform: translateY(-50%);\n    margin-top: 0px;\n  }\n}\n.blog-carousel-shortcode.blog-carousel-shortcode-id-c17da36cf4c6c686e44e204a30a41943.owl-carousel .owl-nav div.owl-prev i {\n  padding: 0px 0px 0px 0px;\n}\n.blog-carousel-shortcode.blog-carousel-shortcode-id-c17da36cf4c6c686e44e204a30a41943.owl-carousel .owl-nav div.owl-next {\n  top: 50%;\n  transform: translateY(calc(-50% + 0px));\n  right: -43px;\n}\n@media all and (-ms-high-contrast: none) {\n  .blog-carousel-shortcode.blog-carousel-shortcode-id-c17da36cf4c6c686e44e204a30a41943.owl-carousel .owl-nav div.owl-next {\n    transform: translateY(-50%);\n    margin-top: 0px;\n  }\n}\n.blog-carousel-shortcode.blog-carousel-shortcode-id-c17da36cf4c6c686e44e204a30a41943.owl-carousel .owl-nav div.owl-next i {\n  padding: 0px 0px 0px 0px;\n}\n.blog-carousel-shortcode.blog-carousel-shortcode-id-c17da36cf4c6c686e44e204a30a41943.owl-carousel .owl-nav i {\n  font-size: 18px;\n}\n.blog-carousel-shortcode.blog-carousel-shortcode-id-c17da36cf4c6c686e44e204a30a41943.owl-carousel .owl-nav div:not(:hover) i,\n.blog-carousel-shortcode.blog-carousel-shortcode-id-c17da36cf4c6c686e44e204a30a41943.owl-carousel .owl-nav div:not(:hover) i:before {\n  color: #ffffff;\n  background: none;\n}\n.blog-carousel-shortcode.blog-carousel-shortcode-id-c17da36cf4c6c686e44e204a30a41943.owl-carousel .owl-nav div:hover i,\n.blog-carousel-shortcode.blog-carousel-shortcode-id-c17da36cf4c6c686e44e204a30a41943.owl-carousel .owl-nav div:hover i:before {\n  color: rgba(255,255,255,0.75);\n  background: none;\n}\n.blog-carousel-shortcode.blog-carousel-shortcode-id-c17da36cf4c6c686e44e204a30a41943 .owl-dots {\n  top: calc(100% + 20px);\n  left: 50%;\n  transform: translateX(calc(-50% + 0px));\n}\n@media all and (-ms-high-contrast: none) {\n  .blog-carousel-shortcode.blog-carousel-shortcode-id-c17da36cf4c6c686e44e204a30a41943 .owl-dots {\n    transform: translateX(-50%);\n    margin-left: 0px;\n  }\n}\n.blog-carousel-shortcode.blog-carousel-shortcode-id-c17da36cf4c6c686e44e204a30a41943 .owl-dot {\n  width: 10px;\n  height: 10px;\n  margin: 0 8px;\n}\n@media screen and (max-width: 778px) {\n  .blog-carousel-shortcode.blog-carousel-shortcode-id-c17da36cf4c6c686e44e204a30a41943.hide-arrows .owl-nav a {\n    display: none;\n  }\n}\n@media screen and (max-width: 778px) {\n  .blog-carousel-shortcode.blog-carousel-shortcode-id-c17da36cf4c6c686e44e204a30a41943.reposition-arrows .owl-nav div.owl-prev {\n    top: 50%;\n    transform: translateY(calc(-50% + 0px));\n    left: 10px;\n  }\n  .blog-carousel-shortcode.blog-carousel-shortcode-id-c17da36cf4c6c686e44e204a30a41943.reposition-arrows .owl-nav div.owl-next {\n    top: 50%;\n    transform: translateY(calc(-50% + 0px));\n    right: 10px;\n  }\n}\n@media screen and (max-width: 778px) and all and (-ms-high-contrast: none) {\n  .blog-carousel-shortcode.blog-carousel-shortcode-id-c17da36cf4c6c686e44e204a30a41943.reposition-arrows .owl-nav div.owl-prev {\n    transform: translateY(-50%);\n    margin-top: 0px;\n  }\n}\n@media screen and (max-width: 778px) and all and (-ms-high-contrast: none) {\n  .blog-carousel-shortcode.blog-carousel-shortcode-id-c17da36cf4c6c686e44e204a30a41943.reposition-arrows .owl-nav div.owl-next {\n    transform: translateY(-50%);\n    margin-top: 0px;\n  }\n}<\/style><div class=\"owl-carousel blog-carousel-shortcode dt-owl-carousel-call blog-carousel-shortcode-id-c17da36cf4c6c686e44e204a30a41943 classic-layout-list content-bg-on scale-img dt-icon-bg-off dt-arrow-border-on dt-arrow-hover-border-on bullets-small-dot-stroke reposition-arrows arrows-bg-on disable-arrows-hover-bg arrows-hover-bg-on  \" data-scroll-mode=\"1\" data-col-num=\"3\" data-wide-col-num=\"4\" data-laptop-col=\"3\" data-h-tablet-columns-num=\"3\" data-v-tablet-columns-num=\"2\" data-phone-columns-num=\"1\" data-auto-height=\"true\" data-col-gap=\"30\" data-stage-padding=\"0\" data-speed=\"600\" data-autoplay=\"false\" data-autoplay_speed=\"6000\" data-arrows=\"false\" data-bullet=\"false\" data-next-icon=\"icon-ar-017-r\" data-prev-icon=\"icon-ar-017-l\"><article class=\"post post-9660 type-post status-publish format-standard has-post-thumbnail hentry category-arts-grafiques tag-dissenyadors-grafics tag-sense-limits-a-la-teva-creativitat category-327\" data-name=\"7a edici\u00f3 d&#8217;\u00abUnleash Your Creativity 2026\u00bb a Val\u00e8ncia: innovaci\u00f3 i disseny\" data-date=\"2026-04-08T09:22:32+02:00\">\n\n<div class=\"post-thumbnail-wrap\">\n\t<div class=\"post-thumbnail\">\n\t\t\n\t\t\n\t\t<a href=\"https:\/\/www.grupoargraf.com\/ca\/7a-edicio-sense-limits-per-a-la-teva-creativitat-2026-a-valencia-innovacio-i-disseny\/\" class=\"post-thumbnail-rollover layzr-bg\" ><img decoding=\"async\" class=\"preload-me owl-lazy-load aspect\" src=\"data:image\/svg+xml,%3Csvg%20xmlns%3D&#39;http%3A%2F%2Fwww.w3.org%2F2000%2Fsvg&#39;%20viewBox%3D&#39;0%200%20768%20512&#39;%2F%3E\" data-src=\"https:\/\/www.grupoargraf.com\/wp-content\/uploads\/2026\/03\/Sin-Limites-2026-768x512.png\" data-srcset=\"https:\/\/www.grupoargraf.com\/wp-content\/uploads\/2026\/03\/Sin-Limites-2026-768x512.png 768w, https:\/\/www.grupoargraf.com\/wp-content\/uploads\/2026\/03\/Sin-Limites-2026.png 1100w\" loading=\"eager\" style=\"--ratio: 768 \/ 512\" sizes=\"(max-width: 768px) 100vw, 768px\" alt=\"\" title=\"Sense l\u00edmits 2026\" width=\"768\" height=\"512\"  \/><\/a>\t<\/div>\n<\/div>\n\n\n<div class=\"post-entry-content\">\n\n\t<h3 class=\"entry-title\">\n\t\t<a href=\"https:\/\/www.grupoargraf.com\/ca\/7a-edicio-sense-limits-per-a-la-teva-creativitat-2026-a-valencia-innovacio-i-disseny\/\" title=\"7a edici\u00f3 d&#8217;\u00abUnleash Your Creativity 2026\u00bb a Val\u00e8ncia: innovaci\u00f3 i disseny\" rel=\"bookmark\">7a edici\u00f3 d&#8217;\u00abUnleash Your Creativity 2026\u00bb a Val\u00e8ncia: innovaci\u00f3 i disseny<\/a>\n\t<\/h3>\n\n\t<div class=\"entry-meta\"><a href=\"https:\/\/www.grupoargraf.com\/ca\/2026\/04\/08\/\" title=\"9:22\" class=\"data-link\" rel=\"bookmark\"><time class=\"entry-date updated\" datetime=\"2026-04-08T09:22:32+02:00\">8 d&#039;abril de 2026<\/time><\/a><\/div>\n\t<div class=\"entry-excerpt\"><p>Els dies 12 i 13 de mar\u00e7 es va celebrar a Val\u00e8ncia la setena edici\u00f3 de &#8220;Sense l\u00edmits a la teva creativitat 2026&#8221;. L&#8217;esdeveniment, organitzat pel Grup Argraf, reuneix professionals dels camps del disseny gr\u00e0fic, la ind\u00fastria de la impressi\u00f3 i el sector creatiu a Espanya. &#8220;El silenci dels dissenyadors&#8221;: creativitat amb un missatge Sota&hellip;<\/p>\n<\/div>\n\t\n<a href=\"https:\/\/www.grupoargraf.com\/ca\/7a-edicio-sense-limits-per-a-la-teva-creativitat-2026-a-valencia-innovacio-i-disseny\/\" class=\"post-details details-type-link\" aria-label=\"Read more about 7a edici\u00f3 d&#8217;\u00abUnleash Your Creativity 2026\u00bb a Val\u00e8ncia: innovaci\u00f3 i disseny\">Leer m\u00e1s<i class=\"dt-icon-the7-arrow-03\" aria-hidden=\"true\"><\/i><\/a>\n\n<\/div><\/article><article class=\"post post-9373 type-post status-publish format-standard has-post-thumbnail hentry category-arts-grafiques category-327\" data-name=\"Etiquetes de vi resistents al fred per a les cubeteres de gel: el repte de la durabilitat\" data-date=\"2026-03-02T13:39:14+01:00\">\n\n<div class=\"post-thumbnail-wrap\">\n\t<div class=\"post-thumbnail\">\n\t\t\n\t\t\n\t\t<a href=\"https:\/\/www.grupoargraf.com\/ca\/etiquetes-de-vi-resistents-al-fred-per-a-les-cubeteres-de-gel-el-repte-de-la-durabilitat\/\" class=\"post-thumbnail-rollover layzr-bg\" ><img decoding=\"async\" class=\"preload-me owl-lazy-load aspect\" src=\"data:image\/svg+xml,%3Csvg%20xmlns%3D&#39;http%3A%2F%2Fwww.w3.org%2F2000%2Fsvg&#39;%20viewBox%3D&#39;0%200%20768%20512&#39;%2F%3E\" data-src=\"https:\/\/www.grupoargraf.com\/wp-content\/uploads\/2026\/03\/vinos-cubitera-768x512.png\" data-srcset=\"https:\/\/www.grupoargraf.com\/wp-content\/uploads\/2026\/03\/vinos-cubitera-768x512.png 768w, https:\/\/www.grupoargraf.com\/wp-content\/uploads\/2026\/03\/vinos-cubitera-982x655.png 982w\" loading=\"eager\" style=\"--ratio: 768 \/ 512\" sizes=\"(max-width: 768px) 100vw, 768px\" alt=\"\" title=\"vinos-cubitera\" width=\"768\" height=\"512\"  \/><\/a>\t<\/div>\n<\/div>\n\n\n<div class=\"post-entry-content\">\n\n\t<h3 class=\"entry-title\">\n\t\t<a href=\"https:\/\/www.grupoargraf.com\/ca\/etiquetes-de-vi-resistents-al-fred-per-a-les-cubeteres-de-gel-el-repte-de-la-durabilitat\/\" title=\"Etiquetes de vi resistents al fred per a les cubeteres de gel: el repte de la durabilitat\" rel=\"bookmark\">Etiquetes de vi resistents al fred per a les cubeteres de gel: el repte de la durabilitat<\/a>\n\t<\/h3>\n\n\t<div class=\"entry-meta\"><a href=\"https:\/\/www.grupoargraf.com\/ca\/2026\/03\/02\/\" title=\"13:39\" class=\"data-link\" rel=\"bookmark\"><time class=\"entry-date updated\" datetime=\"2026-03-02T13:39:14+01:00\">2 de mar\u00e7 de 2026<\/time><\/a><\/div>\n\t<div class=\"entry-excerpt\"><p>En el sector del vi, l&#8217;experi\u00e8ncia del consumidor no acaba amb la compra, sin\u00f3 que culmina a taula. Per als blancs, els rosats i els vins escumosos, aquesta experi\u00e8ncia inevitablement implica el cubell de gel. Tanmateix, un disseny espectacular es pot arru\u00efnar en q\u00fcesti\u00f3 de minuts si l&#8217;etiqueta no est\u00e0 t\u00e8cnicament preparada per a una&hellip;<\/p>\n<\/div>\n\t\n<a href=\"https:\/\/www.grupoargraf.com\/ca\/etiquetes-de-vi-resistents-al-fred-per-a-les-cubeteres-de-gel-el-repte-de-la-durabilitat\/\" class=\"post-details details-type-link\" aria-label=\"Read more about Etiquetes de vi resistents al fred per a les cubeteres de gel: el repte de la durabilitat\">Leer m\u00e1s<i class=\"dt-icon-the7-arrow-03\" aria-hidden=\"true\"><\/i><\/a>\n\n<\/div><\/article><article class=\"post post-9347 type-post status-publish format-standard has-post-thumbnail hentry category-arts-grafiques category-327\" data-name=\"Grupo Argraf acull estudiants de l&#8217;Institut de Formaci\u00f3 Professional Antoni Alguer\u00f3 a la seva planta de Rub\u00ed: un dia de formaci\u00f3 en arts gr\u00e0fiques\" data-date=\"2026-01-29T11:08:32+01:00\">\n\n<div class=\"post-thumbnail-wrap\">\n\t<div class=\"post-thumbnail\">\n\t\t\n\t\t\n\t\t<a href=\"https:\/\/www.grupoargraf.com\/ca\/el-grup-argraf-acull-estudiants-de-lifp-antoni-alguero-a-la-seva-planta-de-rubi-per-a-una-jornada-de-formacio-en-arts-grafiques\/\" class=\"post-thumbnail-rollover layzr-bg\" ><img decoding=\"async\" class=\"preload-me owl-lazy-load aspect\" src=\"data:image\/svg+xml,%3Csvg%20xmlns%3D&#39;http%3A%2F%2Fwww.w3.org%2F2000%2Fsvg&#39;%20viewBox%3D&#39;0%200%20768%20512&#39;%2F%3E\" data-src=\"https:\/\/www.grupoargraf.com\/wp-content\/uploads\/2026\/01\/ARGRAF-FB_LK-visita-enero-768x512.jpeg\" data-srcset=\"https:\/\/www.grupoargraf.com\/wp-content\/uploads\/2026\/01\/ARGRAF-FB_LK-visita-enero-768x512.jpeg 768w, https:\/\/www.grupoargraf.com\/wp-content\/uploads\/2026\/01\/ARGRAF-FB_LK-visita-enero-1080x720.jpeg 1080w\" loading=\"eager\" style=\"--ratio: 768 \/ 512\" sizes=\"(max-width: 768px) 100vw, 768px\" alt=\"\" title=\"ARGRAF FB_LK visita enero\" width=\"768\" height=\"512\"  \/><\/a>\t<\/div>\n<\/div>\n\n\n<div class=\"post-entry-content\">\n\n\t<h3 class=\"entry-title\">\n\t\t<a href=\"https:\/\/www.grupoargraf.com\/ca\/el-grup-argraf-acull-estudiants-de-lifp-antoni-alguero-a-la-seva-planta-de-rubi-per-a-una-jornada-de-formacio-en-arts-grafiques\/\" title=\"Grupo Argraf acull estudiants de l&#8217;Institut de Formaci\u00f3 Professional Antoni Alguer\u00f3 a la seva planta de Rub\u00ed: un dia de formaci\u00f3 en arts gr\u00e0fiques\" rel=\"bookmark\">Grupo Argraf acull estudiants de l&#8217;Institut de Formaci\u00f3 Professional Antoni Alguer\u00f3 a la seva planta de Rub\u00ed: un dia de formaci\u00f3 en arts gr\u00e0fiques<\/a>\n\t<\/h3>\n\n\t<div class=\"entry-meta\"><a href=\"https:\/\/www.grupoargraf.com\/ca\/2026\/01\/29\/\" title=\"11:08\" class=\"data-link\" rel=\"bookmark\"><time class=\"entry-date updated\" datetime=\"2026-01-29T11:08:32+01:00\">29 de gener de 2026<\/time><\/a><\/div>\n\t<div class=\"entry-excerpt\"><p>Grupo Argraf ha obert de nou les portes de la seva seu Argraf Catalu\u00f1a a Rub\u00ed a la comunitat educativa de les arts gr\u00e0fiques, aquesta vegada donant la benvinguda a estudiants de l&#8217;IFP Antoni Alguer\u00f3, un dels principals centres de formaci\u00f3 en arts gr\u00e0fiques i disseny de Catalunya. La visita refor\u00e7a el comprom\u00eds de l&#8217;empresa&hellip;<\/p>\n<\/div>\n\t\n<a href=\"https:\/\/www.grupoargraf.com\/ca\/el-grup-argraf-acull-estudiants-de-lifp-antoni-alguero-a-la-seva-planta-de-rubi-per-a-una-jornada-de-formacio-en-arts-grafiques\/\" class=\"post-details details-type-link\" aria-label=\"Read more about Grupo Argraf acull estudiants de l&#8217;Institut de Formaci\u00f3 Professional Antoni Alguer\u00f3 a la seva planta de Rub\u00ed: un dia de formaci\u00f3 en arts gr\u00e0fiques\">Leer m\u00e1s<i class=\"dt-icon-the7-arrow-03\" aria-hidden=\"true\"><\/i><\/a>\n\n<\/div><\/article><article class=\"post post-9302 type-post status-publish format-standard has-post-thumbnail hentry category-argraf-a-la-premsa category-noticies category-292 category-293\" data-name=\"Grup Argraf i els dissenyadors: l&#8217;alian\u00e7a que converteix l&#8217;etiquetatge alimentari espanyol en refer\u00e8ncia internacional\" data-date=\"2026-01-21T16:25:21+01:00\">\n\n<div class=\"post-thumbnail-wrap\">\n\t<div class=\"post-thumbnail\">\n\t\t\n\t\t\n\t\t<a href=\"https:\/\/www.grupoargraf.com\/ca\/grupo-argraf-y-los-disenadores-la-alianza-que-convierte-el-etiquetado-alimentario-espanol-en-referencia-internacional\/\" class=\"post-thumbnail-rollover layzr-bg\" ><img decoding=\"async\" class=\"preload-me owl-lazy-load aspect\" src=\"data:image\/svg+xml,%3Csvg%20xmlns%3D&#39;http%3A%2F%2Fwww.w3.org%2F2000%2Fsvg&#39;%20viewBox%3D&#39;0%200%20768%20512&#39;%2F%3E\" data-src=\"https:\/\/www.grupoargraf.com\/wp-content\/uploads\/2026\/01\/Gruo-Argraf-Impresion-de-etiquetas-para-Vino-01-768x512.jpg\" data-srcset=\"https:\/\/www.grupoargraf.com\/wp-content\/uploads\/2026\/01\/Gruo-Argraf-Impresion-de-etiquetas-para-Vino-01-768x512.jpg 768w, https:\/\/www.grupoargraf.com\/wp-content\/uploads\/2026\/01\/Gruo-Argraf-Impresion-de-etiquetas-para-Vino-01-1152x768.jpg 1152w\" loading=\"eager\" style=\"--ratio: 768 \/ 512\" sizes=\"(max-width: 768px) 100vw, 768px\" alt=\"\" title=\"Gruo-Argraf-Impresion-de-etiquetas-para-Vino-01\" width=\"768\" height=\"512\"  \/><\/a>\t<\/div>\n<\/div>\n\n\n<div class=\"post-entry-content\">\n\n\t<h3 class=\"entry-title\">\n\t\t<a href=\"https:\/\/www.grupoargraf.com\/ca\/grupo-argraf-y-los-disenadores-la-alianza-que-convierte-el-etiquetado-alimentario-espanol-en-referencia-internacional\/\" title=\"Grup Argraf i els dissenyadors: l&#8217;alian\u00e7a que converteix l&#8217;etiquetatge alimentari espanyol en refer\u00e8ncia internacional\" rel=\"bookmark\">Grup Argraf i els dissenyadors: l&#8217;alian\u00e7a que converteix l&#8217;etiquetatge alimentari espanyol en refer\u00e8ncia internacional<\/a>\n\t<\/h3>\n\n\t<div class=\"entry-meta\"><a href=\"https:\/\/www.grupoargraf.com\/ca\/2026\/01\/21\/\" title=\"16:25\" class=\"data-link\" rel=\"bookmark\"><time class=\"entry-date updated\" datetime=\"2026-01-21T16:25:21+01:00\">21 de gener de 2026<\/time><\/a><\/div>\n\t<div class=\"entry-excerpt\"><p>Al programa\u00a0Marca Espanya\u00a0de R\u00e0dio Nacional dEspanya, el periodista\u00a0Manuel Moraga\u00a0conversa amb\u00a0Miguel \u00c1ngel Torroba, director d?Argraf a Catalunya i d?Estrat\u00e8gia i Transformaci\u00f3 del Grup Argraf, i amb\u00a0Javier Euba, cofundador i director creatiu de l?estudi Moruba. Junts exploren com la ind\u00fastria gr\u00e0fica espanyola, liderada per empreses com Argraf -amb m\u00e9s de 2.500 milions d&#8217;envasos vestits a l&#8217;any-, s&#8217;ha&hellip;<\/p>\n<\/div>\n\t\n<a href=\"https:\/\/www.grupoargraf.com\/ca\/grupo-argraf-y-los-disenadores-la-alianza-que-convierte-el-etiquetado-alimentario-espanol-en-referencia-internacional\/\" class=\"post-details details-type-link\" aria-label=\"Read more about Grup Argraf i els dissenyadors: l&#8217;alian\u00e7a que converteix l&#8217;etiquetatge alimentari espanyol en refer\u00e8ncia internacional\">Leer m\u00e1s<i class=\"dt-icon-the7-arrow-03\" aria-hidden=\"true\"><\/i><\/a>\n\n<\/div><\/article><article class=\"post post-9289 type-post status-publish format-standard has-post-thumbnail hentry category-noticies category-293\" data-name=\"El Grup Argraf consolida el 2025 la seva posici\u00f3 com a referent europeu en l\u2019etiquetatge d\u2019alt valor afegit\" data-date=\"2025-12-22T15:37:53+01:00\">\n\n<div class=\"post-thumbnail-wrap\">\n\t<div class=\"post-thumbnail\">\n\t\t\n\t\t\n\t\t<a href=\"https:\/\/www.grupoargraf.com\/ca\/el-grup-argraf-consolida-el-2025-la-seva-posicio-com-a-referent-europeu-en-l-etiquetatge-d-alt-valor-afegit\/\" class=\"post-thumbnail-rollover layzr-bg\" ><img decoding=\"async\" class=\"preload-me owl-lazy-load aspect\" src=\"data:image\/svg+xml,%3Csvg%20xmlns%3D&#39;http%3A%2F%2Fwww.w3.org%2F2000%2Fsvg&#39;%20viewBox%3D&#39;0%200%20768%20512&#39;%2F%3E\" data-src=\"https:\/\/www.grupoargraf.com\/wp-content\/uploads\/2025\/12\/balance-2025-grupo-argraf-768x512.png\" data-srcset=\"https:\/\/www.grupoargraf.com\/wp-content\/uploads\/2025\/12\/balance-2025-grupo-argraf-768x512.png 768w, https:\/\/www.grupoargraf.com\/wp-content\/uploads\/2025\/12\/balance-2025-grupo-argraf-1152x768.png 1152w\" loading=\"eager\" style=\"--ratio: 768 \/ 512\" sizes=\"(max-width: 768px) 100vw, 768px\" alt=\"Informe anual del Grup Argraf 2025\" title=\"Informe anual del Grup Argraf 2025\" width=\"768\" height=\"512\"  \/><\/a>\t<\/div>\n<\/div>\n\n\n<div class=\"post-entry-content\">\n\n\t<h3 class=\"entry-title\">\n\t\t<a href=\"https:\/\/www.grupoargraf.com\/ca\/el-grup-argraf-consolida-el-2025-la-seva-posicio-com-a-referent-europeu-en-l-etiquetatge-d-alt-valor-afegit\/\" title=\"El Grup Argraf consolida el 2025 la seva posici\u00f3 com a referent europeu en l\u2019etiquetatge d\u2019alt valor afegit\" rel=\"bookmark\">El Grup Argraf consolida el 2025 la seva posici\u00f3 com a referent europeu en l\u2019etiquetatge d\u2019alt valor afegit<\/a>\n\t<\/h3>\n\n\t<div class=\"entry-meta\"><a href=\"https:\/\/www.grupoargraf.com\/ca\/2025\/12\/22\/\" title=\"15:37\" class=\"data-link\" rel=\"bookmark\"><time class=\"entry-date updated\" datetime=\"2025-12-22T15:37:53+01:00\">22 de desembre de 2025<\/time><\/a><\/div>\n\t<div class=\"entry-excerpt\"><p>El Grup Argraf \u00e9s avui un dels grans referents en la impressi\u00f3 d\u2019etiquetes per a vi a Espanya, combinant m\u00e9s de 45 anys d\u2019experi\u00e8ncia amb una aposta constant per la innovaci\u00f3 tecnol\u00f2gica i per l\u2019etiquetatge premium. Aquest lideratge es reflecteix en el seu paper clau com a soci industrial de cellers, grups vin\u00edcoles i ag\u00e8ncies&hellip;<\/p>\n<\/div>\n\t\n<a href=\"https:\/\/www.grupoargraf.com\/ca\/el-grup-argraf-consolida-el-2025-la-seva-posicio-com-a-referent-europeu-en-l-etiquetatge-d-alt-valor-afegit\/\" class=\"post-details details-type-link\" aria-label=\"Read more about El Grup Argraf consolida el 2025 la seva posici\u00f3 com a referent europeu en l\u2019etiquetatge d\u2019alt valor afegit\">Leer m\u00e1s<i class=\"dt-icon-the7-arrow-03\" aria-hidden=\"true\"><\/i><\/a>\n\n<\/div><\/article><article class=\"post post-9194 type-post status-publish format-standard has-post-thumbnail hentry category-noticies category-293\" data-name=\"Com triar el paper ideal per a l\u2019etiqueta del teu vi: guia professional d\u2019Argraf\" data-date=\"2025-09-26T10:44:32+02:00\">\n\n<div class=\"post-thumbnail-wrap\">\n\t<div class=\"post-thumbnail\">\n\t\t\n\t\t\n\t\t<a href=\"https:\/\/www.grupoargraf.com\/ca\/com-triar-el-paper-ideal-per-a-l-etiqueta-del-teu-vi-guia-professional-d-argraf\/\" class=\"post-thumbnail-rollover layzr-bg\" ><img decoding=\"async\" class=\"preload-me owl-lazy-load aspect\" src=\"data:image\/svg+xml,%3Csvg%20xmlns%3D&#39;http%3A%2F%2Fwww.w3.org%2F2000%2Fsvg&#39;%20viewBox%3D&#39;0%200%20768%20512&#39;%2F%3E\" data-src=\"https:\/\/www.grupoargraf.com\/wp-content\/uploads\/2025\/09\/argraf-el-papel-ideal-portada-768x512.png\" data-srcset=\"https:\/\/www.grupoargraf.com\/wp-content\/uploads\/2025\/09\/argraf-el-papel-ideal-portada-768x512.png 768w, https:\/\/www.grupoargraf.com\/wp-content\/uploads\/2025\/09\/argraf-el-papel-ideal-portada-1152x768.png 1152w\" loading=\"eager\" style=\"--ratio: 768 \/ 512\" sizes=\"(max-width: 768px) 100vw, 768px\" alt=\"\" title=\"argraf-el-papel-ideal-portada\" width=\"768\" height=\"512\"  \/><\/a>\t<\/div>\n<\/div>\n\n\n<div class=\"post-entry-content\">\n\n\t<h3 class=\"entry-title\">\n\t\t<a href=\"https:\/\/www.grupoargraf.com\/ca\/com-triar-el-paper-ideal-per-a-l-etiqueta-del-teu-vi-guia-professional-d-argraf\/\" title=\"Com triar el paper ideal per a l\u2019etiqueta del teu vi: guia professional d\u2019Argraf\" rel=\"bookmark\">Com triar el paper ideal per a l\u2019etiqueta del teu vi: guia professional d\u2019Argraf<\/a>\n\t<\/h3>\n\n\t<div class=\"entry-meta\"><a href=\"https:\/\/www.grupoargraf.com\/ca\/2025\/09\/26\/\" title=\"10:44\" class=\"data-link\" rel=\"bookmark\"><time class=\"entry-date updated\" datetime=\"2025-09-26T10:44:32+02:00\">26 de setembre de 2025<\/time><\/a><\/div>\n\t<div class=\"entry-excerpt\"><p>Escollir el paper per a l\u2019etiqueta del teu vi no \u00e9s nom\u00e9s una q\u00fcesti\u00f3 est\u00e8tica: influeix en com es percep el teu vi, en l\u2019experi\u00e8ncia de qui el rep i en la qualitat final del producte. A Argraf, t\u2019acompanyem en tot el proc\u00e9s perqu\u00e8 cada etiqueta sigui atractiva, funcional i memorable. La import\u00e0ncia del paper&hellip;<\/p>\n<\/div>\n\t\n<a href=\"https:\/\/www.grupoargraf.com\/ca\/com-triar-el-paper-ideal-per-a-l-etiqueta-del-teu-vi-guia-professional-d-argraf\/\" class=\"post-details details-type-link\" aria-label=\"Read more about Com triar el paper ideal per a l\u2019etiqueta del teu vi: guia professional d\u2019Argraf\">Leer m\u00e1s<i class=\"dt-icon-the7-arrow-03\" aria-hidden=\"true\"><\/i><\/a>\n\n<\/div><\/article><\/div>[vc_empty_space height=&#8221;40px&#8221;][\/vc_column_inner][\/vc_row_inner][\/vc_column][\/vc_row]<\/p>\n<\/div>","protected":false},"excerpt":{"rendered":"<p>[vc_row][vc_column][vc_row_inner][vc_column_inner width=&#8221;1\/4&#8243;][\/vc_column_inner][vc_column_inner width=&#8221;1\/2&#8243;][vc_column_text] Grup\u00a0ARGRAF A Grup Argraf som especialistes a Espanya en la fabricaci\u00f3 d\u2019etiquetes alimentaries, i l\u00edders absoluts en etiquetes de vi. 900 milions d\u2019ampolles de vi porten la marca de Grup Argraf. El nostre repte \u00e9s sempre, millorar les etiquetes existents al mercat i aconseguir que es diferenci\u00efn de la resta. Per a&hellip;<\/p>\n","protected":false},"author":2,"featured_media":0,"parent":0,"menu_order":0,"comment_status":"closed","ping_status":"closed","template":"","meta":{"_acf_changed":false,"footnotes":""},"yst_prominent_words":[138],"class_list":["post-4398","page","type-page","status-publish","hentry","description-off"],"acf":[],"_links":{"self":[{"href":"https:\/\/www.grupoargraf.com\/ca\/wp-json\/wp\/v2\/pages\/4398","targetHints":{"allow":["GET"]}}],"collection":[{"href":"https:\/\/www.grupoargraf.com\/ca\/wp-json\/wp\/v2\/pages"}],"about":[{"href":"https:\/\/www.grupoargraf.com\/ca\/wp-json\/wp\/v2\/types\/page"}],"author":[{"embeddable":true,"href":"https:\/\/www.grupoargraf.com\/ca\/wp-json\/wp\/v2\/users\/2"}],"replies":[{"embeddable":true,"href":"https:\/\/www.grupoargraf.com\/ca\/wp-json\/wp\/v2\/comments?post=4398"}],"version-history":[{"count":2,"href":"https:\/\/www.grupoargraf.com\/ca\/wp-json\/wp\/v2\/pages\/4398\/revisions"}],"predecessor-version":[{"id":9637,"href":"https:\/\/www.grupoargraf.com\/ca\/wp-json\/wp\/v2\/pages\/4398\/revisions\/9637"}],"wp:attachment":[{"href":"https:\/\/www.grupoargraf.com\/ca\/wp-json\/wp\/v2\/media?parent=4398"}],"wp:term":[{"taxonomy":"yst_prominent_words","embeddable":true,"href":"https:\/\/www.grupoargraf.com\/ca\/wp-json\/wp\/v2\/yst_prominent_words?post=4398"}],"curies":[{"name":"wp","href":"https:\/\/api.w.org\/{rel}","templated":true}]}}