{"id":4304,"date":"2019-10-15T18:29:13","date_gmt":"2019-10-15T16:29:13","guid":{"rendered":"https:\/\/www.grupoargraf.com\/historia\/"},"modified":"2025-11-03T15:11:39","modified_gmt":"2025-11-03T14:11:39","slug":"historia","status":"publish","type":"page","link":"https:\/\/www.grupoargraf.com\/ca\/historia\/","title":{"rendered":"Hist\u00f2ria"},"content":{"rendered":"<div class=\"wpb-content-wrapper\"><p>[vc_row gap=&#8221;20&#8243;][vc_column width=&#8221;1\/2&#8243;][vc_column_text css=&#8221;&#8221;]<\/p>\r\n<h1 class=\"wp-block-heading\">Argraf, arts gr\u00e0fiques<\/h1>\r\n<h2 data-start=\"116\" data-end=\"211\"><strong data-start=\"116\" data-end=\"211\">Descobreix la hist\u00f2ria de Grupo Argraf: l\u00edders en impressi\u00f3 d\u2019etiquetes de vi des de 1939.<\/strong><\/h2>\r\n<p>\r\n\r\n<span style=\"color: #a38620;\"><strong><em>L\u2019origen d\u2019Argraf es remunta a 1939 quan senyor Lucio Torroba Andr\u00e9s va fundar i va comen\u00e7ar un negoci d\u2019arts gr\u00e0fiques que va ser la llavor de la qual va n\u00e9ixer m\u00e9s tard el Grup Argraf.<\/em><\/strong><\/span><\/p>\r\n<p><strong>Constitu\u00efda formalment al 1978, Argraf S.A. va centrar inicialment la seva producci\u00f3 en el segment de les etiquetes de vi i licors,<\/strong>\u00a0donada la seva estrat\u00e8gica situaci\u00f3 en plena regi\u00f3 vitivin\u00edcola de La Rioja.<\/p>\r\n<p><strong>Al 1985 es va crear Argraf Ebro S.A., una divisi\u00f3 del Grup Argraf destinada a donar servei a la cada vegada m\u00e9s evident alta demanda d\u2019etiquetes per part de les marques d\u2019altres productes alimentaris aliens al m\u00f3n del vi,<\/strong>\u00a0sent els seus principals clients, les empreses de conserves.<\/p>\r\n<p><strong>A partir de 1989 el Grup inicia un proc\u00e9s expansiu basat sobretot en l\u2019ampliaci\u00f3 d\u2019instal\u00b7lacions i en una gran inversi\u00f3 continuada en tecnologia d\u2019\u00faltima generaci\u00f3.<\/strong>\u00a0Ha sigut aquest proc\u00e9s el que ha suposat el major \u00e8xit del Grupo Argraf, al col\u00b7locar-se en l\u2019avantguarda de las noves t\u00e8cniques d\u2019impressi\u00f3 i etiquetatge, oferint als seus clients serveis exclusius que cap altre prove\u00efdor podia oferir a Espanya. Aquesta inversi\u00f3 cont\u00ednua en R+D+I \u00e9s la clau de l\u2019actual i indiscutible lideratge d\u2019Argraf en el seu sector.<\/p>\r\n<p>[\/vc_column_text][\/vc_column][\/vc_row][vc_row full_width=&#8221;stretch_row_content&#8221; gap=&#8221;35&#8243; seperator_enable=&#8221;seperator_enable_value&#8221; seperator_type=&#8221;triangle_svg_seperator&#8221; seperator_svg_height=&#8221;100&#8243; seperator_shape_background=&#8221;#ffffff&#8221; css=&#8221;.vc_custom_1572041011318{margin-right: 20px !important;margin-left: 20px !important;padding-right: 20px !important;padding-left: 20px !important;background-color: #ebebeb !important;}&#8221;][vc_column width=&#8221;1\/4&#8243; css=&#8221;.vc_custom_1572039679914{padding-right: 20px !important;padding-left: 20px !important;}&#8221;][vc_single_image image=&#8221;6556&#8243; img_size=&#8221;150&#215;148&#8243; alignment=&#8221;center&#8221;][vc_column_text]<\/p>\r\n<p style=\"text-align: center;\"><strong><span class=\"negrita\">1989<\/span><\/strong><br \/>Nova generaci\u00f3 de m\u00e0quines de 5 colors.<\/p>\r\n<p>[\/vc_column_text][vc_separator color=&#8221;custom&#8221; accent_color=&#8221;#3a3a3a&#8221;][vc_column_text]<\/p>\r\n<p style=\"text-align: center;\"><strong>1990<\/strong><\/p>\r\n<p style=\"text-align: center;\">Renovaci\u00f3 del parc de guillotines i m\u00e0quines<\/p>\r\n<p>[\/vc_column_text][vc_separator color=&#8221;custom&#8221; accent_color=&#8221;#3a3a3a&#8221;][vc_column_text]<\/p>\r\n<p style=\"text-align: center;\"><strong><span class=\"negrita\">1991<\/span><\/strong><br \/>Modernitzaci\u00f3 de la secci\u00f3 d\u2019estampaci\u00f3.<\/p>\r\n<p>[\/vc_column_text][vc_separator color=&#8221;custom&#8221; accent_color=&#8221;#3a3a3a&#8221;][vc_column_text]<\/p>\r\n<p style=\"text-align: center;\"><strong><span class=\"negrita\">1992<\/span><\/strong><br \/>Informatitzaci\u00f3 de la preimpressi\u00f3.<\/p>\r\n<p>[\/vc_column_text][vc_separator color=&#8221;custom&#8221; accent_color=&#8221;#3a3a3a&#8221;][vc_column_text]<\/p>\r\n<p style=\"text-align: center;\"><strong><span class=\"negrita\">1993<\/span><\/strong><br \/>Ampliaci\u00f3 de les seccions de tall i estampaci\u00f3.<\/p>\r\n<p>[\/vc_column_text][vc_separator color=&#8221;custom&#8221; accent_color=&#8221;#3a3a3a&#8221;][vc_column_text]<\/p>\r\n<p style=\"text-align: center;\"><strong><span class=\"negrita\">1994<\/span><\/strong><br \/>Nova m\u00e0quina d\u2019impressi\u00f3 de 6 colors.<\/p>\r\n<p>[\/vc_column_text][vc_separator color=&#8221;custom&#8221; accent_color=&#8221;#3a3a3a&#8221;][vc_column_text]<\/p>\r\n<p style=\"text-align: center;\"><strong><span class=\"negrita\">1995<\/span><\/strong><br \/>Ampliaci\u00f3 de la secci\u00f3 de preimpressi\u00f3 i renovaci\u00f3 del parc inform\u00e0tic.<\/p>\r\n<p>[\/vc_column_text][vc_separator color=&#8221;custom&#8221; accent_color=&#8221;#3a3a3a&#8221;][vc_column_text]<\/p>\r\n<p style=\"text-align: center;\"><strong><span class=\"negrita\">1996<\/span><\/strong><br \/>Nova incorporaci\u00f3 de fins 23 cossos d\u2019impressi\u00f3.<\/p>\r\n<p>[\/vc_column_text][vc_separator color=&#8221;custom&#8221; accent_color=&#8221;#3a3a3a&#8221;][vc_column_text]<\/p>\r\n<p style=\"text-align: center;\"><strong><span class=\"negrita\">1997<\/span><\/strong><br \/>Actualitzaci\u00f3 de la secci\u00f3 de preimpressi\u00f3, amb una nova retractiladora, discos d\u2019arxiu i nous ordinadors. Quinta m\u00e0quina d\u2019estampaci\u00f3 per calor.<\/p>\r\n<p>[\/vc_column_text][vc_separator color=&#8221;custom&#8221; accent_color=&#8221;#3a3a3a&#8221;][vc_column_text]<\/p>\r\n<p style=\"text-align: center;\"><strong><span class=\"negrita\">1999<\/span><\/strong><br \/>Noves inversions en impressi\u00f3 per import de quasi 3 milions d\u2019euros. Primera m\u00e0quina de 8 colors per a etiquetes a Espanya. Neix Argraf Autoadhesivos S.A.. Primera m\u00e0quina d\u2019impressi\u00f3 flexogr\u00e0fica de 8 colors, m\u00e9s una m\u00e0quina d\u2019estampaci\u00f3 i inspecci\u00f3.<\/p>\r\n<p>[\/vc_column_text][vc_separator color=&#8221;custom&#8221; accent_color=&#8221;#3a3a3a&#8221;][\/vc_column][vc_column width=&#8221;1\/4&#8243; css=&#8221;.vc_custom_1572039686816{padding-right: 20px !important;padding-left: 20px !important;}&#8221;][vc_single_image image=&#8221;6559&#8243; img_size=&#8221;150&#215;148&#8243; alignment=&#8221;center&#8221;][vc_column_text]<\/p>\r\n<p style=\"text-align: center;\"><strong><span class=\"negrita\">2000<\/span><\/strong><br \/>Quinta m\u00e0quina d\u2019estampaci\u00f3 per calor. Actualitzaci\u00f3 de guillotines.<\/p>\r\n<p>[\/vc_column_text][vc_separator color=&#8221;custom&#8221; accent_color=&#8221;#3a3a3a&#8221;][vc_column_text]<\/p>\r\n<p style=\"text-align: center;\"><strong><span class=\"negrita\">2001<\/span><\/strong><br \/>Nova m\u00e0quina d\u2019impressi\u00f3 en autoadhesius, estampaci\u00f3 i inspecci\u00f3. Renovaci\u00f3 en preimpressi\u00f3.<\/p>\r\n<p>[\/vc_column_text][vc_separator color=&#8221;custom&#8221; accent_color=&#8221;#3a3a3a&#8221;][vc_column_text]<\/p>\r\n<p style=\"text-align: center;\"><strong><span class=\"negrita\">2002<\/span><\/strong><br \/>Argraf Autoadhesius adquireix noves m\u00e0quines d\u2019impressi\u00f3, estampaci\u00f3 i inspecci\u00f3.<\/p>\r\n<p>[\/vc_column_text][vc_separator color=&#8221;custom&#8221; accent_color=&#8221;#3a3a3a&#8221;][vc_column_text]<\/p>\r\n<p style=\"text-align: center;\"><strong><span class=\"negrita\">2003<\/span><\/strong><br \/>Argraf Autoadhesius adquireix la quarta m\u00e0quina d\u2019impressi\u00f3.<\/p>\r\n<p>[\/vc_column_text][vc_separator color=&#8221;custom&#8221; accent_color=&#8221;#3a3a3a&#8221;][vc_column_text]<\/p>\r\n<p style=\"text-align: center;\"><strong><span class=\"negrita\">2004<\/span><\/strong><br \/>Argraf Autoadhesius adquireix la cinquena m\u00e0quina d\u2019impressi\u00f3. Incorporaci\u00f3 del CTP en Preimpressi\u00f3. Sisena m\u00e0quina d\u2019estampaci\u00f3 per calor. Argraf es converteix en la major empresa consumidora de cinta d\u2019estampaci\u00f3 a Espanya.<\/p>\r\n<p>[\/vc_column_text][vc_separator color=&#8221;custom&#8221; accent_color=&#8221;#3a3a3a&#8221;][vc_column_text]<\/p>\r\n<p style=\"text-align: center;\"><strong><span class=\"negrita\">2005<\/span><\/strong><br \/>Argraf Autoadhesius suma la sisena m\u00e0quina d\u2019impressi\u00f3. Argraf adquireix la m\u00e9s avan\u00e7ada m\u00e0quina d\u2019offset de 8 colors per a la fabricaci\u00f3 d\u2019etiquetes. S\u2019amplia l\u2019\u00e0rea d\u2019instal\u00b7lacions en 3.000 metres quadrats, aconseguint els 10.000 en total.<\/p>\r\n<p>[\/vc_column_text][vc_separator color=&#8221;custom&#8221; accent_color=&#8221;#3a3a3a&#8221;][vc_column_text]<\/p>\r\n<p style=\"text-align: center;\"><strong><span class=\"negrita\">2006<\/span><\/strong><br \/>Argraf Autoadhesius adquireix la setena m\u00e0quina d\u2019impressi\u00f3.<\/p>\r\n<p>[\/vc_column_text][vc_separator color=&#8221;custom&#8221; accent_color=&#8221;#3a3a3a&#8221;][vc_column_text]<\/p>\r\n<p style=\"text-align: center;\"><strong><span class=\"negrita\">2007<\/span><\/strong><br \/>Argraf Autoadhesius adquireix l\u2019octava m\u00e0quina d\u2019impressi\u00f3.<\/p>\r\n<p>[\/vc_column_text][vc_separator color=&#8221;custom&#8221; accent_color=&#8221;#3a3a3a&#8221;][vc_column_text]<\/p>\r\n<p style=\"text-align: center;\"><strong><span class=\"negrita\">2008<\/span><\/strong><br \/>Argraf Autoadhesius adquireix la novena m\u00e0quina d\u2019impressi\u00f3.<\/p>\r\n<p>[\/vc_column_text][vc_separator color=&#8221;custom&#8221; accent_color=&#8221;#3a3a3a&#8221;][\/vc_column][vc_column width=&#8221;1\/4&#8243; css=&#8221;.vc_custom_1572039694772{padding-right: 20px !important;padding-left: 20px !important;}&#8221;][vc_single_image image=&#8221;6553&#8243; img_size=&#8221;150&#215;148&#8243; alignment=&#8221;center&#8221;][vc_column_text]<\/p>\r\n<p style=\"text-align: center;\"><strong><span class=\"negrita\">2010<\/span><\/strong><br \/>Argraf Autoadhesius adquireix la d\u00e8cima m\u00e0quina d\u2019impressi\u00f3.<\/p>\r\n<p>[\/vc_column_text][vc_separator color=&#8221;custom&#8221; accent_color=&#8221;#3a3a3a&#8221;][vc_column_text]<\/p>\r\n<p style=\"text-align: center;\"><strong><span class=\"negrita\">2011<\/span><\/strong><br \/>Argraf Autoadhesius adquireix la l\u2019onzena m\u00e0quina d\u2019impressi\u00f3.<\/p>\r\n<p>[\/vc_column_text][vc_separator color=&#8221;custom&#8221; accent_color=&#8221;#3a3a3a&#8221;][vc_column_text]<\/p>\r\n<p style=\"text-align: center;\"><strong><span class=\"negrita\">2012<\/span><\/strong><br \/>El Grup Argraf fusiona les tres empreses familiars donant lloc al quart grup espanyol fabricant d\u2019etiquetes per a l\u2019alimentaci\u00f3 i el lideratge al m\u00f3n del vi.<\/p>\r\n<p>[\/vc_column_text][vc_separator color=&#8221;custom&#8221; accent_color=&#8221;#3a3a3a&#8221;][vc_column_text]<\/p>\r\n<p style=\"text-align: center;\"><strong><span class=\"negrita\">2013<\/span><\/strong><br \/>El Grupo Argraf adquireix dues noves m\u00e0quines de serigrafia i estampaci\u00f3.<\/p>\r\n<p>[\/vc_column_text][vc_separator color=&#8221;custom&#8221; accent_color=&#8221;#3a3a3a&#8221;][vc_column_text]<\/p>\r\n<p style=\"text-align: center;\"><strong><span class=\"negrita\">2014<\/span><\/strong><br \/>Adquisici\u00f3 de tres noves m\u00e0quines d\u2019impressi\u00f3 juntament amb altres tres per a diversos acabats.<\/p>\r\n<p>[\/vc_column_text][vc_separator color=&#8221;custom&#8221; accent_color=&#8221;#3a3a3a&#8221;][vc_column_text]<\/p>\r\n<p style=\"text-align: center;\"><strong><span class=\"negrita\">2016<\/span><\/strong><br \/>Nova m\u00e0quina OMET, que integra 10 cossos d\u2019impressi\u00f3 flexogr\u00e0fica i un d\u2019estampaci\u00f3 plana GIETZ, a m\u00e9s de m\u00faltiples acabats en l\u00ednia.<\/p>\r\n<p>[\/vc_column_text][vc_separator color=&#8221;custom&#8221; accent_color=&#8221;#3a3a3a&#8221;][\/vc_column][vc_column width=&#8221;1\/4&#8243;][vc_single_image image=&#8221;6208&#8243; img_size=&#8221;150&#215;148&#8243; alignment=&#8221;center&#8221;][vc_column_text]<\/p>\r\n<p style=\"text-align: center;\"><strong><span class=\"negrita\">2022<\/span><\/strong><\/p>\r\n<p style=\"text-align: center;\">Grup Argraf amplia els seus serveis a clients a Catalunya amb la compra de l\u2019empresa Redgraf afermant el lideratge del sector en tot el pa\u00eds.<\/p>\r\n<p>[\/vc_column_text][vc_separator color=&#8221;custom&#8221; accent_color=&#8221;#3a3a3a&#8221;][\/vc_column][\/vc_row]<\/p><\/div>","protected":false},"excerpt":{"rendered":"<p>[vc_row gap=&#8221;20&#8243;][vc_column width=&#8221;1\/2&#8243;][vc_column_text css=&#8221;&#8221;] Argraf, arts gr\u00e0fiques Descobreix la hist\u00f2ria de Grupo Argraf: l\u00edders en impressi\u00f3 d\u2019etiquetes de vi des de 1939. L\u2019origen d\u2019Argraf es remunta a 1939 quan senyor Lucio Torroba Andr\u00e9s va fundar i va comen\u00e7ar un negoci d\u2019arts gr\u00e0fiques que va ser la llavor de la qual va n\u00e9ixer m\u00e9s tard el&hellip;<\/p>\n","protected":false},"author":2,"featured_media":4306,"parent":0,"menu_order":0,"comment_status":"closed","ping_status":"closed","template":"","meta":{"_acf_changed":false,"footnotes":""},"yst_prominent_words":[],"class_list":["post-4304","page","type-page","status-publish","has-post-thumbnail","hentry","description-off"],"acf":[],"_links":{"self":[{"href":"https:\/\/www.grupoargraf.com\/ca\/wp-json\/wp\/v2\/pages\/4304","targetHints":{"allow":["GET"]}}],"collection":[{"href":"https:\/\/www.grupoargraf.com\/ca\/wp-json\/wp\/v2\/pages"}],"about":[{"href":"https:\/\/www.grupoargraf.com\/ca\/wp-json\/wp\/v2\/types\/page"}],"author":[{"embeddable":true,"href":"https:\/\/www.grupoargraf.com\/ca\/wp-json\/wp\/v2\/users\/2"}],"replies":[{"embeddable":true,"href":"https:\/\/www.grupoargraf.com\/ca\/wp-json\/wp\/v2\/comments?post=4304"}],"version-history":[{"count":2,"href":"https:\/\/www.grupoargraf.com\/ca\/wp-json\/wp\/v2\/pages\/4304\/revisions"}],"predecessor-version":[{"id":8456,"href":"https:\/\/www.grupoargraf.com\/ca\/wp-json\/wp\/v2\/pages\/4304\/revisions\/8456"}],"wp:featuredmedia":[{"embeddable":true,"href":"https:\/\/www.grupoargraf.com\/ca\/wp-json\/wp\/v2\/media\/4306"}],"wp:attachment":[{"href":"https:\/\/www.grupoargraf.com\/ca\/wp-json\/wp\/v2\/media?parent=4304"}],"wp:term":[{"taxonomy":"yst_prominent_words","embeddable":true,"href":"https:\/\/www.grupoargraf.com\/ca\/wp-json\/wp\/v2\/yst_prominent_words?post=4304"}],"curies":[{"name":"wp","href":"https:\/\/api.w.org\/{rel}","templated":true}]}}