{"id":4294,"date":"2019-10-15T18:30:01","date_gmt":"2019-10-15T16:30:01","guid":{"rendered":"https:\/\/www.grupoargraf.com\/calidad-y-medioambiente\/"},"modified":"2025-04-22T15:17:21","modified_gmt":"2025-04-22T13:17:21","slug":"qualitat-i-medi-ambient","status":"publish","type":"page","link":"https:\/\/www.grupoargraf.com\/ca\/qualitat-i-medi-ambient\/","title":{"rendered":"Qualitat i medi ambient"},"content":{"rendered":"<div class=\"wpb-content-wrapper\"><p>[vc_row][vc_column width=&#8221;1\/2&#8243;][vc_column_text]<\/p>\n<h1 class=\"serv14\">Qualitat i medi ambient<\/h1>\n<p>[\/vc_column_text][vc_single_image image=&#8221;4295&#8243; img_size=&#8221;full&#8221;][\/vc_column][vc_column width=&#8221;1\/2&#8243;][vc_column_text css=&#8221;&#8221;]<\/p>\n<div class=\"serv13\">\n<h2 data-start=\"189\" data-end=\"288\"><strong data-start=\"189\" data-end=\"288\">Comprom\u00eds amb la qualitat i la sostenibilitat en la impressi\u00f3 d\u2019etiquetes de vi i alimentaci\u00f3<\/strong><\/h2>\n<p class=\"his4b\"><span style=\"color: #a38620;\"><em><strong>EL GRUP ARGRAF ha desenvolupat i implantat un Sistema de Gesti\u00f3 Ambiental que, juntament amb la pol\u00edtica de qualitat, identifica i defineix responsabilitats, procediments, processos, recursos, etc., per assegurar que el resultat dels nostres processos, aix\u00ed com la gesti\u00f3 dels aspectes ambientals associats a aquests, es concretin en productes segurs i legals que satisfacin els requisits dels nostres clients i els est\u00e0ndards ambientals als quals estem sotmesos.<\/strong><\/em><\/span><\/p>\n<p class=\"his4\">El terme &#8220;Client&#8221; ha de ser ent\u00e8s com els usuaris o receptors dels nostres productes i actituds, tant a l&#8217;exterior com dins del GRUP ARGRAF. Hem d&#8217;intentar sempre lliurar una feina ben feta.<\/p>\n<p>Les directrius b\u00e0siques que regeixen la nostra Pol\u00edtica de Qualitat i Medi Ambient, que guien les nostres accions, es resumixen en els seg\u00fcents principis:<\/p>\n<p>&#8211; Els clients s\u00f3n el motiu del nostre treball. Entenem les seves necessitats reals i expectatives per satisfer-les.<\/p>\n<p>&#8211; Mitjan\u00e7ant una gesti\u00f3 efica\u00e7, controlem i redu\u00efm de manera general els nostres impactes ambientals negatius, prestant especial atenci\u00f3 al que estipula el pla d&#8217;emerg\u00e8ncia aix\u00ed com al consum de recursos h\u00eddrics i energ\u00e8tics i a la sensibilitat especial de l&#8217;entorn en el qual ens situem.<\/p>\n<p>&#8211; Ens esforcem en la prevenci\u00f3 d&#8217;errors i en el control efectiu dels mateixos. Aix\u00ed mateix, adoptem el comprom\u00eds de prevenir la contaminaci\u00f3 ambiental en el desenvolupament de les nostres activitats.<\/p>\n<p>&#8211; A trav\u00e9s d&#8217;una planificaci\u00f3 i seguiment adequats, orientem la nostra organitzaci\u00f3 cap a la consecuci\u00f3 de la millora cont\u00ednua tant en la qualitat i seguretat dels nostres productes, com en la prevenci\u00f3 i reducci\u00f3 de la contaminaci\u00f3. Aquesta planificaci\u00f3 i seguiment estan basats en l&#8217;establiment i revisi\u00f3 d&#8217;objectius, retroalimentats de forma cont\u00ednua.<\/p>\n<p>&#8211; Per assolir els m\u00e0xims nivells de qualitat, salubritat i la minimitzaci\u00f3 dels impactes ambientals negatius, \u00e9s imprescindible una actitud de treball en equip amb canals de comunicaci\u00f3 adequats i flu\u00efds que garanteixin l&#8217;efic\u00e0cia del SICME.<\/p>\n<p>&#8211; Mitjan\u00e7ant una planificaci\u00f3 adequada i convenient de la formaci\u00f3, augmentem la capacitat i destresa dels nostres empleats en les activitats que realitzen per garantir la satisfacci\u00f3 de les expectatives dels nostres clients, la seguretat del producte i el respecte i cura del Medi Ambient.<\/p>\n<p>&#8211; A m\u00e9s dels requisits dels nostres clients, complim en les nostres activitats amb la legislaci\u00f3 vigent, aix\u00ed com la reglamentaci\u00f3 i altres requisits als quals l&#8217;organitzaci\u00f3 vulgui adherir-se.<\/p>\n<p>El Grup Argraf posa a disposici\u00f3 de qui ho sol\u00b7liciti la seva Pol\u00edtica de Qualitat i Medi Ambient.<\/p>\n<\/div>\n<p>[\/vc_column_text][\/vc_column][\/vc_row][vc_row gap=&#8221;20&#8243;][vc_column width=&#8221;1\/3&#8243;][vc_single_image image=&#8221;6429&#8243; img_size=&#8221;large&#8221; alignment=&#8221;center&#8221;][vc_column_text]<\/p>\n<div class=\"serv18\"><strong>ISO 9001<\/strong><\/div>\n<div class=\"serv19\">Aquesta Norma internacional garanteix la correcta aplicaci\u00f3 d&#8217;un sistema intern de gesti\u00f3 de la qualitat que s&#8217;aplica a tots els departaments de la companyia.<\/div>\n<div><\/div>\n<div class=\"serv19\"><a href=\"https:\/\/www.grupoargraf.com\/wp-content\/uploads\/2023\/02\/13400723-BUP-ARGRAF-S.A.-ESPANOL.pdf\" target=\"_blank\" rel=\"noopener\">Descarregar<\/a><\/div>\n<p>[\/vc_column_text][\/vc_column][vc_column width=&#8221;1\/3&#8243;][vc_single_image image=&#8221;6682&#8243; img_size=&#8221;large&#8221; alignment=&#8221;center&#8221;][vc_column_text]<\/p>\n<div class=\"serv18\"><strong>Papers i tintes ecol\u00f2gics<\/strong><\/div>\n<div class=\"serv19\">Disposem de papers ecol\u00f2gics o de m\u00ednim impacte mediambiental. A m\u00e9s, oferim tintes elaborades a base de mat\u00e8ries primeres renovables i d&#8217;origen org\u00e0nic.<\/div>\n<p>[\/vc_column_text][\/vc_column][vc_column width=&#8221;1\/3&#8243;][vc_single_image image=&#8221;6430&#8243; img_size=&#8221;large&#8221; alignment=&#8221;center&#8221;][vc_column_text css=&#8221;&#8221;]<\/p>\n<div class=\"serv18\"><strong>Certificat FSC<sup>\u00ae<\/sup><\/strong><\/div>\n<div class=\"serv19\">El segell FSC<sup>\u00ae<\/sup> garanteix que l&#8217;origen del paper utilitzat en Argraf prov\u00e9 d&#8217;explotacions forestals correctament gestionades.<\/div>\n<div><\/div>\n<div><a title=\"Descarregar\" href=\"https:\/\/www.grupoargraf.com\/wp-content\/uploads\/2019\/10\/Grupo-Argraf-S.A-FSC.pdf\" target=\"_blank\" rel=\"noopener noreferrer\">Descarregar<\/a><\/div>\n<p>[\/vc_column_text][\/vc_column][\/vc_row][vc_row][vc_column][vc_column_text][\/vc_column_text][\/vc_column][\/vc_row]<\/p>\n<\/div>","protected":false},"excerpt":{"rendered":"<p>[vc_row][vc_column width=&#8221;1\/2&#8243;][vc_column_text] Qualitat i medi ambient [\/vc_column_text][vc_single_image image=&#8221;4295&#8243; img_size=&#8221;full&#8221;][\/vc_column][vc_column width=&#8221;1\/2&#8243;][vc_column_text css=&#8221;&#8221;] Comprom\u00eds amb la qualitat i la sostenibilitat en la impressi\u00f3 d\u2019etiquetes de vi i alimentaci\u00f3 EL GRUP ARGRAF ha desenvolupat i implantat un Sistema de Gesti\u00f3 Ambiental que, juntament amb la pol\u00edtica de qualitat, identifica i defineix responsabilitats, procediments, processos, recursos, etc., per assegurar&hellip;<\/p>\n","protected":false},"author":2,"featured_media":4296,"parent":0,"menu_order":0,"comment_status":"closed","ping_status":"closed","template":"","meta":{"_acf_changed":false,"footnotes":""},"yst_prominent_words":[],"class_list":["post-4294","page","type-page","status-publish","has-post-thumbnail","hentry","description-off"],"acf":[],"_links":{"self":[{"href":"https:\/\/www.grupoargraf.com\/ca\/wp-json\/wp\/v2\/pages\/4294","targetHints":{"allow":["GET"]}}],"collection":[{"href":"https:\/\/www.grupoargraf.com\/ca\/wp-json\/wp\/v2\/pages"}],"about":[{"href":"https:\/\/www.grupoargraf.com\/ca\/wp-json\/wp\/v2\/types\/page"}],"author":[{"embeddable":true,"href":"https:\/\/www.grupoargraf.com\/ca\/wp-json\/wp\/v2\/users\/2"}],"replies":[{"embeddable":true,"href":"https:\/\/www.grupoargraf.com\/ca\/wp-json\/wp\/v2\/comments?post=4294"}],"version-history":[{"count":1,"href":"https:\/\/www.grupoargraf.com\/ca\/wp-json\/wp\/v2\/pages\/4294\/revisions"}],"predecessor-version":[{"id":8462,"href":"https:\/\/www.grupoargraf.com\/ca\/wp-json\/wp\/v2\/pages\/4294\/revisions\/8462"}],"wp:featuredmedia":[{"embeddable":true,"href":"https:\/\/www.grupoargraf.com\/ca\/wp-json\/wp\/v2\/media\/4296"}],"wp:attachment":[{"href":"https:\/\/www.grupoargraf.com\/ca\/wp-json\/wp\/v2\/media?parent=4294"}],"wp:term":[{"taxonomy":"yst_prominent_words","embeddable":true,"href":"https:\/\/www.grupoargraf.com\/ca\/wp-json\/wp\/v2\/yst_prominent_words?post=4294"}],"curies":[{"name":"wp","href":"https:\/\/api.w.org\/{rel}","templated":true}]}}