{"id":9806,"date":"2026-08-31T14:37:29","date_gmt":"2026-08-31T12:37:29","guid":{"rendered":"https:\/\/www.grupoargraf.com\/?post_type=etiqueta&#038;p=9806"},"modified":"2026-09-01T09:07:25","modified_gmt":"2026-09-01T07:07:25","slug":"etiquetes-de-vi","status":"publish","type":"etiqueta","link":"https:\/\/www.grupoargraf.com\/ca\/etiquetas\/etiquetes-de-vi\/","title":{"rendered":"Etiquetes de vi"},"content":{"rendered":"<div class=\"wpb-content-wrapper\" id=\"wpb-content-root\"><p>[vc_row][vc_column][vc_column_text]<\/p>\n<h1>Impressi\u00f3 d&#8217;etiquetes de vi:<br \/>\nqualitat i eleg\u00e0ncia a cada ampolla<\/h1>\n<p>[\/vc_column_text][\/vc_column][\/vc_row][vc_row gap=\u00bb20&#8243;][vc_column width=\u00bb1\/2&#8243;][vc_column_text]Triar una <strong>etiqueta per a una ampolla de vi<\/strong> \u00e9s una declaraci\u00f3 sobre l&#8217;ess\u00e8ncia i la qualitat que hi ha dins de cada ampolla. A Grupo Argraf entenem perfectament com una etiqueta crea la primera impressi\u00f3 d&#8217;una marca al m\u00f3n i transmet la hist\u00f2ria i l&#8217;ess\u00e8ncia del vi. Amb cada disseny a mida, busquem combinar la qualitat excepcional i l&#8217;eleg\u00e0ncia intr\u00ednseca que el vi mereix, assegurant que cada etiqueta reflecteixi fidelment la passi\u00f3 i l&#8217;esfor\u00e7 invertits des del camp de vinya fins al celler.<\/p>\n<p>Estem compromesos amb l&#8217;excel\u00b7l\u00e8ncia, utilitzant les t\u00e8cniques d&#8217;impressi\u00f3 m\u00e9s innovadores i una \u00e0mplia gamma d&#8217;acabats especials per crear etiquetes que atreguin la mirada i delectin el tacte. Tant si l&#8217;objectiu \u00e9s transmetre les riques matisos d&#8217;un vi negre com la frescor d&#8217;un vi blanc lleuger, la nostra feina consisteix a potenciar la presentaci\u00f3 del vi a trav\u00e9s de l&#8217;etiqueta, assegurant que cada ampolla destaqui a la prestatgeria i en la mem\u00f2ria.[\/vc_column_text][\/vc_column][vc_column width=\u00bb1\/2&#8243;][vc_single_image image=\u00bb7615&#8243; img_size=\u00bbfull\u00bb][\/vc_column][\/vc_row][vc_row gap=\u00bb20&#8243;][vc_column width=\u00bb1\/2&#8243;][vc_column_text css=\u00bb.vc_custom_1788179588053{padding-right: 2em !important;}\u00bb el_class=\u00bbhg-text-intro\u00bb]<\/p>\n<h2 style=\"margin-bottom: 1em;\">Un vi de qualitat es<br \/>\nreflecteix en l&#8217;etiqueta<\/h2>\n<p style=\"line-height: 1.4;\">La relaci\u00f3 entre un vi i l&#8217;etiqueta de la seva ampolla \u00e9s tan profunda com la que hi ha entre l&#8217;obra d&#8217;un artista i el seu llen\u00e7. Una etiqueta no \u00e9s nom\u00e9s un mitj\u00e0 per transmetre la marca o el contingut alcoh\u00f2lic; \u00e9s una extensi\u00f3 de la qualitat i del car\u00e0cter del vi que cont\u00e9. Una etiqueta ben dissenyada parla molt abans de treure el suro, prometent una experi\u00e8ncia que est\u00e0 a l&#8217;altura de la qualitat continguda a l&#8217;ampolla. En aquest sentit, l&#8217;etiqueta actua com l&#8217;ambaixador m\u00e9s fiable del vi, convidant entusiastes i entesos a descobrir els sabors i aromes que els esperen a l&#8217;interior.<\/p>\n<p>[\/vc_column_text][\/vc_column][vc_column width=\u00bb1\/2&#8243;][vc_column_text]<\/p>\n<h3>Assessorament personalitzat sobre la impressi\u00f3 d&#8217;etiquetes de vi<\/h3>\n<p>Al cor de cada etiqueta excepcional hi ha una fusi\u00f3 de creativitat i personalitzaci\u00f3, elements que Grupo Argraf prioritza per assegurar que el vostre vi no nom\u00e9s destaqui, sin\u00f3 que tamb\u00e9 transmeti de manera efectiva la seva hist\u00f2ria \u00fanica. El nostre enfocament en el disseny d&#8217;etiquetes de vi se centra a obtenir una comprensi\u00f3 profunda de l&#8217;ess\u00e8ncia de la vostra marca i del car\u00e0cter distintiu de cada vi, cosa que ens permet crear dissenys que connectin amb el vostre p\u00fablic objectiu i millorin la percepci\u00f3 de qualitat.<\/p>\n<h4>Assessorament expert en cada pas del cam\u00ed<\/h4>\n<p>Oferim assessorament especialitzat en tots els aspectes de la producci\u00f3 d&#8217;etiquetes. Aix\u00f2 inclou la selecci\u00f3 del paper adequat, les t\u00e8cniques d&#8217;impressi\u00f3 m\u00e9s efectives i els acabats que millor complementen l&#8217;est\u00e8tica desitjada. Entenem que la fabricaci\u00f3 d&#8217;una etiqueta \u00e9s tan important com el seu disseny; per aix\u00f2 us guiem entre les opcions pel que fa a la sostenibilitat, la durabilitat i el cost.<\/p>\n<h4>Un proc\u00e9s col\u00b7laboratiu<\/h4>\n<p>Creiem fermament que la col\u00b7laboraci\u00f3 \u00e9s la clau de l&#8217;\u00e8xit. Al llarg de tot el proc\u00e9s, des de la conceptualitzaci\u00f3 fins a la producci\u00f3 final, mantenim una comunicaci\u00f3 oberta i constant amb els nostres clients. Aquesta col\u00b7laboraci\u00f3 garanteix que el disseny final no nom\u00e9s compleixi, sin\u00f3 que superi les expectatives, capturant l&#8217;ess\u00e8ncia del vostre vi d&#8217;una manera que es tradueixi en una experi\u00e8ncia memorable per al consumidor.[\/vc_column_text][\/vc_column][\/vc_row][vc_row][vc_column][vc_separator border_width=\u00bb3&#8243;][\/vc_column][\/vc_row][vc_row][vc_column]<div class=\"dt-shortcode with-isotope\"><div class=\"filter iso-filter extras-off\"><div class=\"filter-categories\" data-default-order=\"desc\" data-default-orderby=\"date\"><a href=\"https:\/\/www.grupoargraf.com\/ca\/etiquetas\/etiquetes-de-vi\/\" class=\"show-all act\" data-filter=\"*\" aria-label=\"Apply filter: View all\">View all<\/a><a href=\"https:\/\/www.grupoargraf.com\/ca\/etiquetas\/etiquetes-de-vi\/?term=343\" class=\"estampacio-ca\" data-filter=\".category-343\" aria-label=\"Apply filter: Estampaci\u00f3\">Estampaci\u00f3<\/a><a href=\"https:\/\/www.grupoargraf.com\/ca\/etiquetas\/etiquetes-de-vi\/?term=275\" class=\"quadricromia\" data-filter=\".category-275\" aria-label=\"Apply filter: Quadricromia\">Quadricromia<\/a><a href=\"https:\/\/www.grupoargraf.com\/ca\/etiquetas\/etiquetes-de-vi\/?term=280\" class=\"relleu\" data-filter=\".category-280\" aria-label=\"Apply filter: Relleu\">Relleu<\/a><a href=\"https:\/\/www.grupoargraf.com\/ca\/etiquetas\/etiquetes-de-vi\/?term=281\" class=\"relleu-clavat\" data-filter=\".category-281\" aria-label=\"Apply filter: Relleu clavat\">Relleu clavat<\/a><a href=\"https:\/\/www.grupoargraf.com\/ca\/etiquetas\/etiquetes-de-vi\/?term=282\" class=\"relleu-invers\" data-filter=\".category-282\" aria-label=\"Apply filter: Relleu invers\">Relleu invers<\/a><a href=\"https:\/\/www.grupoargraf.com\/ca\/etiquetas\/etiquetes-de-vi\/?term=283\" class=\"relleu-mecanitzat\" data-filter=\".category-283\" aria-label=\"Apply filter: Relleu mecanitzat\">Relleu mecanitzat<\/a><a href=\"https:\/\/www.grupoargraf.com\/ca\/etiquetas\/etiquetes-de-vi\/?term=284\" class=\"relleu-serigrafiat\" data-filter=\".category-284\" aria-label=\"Apply filter: Relleu serigrafiat\">Relleu serigrafiat<\/a><a href=\"https:\/\/www.grupoargraf.com\/ca\/etiquetas\/etiquetes-de-vi\/?term=285\" class=\"serigrafia-ca\" data-filter=\".category-285\" aria-label=\"Apply filter: Serigrafia\">Serigrafia<\/a><\/div><\/div><div class=\"wf-container dt-portfolio-shortcode jgrid-shortcode loading-effect-none iso-grid jg-container description-on-hover hover-style-two hover-fade content-align-centre\" data-padding=\"10px\" data-cur-page=\"1\" data-posts-per-page=\"-1\" data-target-height=\"387px\">\n<div class=\"wf-cell category-273 category-280\" data-post-id=\"9170\" data-date=\"2025-09-10T09:48:44+02:00\" data-name=\"Perelada Stars Cava\">\n<article class=\"post post-9170 dt_portfolio type-dt_portfolio status-publish has-post-thumbnail hentry dt_portfolio_category-alimentacio dt_portfolio_category-relleu dt_portfolio_category-273 dt_portfolio_category-280 text-centered\">\n\n\t<figure class=\"rollover-project forward-post\">\n\t<a href=\"https:\/\/www.grupoargraf.com\/ca\/projecte\/perelada-stars-cava\/\" class=\"rollover layzr-bg\" title=\"Etiqueta de aceite de oliva Picual\"  aria-label=\"Post image\"><img fetchpriority=\"high\" decoding=\"async\" class=\"preload-me jgrid-lazy-load aspect\" src=\"data:image\/svg+xml,%3Csvg%20xmlns%3D&#39;http%3A%2F%2Fwww.w3.org%2F2000%2Fsvg&#39;%20viewBox%3D&#39;0%200%20503%20503&#39;%2F%3E\" data-src=\"https:\/\/www.grupoargraf.com\/wp-content\/uploads\/2025\/09\/picual-aceite-oliva-503x503.jpg\" data-srcset=\"https:\/\/www.grupoargraf.com\/wp-content\/uploads\/2025\/09\/picual-aceite-oliva-503x503.jpg 503w, https:\/\/www.grupoargraf.com\/wp-content\/uploads\/2025\/09\/picual-aceite-oliva-900x900.jpg 900w\" loading=\"eager\" style=\"--ratio: 503 \/ 503\" sizes=\"(max-width: 503px) 100vw, 503px\" alt=\"Etiqueta de aceite de oliva Picual\" width=\"503\" height=\"503\"  \/><\/a>\t<\/figure>\n<\/article>\n\n<\/div>\n<div class=\"wf-cell category-343 category-280 category-285\" data-post-id=\"8789\" data-date=\"2025-07-03T13:41:11+02:00\" data-name=\"Javier Sanz Viticultor\">\n<article class=\"post post-8789 dt_portfolio type-dt_portfolio status-publish has-post-thumbnail hentry dt_portfolio_category-estampacio-ca dt_portfolio_category-relleu dt_portfolio_category-serigrafia-ca dt_portfolio_category-343 dt_portfolio_category-280 dt_portfolio_category-285 text-centered\">\n\n\t<figure class=\"rollover-project forward-post\">\n\t<a href=\"https:\/\/www.grupoargraf.com\/ca\/projecte\/etiqueta-javier-sanz-viticultor\/\" class=\"rollover layzr-bg\" title=\"etiqueta-javier-sanz-3\"  aria-label=\"Post image\"><img decoding=\"async\" class=\"preload-me jgrid-lazy-load aspect\" src=\"data:image\/svg+xml,%3Csvg%20xmlns%3D&#39;http%3A%2F%2Fwww.w3.org%2F2000%2Fsvg&#39;%20viewBox%3D&#39;0%200%20503%20503&#39;%2F%3E\" data-src=\"https:\/\/www.grupoargraf.com\/wp-content\/uploads\/2025\/07\/etiqueta-javier-sanz-3-503x503.jpg\" data-srcset=\"https:\/\/www.grupoargraf.com\/wp-content\/uploads\/2025\/07\/etiqueta-javier-sanz-3-503x503.jpg 503w, https:\/\/www.grupoargraf.com\/wp-content\/uploads\/2025\/07\/etiqueta-javier-sanz-3-640x640.jpg 640w\" loading=\"eager\" style=\"--ratio: 503 \/ 503\" sizes=\"(max-width: 503px) 100vw, 503px\" alt=\"Etiqueta vino Javier Sanz\" width=\"503\" height=\"503\"  \/><\/a>\t<\/figure>\n<\/article>\n\n<\/div>\n<div class=\"wf-cell category-282 category-284 category-285 category-347\" data-post-id=\"9077\" data-date=\"2025-08-25T15:37:59+02:00\" data-name=\"Bidai Berri de Vi\u00f1a Zorzal\">\n<article class=\"post post-9077 dt_portfolio type-dt_portfolio status-publish has-post-thumbnail hentry dt_portfolio_category-relleu-invers dt_portfolio_category-relleu-serigrafiat dt_portfolio_category-serigrafia-ca dt_portfolio_category-vernis-serigrafic dt_portfolio_category-282 dt_portfolio_category-284 dt_portfolio_category-285 dt_portfolio_category-347 text-centered\">\n\n\t<figure class=\"rollover-project forward-post\">\n\t<a href=\"https:\/\/www.grupoargraf.com\/ca\/projecte\/bidai-berri-de-vina-zorzal\/\" class=\"rollover layzr-bg\" title=\"Bidai Berri de Vi\u00f1a Zorzal\"  aria-label=\"Post image\"><img decoding=\"async\" class=\"preload-me jgrid-lazy-load aspect\" src=\"data:image\/svg+xml,%3Csvg%20xmlns%3D&#39;http%3A%2F%2Fwww.w3.org%2F2000%2Fsvg&#39;%20viewBox%3D&#39;0%200%20503%20503&#39;%2F%3E\" data-src=\"https:\/\/www.grupoargraf.com\/wp-content\/uploads\/2025\/08\/Bidai-Berri-de-Vina-Zorzal-503x503.png\" data-srcset=\"https:\/\/www.grupoargraf.com\/wp-content\/uploads\/2025\/08\/Bidai-Berri-de-Vina-Zorzal-503x503.png 503w, https:\/\/www.grupoargraf.com\/wp-content\/uploads\/2025\/08\/Bidai-Berri-de-Vina-Zorzal-1006x1006.png 1006w\" loading=\"eager\" style=\"--ratio: 503 \/ 503\" sizes=\"(max-width: 503px) 100vw, 503px\" alt=\"\" width=\"503\" height=\"503\"  \/><\/a>\t<\/figure>\n<\/article>\n\n<\/div>\n<div class=\"wf-cell category-343 category-280\" data-post-id=\"8791\" data-date=\"2025-07-03T13:43:57+02:00\" data-name=\"Gran Marius\">\n<article class=\"post post-8791 dt_portfolio type-dt_portfolio status-publish has-post-thumbnail hentry dt_portfolio_category-estampacio-ca dt_portfolio_category-relleu dt_portfolio_category-343 dt_portfolio_category-280 text-centered\">\n\n\t<figure class=\"rollover-project forward-post\">\n\t<a href=\"https:\/\/www.grupoargraf.com\/ca\/projecte\/etiqueta-gran-marius\/\" class=\"rollover layzr-bg\" title=\"etiqueta-gran-marius-2\"  aria-label=\"Post image\"><img decoding=\"async\" class=\"preload-me jgrid-lazy-load aspect\" src=\"data:image\/svg+xml,%3Csvg%20xmlns%3D&#39;http%3A%2F%2Fwww.w3.org%2F2000%2Fsvg&#39;%20viewBox%3D&#39;0%200%20503%20503&#39;%2F%3E\" data-src=\"https:\/\/www.grupoargraf.com\/wp-content\/uploads\/2025\/07\/etiqueta-gran-marius-2-503x503.jpg\" data-srcset=\"https:\/\/www.grupoargraf.com\/wp-content\/uploads\/2025\/07\/etiqueta-gran-marius-2-503x503.jpg 503w, https:\/\/www.grupoargraf.com\/wp-content\/uploads\/2025\/07\/etiqueta-gran-marius-2-1006x1006.jpg 1006w\" loading=\"eager\" style=\"--ratio: 503 \/ 503\" sizes=\"(max-width: 503px) 100vw, 503px\" alt=\"Etiqueta vino reserva Gran Marius\" width=\"503\" height=\"503\"  \/><\/a>\t<\/figure>\n<\/article>\n\n<\/div>\n<div class=\"wf-cell category-343 category-285\" data-post-id=\"8793\" data-date=\"2025-07-03T13:45:14+02:00\" data-name=\"La Cova Negra\">\n<article class=\"post post-8793 dt_portfolio type-dt_portfolio status-publish has-post-thumbnail hentry dt_portfolio_category-estampacio-ca dt_portfolio_category-serigrafia-ca dt_portfolio_category-343 dt_portfolio_category-285 text-centered\">\n\n\t<figure class=\"rollover-project forward-post\">\n\t<a href=\"https:\/\/www.grupoargraf.com\/ca\/projecte\/etiqueta-la-cova-negra\/\" class=\"rollover layzr-bg\" title=\"etiqueta-la-cova-negra\"  aria-label=\"Post image\"><img decoding=\"async\" class=\"preload-me jgrid-lazy-load aspect\" src=\"data:image\/svg+xml,%3Csvg%20xmlns%3D&#39;http%3A%2F%2Fwww.w3.org%2F2000%2Fsvg&#39;%20viewBox%3D&#39;0%200%20503%20503&#39;%2F%3E\" data-src=\"https:\/\/www.grupoargraf.com\/wp-content\/uploads\/2025\/07\/etiqueta-la-cova-negra-503x503.jpg\" data-srcset=\"https:\/\/www.grupoargraf.com\/wp-content\/uploads\/2025\/07\/etiqueta-la-cova-negra-503x503.jpg 503w, https:\/\/www.grupoargraf.com\/wp-content\/uploads\/2025\/07\/etiqueta-la-cova-negra-1006x1006.jpg 1006w\" loading=\"eager\" style=\"--ratio: 503 \/ 503\" sizes=\"(max-width: 503px) 100vw, 503px\" alt=\"Etiqueta vino La Cova Negra\" width=\"503\" height=\"503\"  \/><\/a>\t<\/figure>\n<\/article>\n\n<\/div>\n<div class=\"wf-cell category-343 category-275 category-281\" data-post-id=\"8795\" data-date=\"2025-07-03T13:46:15+02:00\" data-name=\"Lecciones de Vuelo\">\n<article class=\"post post-8795 dt_portfolio type-dt_portfolio status-publish has-post-thumbnail hentry dt_portfolio_category-estampacio-ca dt_portfolio_category-quadricromia dt_portfolio_category-relleu-clavat dt_portfolio_category-343 dt_portfolio_category-275 dt_portfolio_category-281 text-centered\">\n\n\t<figure class=\"rollover-project forward-post\">\n\t<a href=\"https:\/\/www.grupoargraf.com\/ca\/projecte\/etiqueta-lecciones-de-vuelo\/\" class=\"rollover layzr-bg\" title=\"etiqueta-lecciones-de-vuelo\"  aria-label=\"Post image\"><img decoding=\"async\" class=\"preload-me jgrid-lazy-load aspect\" src=\"data:image\/svg+xml,%3Csvg%20xmlns%3D&#39;http%3A%2F%2Fwww.w3.org%2F2000%2Fsvg&#39;%20viewBox%3D&#39;0%200%20503%20503&#39;%2F%3E\" data-src=\"https:\/\/www.grupoargraf.com\/wp-content\/uploads\/2025\/07\/etiqueta-lecciones-de-vuelo-503x503.jpg\" data-srcset=\"https:\/\/www.grupoargraf.com\/wp-content\/uploads\/2025\/07\/etiqueta-lecciones-de-vuelo-503x503.jpg 503w, https:\/\/www.grupoargraf.com\/wp-content\/uploads\/2025\/07\/etiqueta-lecciones-de-vuelo-1006x1006.jpg 1006w\" loading=\"eager\" style=\"--ratio: 503 \/ 503\" sizes=\"(max-width: 503px) 100vw, 503px\" alt=\"Etiqueta vino Lecciones de Vuelo\" width=\"503\" height=\"503\"  \/><\/a>\t<\/figure>\n<\/article>\n\n<\/div>\n<div class=\"wf-cell category-343 category-280 category-285\" data-post-id=\"8797\" data-date=\"2025-07-03T13:47:08+02:00\" data-name=\"De Post\u00edn\">\n<article class=\"post post-8797 dt_portfolio type-dt_portfolio status-publish has-post-thumbnail hentry dt_portfolio_category-estampacio-ca dt_portfolio_category-relleu dt_portfolio_category-serigrafia-ca dt_portfolio_category-343 dt_portfolio_category-280 dt_portfolio_category-285 text-centered\">\n\n\t<figure class=\"rollover-project forward-post\">\n\t<a href=\"https:\/\/www.grupoargraf.com\/ca\/projecte\/etiqueta-de-postin\/\" class=\"rollover layzr-bg\" title=\"etiqueta-de-postin\"  aria-label=\"Post image\"><img decoding=\"async\" class=\"preload-me jgrid-lazy-load aspect\" src=\"data:image\/svg+xml,%3Csvg%20xmlns%3D&#39;http%3A%2F%2Fwww.w3.org%2F2000%2Fsvg&#39;%20viewBox%3D&#39;0%200%20503%20503&#39;%2F%3E\" data-src=\"https:\/\/www.grupoargraf.com\/wp-content\/uploads\/2025\/07\/etiqueta-de-postin-503x503.jpg\" data-srcset=\"https:\/\/www.grupoargraf.com\/wp-content\/uploads\/2025\/07\/etiqueta-de-postin-503x503.jpg 503w, https:\/\/www.grupoargraf.com\/wp-content\/uploads\/2025\/07\/etiqueta-de-postin-1006x1006.jpg 1006w\" loading=\"eager\" style=\"--ratio: 503 \/ 503\" sizes=\"(max-width: 503px) 100vw, 503px\" alt=\"Etiqueta de vino De Post\u00edn\" width=\"503\" height=\"503\"  \/><\/a>\t<\/figure>\n<\/article>\n\n<\/div>\n<div class=\"wf-cell category-343 category-285\" data-post-id=\"8799\" data-date=\"2025-07-03T13:48:04+02:00\" data-name=\"Imperial Reserva\">\n<article class=\"post post-8799 dt_portfolio type-dt_portfolio status-publish has-post-thumbnail hentry dt_portfolio_category-estampacio-ca dt_portfolio_category-serigrafia-ca dt_portfolio_category-343 dt_portfolio_category-285 text-centered\">\n\n\t<figure class=\"rollover-project forward-post\">\n\t<a href=\"https:\/\/www.grupoargraf.com\/ca\/projecte\/etiqueta-imperial-reserva\/\" class=\"rollover layzr-bg\" title=\"imperial-reserva\"  aria-label=\"Post image\"><img decoding=\"async\" class=\"preload-me jgrid-lazy-load aspect\" src=\"data:image\/svg+xml,%3Csvg%20xmlns%3D&#39;http%3A%2F%2Fwww.w3.org%2F2000%2Fsvg&#39;%20viewBox%3D&#39;0%200%20503%20503&#39;%2F%3E\" data-src=\"https:\/\/www.grupoargraf.com\/wp-content\/uploads\/2025\/07\/imperial-reserva-503x503.jpg\" data-srcset=\"https:\/\/www.grupoargraf.com\/wp-content\/uploads\/2025\/07\/imperial-reserva-503x503.jpg 503w, https:\/\/www.grupoargraf.com\/wp-content\/uploads\/2025\/07\/imperial-reserva-640x640.jpg 640w\" loading=\"eager\" style=\"--ratio: 503 \/ 503\" sizes=\"(max-width: 503px) 100vw, 503px\" alt=\"Etiqueta vino Imperial Reserva de CVNE\" width=\"503\" height=\"503\"  \/><\/a>\t<\/figure>\n<\/article>\n\n<\/div>\n<div class=\"wf-cell category-343 category-280\" data-post-id=\"8801\" data-date=\"2025-07-03T13:49:11+02:00\" data-name=\"Golerga\">\n<article class=\"post post-8801 dt_portfolio type-dt_portfolio status-publish has-post-thumbnail hentry dt_portfolio_category-estampacio-ca dt_portfolio_category-relleu dt_portfolio_category-343 dt_portfolio_category-280 text-centered\">\n\n\t<figure class=\"rollover-project forward-post\">\n\t<a href=\"https:\/\/www.grupoargraf.com\/ca\/projecte\/etiqueta-golerga\/\" class=\"rollover layzr-bg\" title=\"golerga1\"  aria-label=\"Post image\"><img decoding=\"async\" class=\"preload-me jgrid-lazy-load aspect\" src=\"data:image\/svg+xml,%3Csvg%20xmlns%3D&#39;http%3A%2F%2Fwww.w3.org%2F2000%2Fsvg&#39;%20viewBox%3D&#39;0%200%20503%20503&#39;%2F%3E\" data-src=\"https:\/\/www.grupoargraf.com\/wp-content\/uploads\/2025\/07\/golerga1-503x503.jpg\" data-srcset=\"https:\/\/www.grupoargraf.com\/wp-content\/uploads\/2025\/07\/golerga1-503x503.jpg 503w, https:\/\/www.grupoargraf.com\/wp-content\/uploads\/2025\/07\/golerga1-1006x1006.jpg 1006w\" loading=\"eager\" style=\"--ratio: 503 \/ 503\" sizes=\"(max-width: 503px) 100vw, 503px\" alt=\"Etiqueta Vino Golerga\" width=\"503\" height=\"503\"  \/><\/a>\t<\/figure>\n<\/article>\n\n<\/div>\n<div class=\"wf-cell category-343 category-285\" data-post-id=\"8804\" data-date=\"2025-07-03T13:55:27+02:00\" data-name=\"Cuatro del Cuatro\">\n<article class=\"post post-8804 dt_portfolio type-dt_portfolio status-publish has-post-thumbnail hentry dt_portfolio_category-estampacio-ca dt_portfolio_category-serigrafia-ca dt_portfolio_category-343 dt_portfolio_category-285 text-centered\">\n\n\t<figure class=\"rollover-project forward-post\">\n\t<a href=\"https:\/\/www.grupoargraf.com\/ca\/projecte\/etiqueta-cuatro-del-cuatro\/\" class=\"rollover layzr-bg\" title=\"cuatro-del-cuatro\"  aria-label=\"Post image\"><img decoding=\"async\" class=\"preload-me jgrid-lazy-load aspect\" src=\"data:image\/svg+xml,%3Csvg%20xmlns%3D&#39;http%3A%2F%2Fwww.w3.org%2F2000%2Fsvg&#39;%20viewBox%3D&#39;0%200%20503%20503&#39;%2F%3E\" data-src=\"https:\/\/www.grupoargraf.com\/wp-content\/uploads\/2025\/07\/cuatro-del-cuatro-503x503.jpg\" data-srcset=\"https:\/\/www.grupoargraf.com\/wp-content\/uploads\/2025\/07\/cuatro-del-cuatro-503x503.jpg 503w, https:\/\/www.grupoargraf.com\/wp-content\/uploads\/2025\/07\/cuatro-del-cuatro-1006x1006.jpg 1006w\" loading=\"eager\" style=\"--ratio: 503 \/ 503\" sizes=\"(max-width: 503px) 100vw, 503px\" alt=\"Etiqueta Vino Cuatro del Cuatro\" width=\"503\" height=\"503\"  \/><\/a>\t<\/figure>\n<\/article>\n\n<\/div>\n<div class=\"wf-cell category-343 category-283\" data-post-id=\"8806\" data-date=\"2025-07-03T13:58:06+02:00\" data-name=\"Marqu\u00e9s de Murrieta Reserva\">\n<article class=\"post post-8806 dt_portfolio type-dt_portfolio status-publish has-post-thumbnail hentry dt_portfolio_category-estampacio-ca dt_portfolio_category-relleu-mecanitzat dt_portfolio_category-343 dt_portfolio_category-283 text-centered\">\n\n\t<figure class=\"rollover-project forward-post\">\n\t<a href=\"https:\/\/www.grupoargraf.com\/ca\/projecte\/etiqueta-marques-murrieta-reserva\/\" class=\"rollover layzr-bg\" title=\"mmr1\"  aria-label=\"Post image\"><img decoding=\"async\" class=\"preload-me jgrid-lazy-load aspect\" src=\"data:image\/svg+xml,%3Csvg%20xmlns%3D&#39;http%3A%2F%2Fwww.w3.org%2F2000%2Fsvg&#39;%20viewBox%3D&#39;0%200%20503%20503&#39;%2F%3E\" data-src=\"https:\/\/www.grupoargraf.com\/wp-content\/uploads\/2025\/07\/mmr1-503x503.jpg\" data-srcset=\"https:\/\/www.grupoargraf.com\/wp-content\/uploads\/2025\/07\/mmr1-503x503.jpg 503w, https:\/\/www.grupoargraf.com\/wp-content\/uploads\/2025\/07\/mmr1-750x750.jpg 750w\" loading=\"eager\" style=\"--ratio: 503 \/ 503\" sizes=\"(max-width: 503px) 100vw, 503px\" alt=\"Etiqueta de botella de vino Marqu\u00e9s de Murrieta 2020\" width=\"503\" height=\"503\"  \/><\/a>\t<\/figure>\n<\/article>\n\n<\/div>\n<div class=\"wf-cell category-280\" data-post-id=\"8808\" data-date=\"2025-07-03T13:59:11+02:00\" data-name=\"P\u00e1mpano\">\n<article class=\"post post-8808 dt_portfolio type-dt_portfolio status-publish has-post-thumbnail hentry dt_portfolio_category-relleu dt_portfolio_category-280 text-centered\">\n\n\t<figure class=\"rollover-project forward-post\">\n\t<a href=\"https:\/\/www.grupoargraf.com\/ca\/projecte\/pampano\/\" class=\"rollover layzr-bg\" title=\"pampano\"  aria-label=\"Post image\"><img decoding=\"async\" class=\"preload-me jgrid-lazy-load aspect\" src=\"data:image\/svg+xml,%3Csvg%20xmlns%3D&#39;http%3A%2F%2Fwww.w3.org%2F2000%2Fsvg&#39;%20viewBox%3D&#39;0%200%20503%20503&#39;%2F%3E\" data-src=\"https:\/\/www.grupoargraf.com\/wp-content\/uploads\/2025\/07\/pampano-503x503.jpg\" data-srcset=\"https:\/\/www.grupoargraf.com\/wp-content\/uploads\/2025\/07\/pampano-503x503.jpg 503w, https:\/\/www.grupoargraf.com\/wp-content\/uploads\/2025\/07\/pampano-1006x1006.jpg 1006w\" loading=\"eager\" style=\"--ratio: 503 \/ 503\" sizes=\"(max-width: 503px) 100vw, 503px\" alt=\"Etiqueta botella de vino P\u00e1mpano\" width=\"503\" height=\"503\"  \/><\/a>\t<\/figure>\n<\/article>\n\n<\/div><\/div><\/div>[\/vc_column][\/vc_row][vc_row][vc_column][vc_separator border_width=\u00bb3&#8243;][\/vc_column][\/vc_row][vc_row][vc_column][vc_column_text]<\/p>\n<div class=\"dos-columnas\">Etiquetes per a vi amb vern\u00eds selectiu<br \/>\nEtiquetes per a vi amb quadricromia<br \/>\n<a href=\"#\">Etiquetes per a vi amb glitter<\/a><br \/>\n<a href=\"#\">Etiquetes per a vi amb cop sec<\/a><br \/>\n<a href=\"#\">Etiquetes per a vi amb impressi\u00f3 \u00f2fset<\/a><br \/>\n<a href=\"#\">Etiquetes per a vi amb relleu<\/a><br \/>\n<a href=\"#\">Etiquetes per a vi amb relleu clavat<\/a><br \/>\n<a href=\"#\">Etiquetes per a vi amb relleu invers<\/a><br \/>\n<a href=\"#\">Etiquetes per a vi amb relleu mecanitzat<\/a><br \/>\n<a href=\"#\">Etiquetes per a vi amb relleu serigr\u00e0fic<\/a><br \/>\n<a href=\"#\">Etiquetes per a vi amb serigrafia<\/a><br \/>\n<a href=\"#\">Etiquetes per a vi amb estampaci\u00f3<\/a><br \/>\n<a href=\"#\">Etiquetes per a vi amb estampaci\u00f3 hologr\u00e0fica<\/a><br \/>\n<a href=\"#\">Etiquetes per a vi amb troquelat personalitzat<\/a><br \/>\n<a href=\"#\">Etiquetes per a vi plastificades<\/a><\/div>\n<p>[\/vc_column_text][\/vc_column][\/vc_row]<\/p>\n<\/div>","protected":false},"featured_media":0,"parent":0,"menu_order":0,"template":"","meta":{"_acf_changed":false},"yst_prominent_words":[],"class_list":["post-9806","etiqueta","type-etiqueta","status-publish","hentry","description-off"],"acf":[],"_links":{"self":[{"href":"https:\/\/www.grupoargraf.com\/ca\/wp-json\/wp\/v2\/etiqueta\/9806","targetHints":{"allow":["GET"]}}],"collection":[{"href":"https:\/\/www.grupoargraf.com\/ca\/wp-json\/wp\/v2\/etiqueta"}],"about":[{"href":"https:\/\/www.grupoargraf.com\/ca\/wp-json\/wp\/v2\/types\/etiqueta"}],"wp:attachment":[{"href":"https:\/\/www.grupoargraf.com\/ca\/wp-json\/wp\/v2\/media?parent=9806"}],"wp:term":[{"taxonomy":"yst_prominent_words","embeddable":true,"href":"https:\/\/www.grupoargraf.com\/ca\/wp-json\/wp\/v2\/yst_prominent_words?post=9806"}],"curies":[{"name":"wp","href":"https:\/\/api.w.org\/{rel}","templated":true}]}}